{"id":16,"date":"2026-02-15T21:36:18","date_gmt":"2026-02-15T20:36:18","guid":{"rendered":"https:\/\/lightblue-gaur-229646.hostingersite.com\/?page_id=16"},"modified":"2026-04-18T12:38:00","modified_gmt":"2026-04-18T10:38:00","slug":"portada","status":"publish","type":"page","link":"https:\/\/asertivia.com\/","title":{"rendered":"PORTADA"},"content":{"rendered":"\n<div style=\"height:10px\" aria-hidden=\"true\" class=\"wp-block-spacer\"><\/div>\n\n\n\n<div class=\"wp-block-columns is-layout-flex wp-container-core-columns-is-layout-9d6595d7 wp-block-columns-is-layout-flex\">\n<div class=\"wp-block-column is-layout-flow wp-block-column-is-layout-flow\" style=\"flex-basis:50%\"><\/div>\n<\/div>\n\n\n\n<img loading=\"lazy\" decoding=\"async\" width=\"768\" height=\"512\" class=\"gb-media-274b09b0\" alt=\"\" title=\"asertivia_negro_limpio\" src=\"https:\/\/lightblue-gaur-229646.hostingersite.com\/wp-content\/uploads\/2026\/03\/asertivia_negro_limpio-768x512.png\" srcset=\"https:\/\/asertivia.com\/wp-content\/uploads\/2026\/03\/asertivia_negro_limpio-768x512.png 768w, https:\/\/asertivia.com\/wp-content\/uploads\/2026\/03\/asertivia_negro_limpio-600x400.png 600w, https:\/\/asertivia.com\/wp-content\/uploads\/2026\/03\/asertivia_negro_limpio-1350x900.png 1350w, https:\/\/asertivia.com\/wp-content\/uploads\/2026\/03\/asertivia_negro_limpio.png 1536w\" sizes=\"auto, (max-width: 768px) 100vw, 768px\" \/>\n\n\n\n<div class=\"wp-block-columns are-vertically-aligned-center is-layout-flex wp-container-core-columns-is-layout-9d6595d7 wp-block-columns-is-layout-flex\">\n<div class=\"wp-block-column is-vertically-aligned-center is-layout-flow wp-block-column-is-layout-flow\" style=\"flex-basis:100%\">\n<h2 class=\"gb-text gb-text-85a0fd2f\"><em>\u00ab<strong>Una mirada diferente sobre la realidad que vivimos<\/strong>\u00ab<\/em><\/h2>\n\n\n\n<h2 class=\"gb-text gb-text-70c20df3\"><em>Somos un espacio editorial independiente que no pretende analizar la actualidad informativa. Pretende divulgar, entretener, promover y difundir contenidos eminentemente culturales y distintos a los ya editados. Otras perspectivas: sociedad, trabajo, viajes y pensamiento. Creamos contenido para quienes buscan entender, cuestionar y formarse una opini\u00f3n propia.<\/em><\/h2>\n\n\n\n<h2 class=\"gb-text gb-text-16291a73\"><strong><em>Informaci\u00f3n, reflexi\u00f3n y criterio en un entorno saturado de ruido..<\/em><\/strong><\/h2>\n<\/div>\n<\/div>\n\n\n\n<h2 class=\"gb-text gb-text-a0b9a814\"><em>Entendemos que la plena independencia editorial, en muchos casos, no existe. Los medios suelen responder a l\u00edneas informativas y criterios que, con frecuencia, dejan en segundo plano los principios deontol\u00f3gicos cuando lo material se impone.<\/em><\/h2>\n\n\n\n<h2 class=\"gb-text gb-text-62a0c4bb\"><em>Asertivia se plantea como un espacio orientado al entretenimiento, la cultura y la difusi\u00f3n de contenido de car\u00e1cter global. Un lugar donde disfrutar, descubrir y aprender sin ruido, sin prisas y sin la presi\u00f3n de la actualidad inmediata.<\/em><\/h2>\n\n\n\n<h2 class=\"gb-text gb-text-c3e08c77\"><em>Este proyecto comienza como una primera avanzadilla de lo que queremos construir. Poco a poco iremos incorporando nuevas \u00e1reas como el contenido multimedia, la formaci\u00f3n y otras formas de ocio.<\/em><\/h2>\n\n\n\n<h2 class=\"gb-text gb-text-8f38e65e\"><em>Nuestro camino lo marcar\u00e1n nuestros lectores. Empezamos sin ataduras, sin publicidad y sin colaboradores. El camino est\u00e1 por descubrir.<\/em><\/h2>\n\n\n<div class=\"fnp-ticker fnp-ticker--scroll \" data-speed=\"38\" data-auto=\"1\" data-style=\"scroll\"><div class=\"fnp-ticker__label\">ACCESO RAPIDO<\/div><div class=\"fnp-ticker__track\"><div class=\"fnp-ticker__items\"><a class=\"fnp-ticker__item\" href=\"https:\/\/asertivia.com\/index.php\/textos_sagrados\/demonologia-cristiana-medieval\/\">Demonolog\u00eda cristiana medieval<\/a><a class=\"fnp-ticker__item\" href=\"https:\/\/asertivia.com\/index.php\/textos_sagrados\/daniel-sabio-en-la-corte-extranjera\/\">Daniel: sabio en la corte extranjera<\/a><a class=\"fnp-ticker__item\" href=\"https:\/\/asertivia.com\/index.php\/textos_sagrados\/libros-revolucionarios-obras-que-impulsaron-cambios-politicos-reales\/\">Libros revolucionarios, obras que impulsaron cambios pol\u00edticos reales<\/a><a class=\"fnp-ticker__item\" href=\"https:\/\/asertivia.com\/index.php\/textos_sagrados\/didache-el-manual-cristiano-mas-antiguo-conservado\/\">Didach\u00e9, el manual cristiano m\u00e1s antiguo conservado<\/a><a class=\"fnp-ticker__item\" href=\"https:\/\/asertivia.com\/index.php\/textos_sagrados\/biblia-checa-de-kralice-la-gran-traduccion-husita-al-idioma-checo\/\">Biblia checa de Kralice, la gran traducci\u00f3n husita al idioma checo<\/a><a class=\"fnp-ticker__item\" href=\"https:\/\/asertivia.com\/index.php\/textos_sagrados\/tripitaka-pali-en-hojas-de-palma\/\">Tripitaka pali en hojas de palma<\/a><a class=\"fnp-ticker__item\" href=\"https:\/\/asertivia.com\/index.php\/textos_sagrados\/el-calendario-confuciano-y-la-organizacion-ritual-del-tiempo-en-la-tradicion-china\/\">El calendario confuciano y la organizaci\u00f3n ritual del tiempo en la tradici\u00f3n china<\/a><a class=\"fnp-ticker__item\" href=\"https:\/\/asertivia.com\/index.php\/textos_sagrados\/demonios-en-la-tradicion-judia\/\">Demonios en la tradici\u00f3n jud\u00eda<\/a><\/div><\/div><div class=\"fnp-ticker__controls\"><button class=\"fnp-ticker__prev\" aria-label=\"Anterior\">\u2039<\/button><button class=\"fnp-ticker__next\" aria-label=\"Siguiente\">\u203a<\/button><\/div><\/div>\n\n\n<div class=\"wp-block-columns is-layout-flex wp-container-core-columns-is-layout-9d6595d7 wp-block-columns-is-layout-flex\">\n<div class=\"wp-block-column has-background is-layout-flow wp-block-column-is-layout-flow\" style=\"background-color:#ffffff;padding-top:var(--wp--preset--spacing--20);padding-right:var(--wp--preset--spacing--20);padding-bottom:var(--wp--preset--spacing--20);padding-left:var(--wp--preset--spacing--20)\">\n<p class=\"gb-text gb-text-87a5ba31\">Editorial<\/p>\n\n\n<div class=\"wp-block-image is-style-default\">\n<figure class=\"aligncenter size-full has-custom-border\"><img loading=\"lazy\" decoding=\"async\" width=\"463\" height=\"261\" src=\"https:\/\/lightblue-gaur-229646.hostingersite.com\/wp-content\/uploads\/2026\/03\/Seccion-Editorial-1.webp\" alt=\"\" class=\"wp-image-12601\" style=\"border-radius:0px\" srcset=\"https:\/\/asertivia.com\/wp-content\/uploads\/2026\/03\/Seccion-Editorial-1.webp 463w, https:\/\/asertivia.com\/wp-content\/uploads\/2026\/03\/Seccion-Editorial-1-300x169.webp 300w\" sizes=\"auto, (max-width: 463px) 100vw, 463px\" \/><\/figure>\n<\/div>\n\n<div class=\"fnp-grid fnp-grid--newspaper fnp-grid--cols-3 fnp-grid--first-featured fnp-grid--equal-height fnp-image-ratio--16-9 \" style=\"--fnp-columns:3;--fnp-gap:28px;--fnp-columns-md:2;--fnp-columns-sm:1;--fnp-title-font:Georgia, serif;--fnp-bg:#ffffff;--fnp-text:#1f4068;--fnp-text-light:#1f4068;\" data-grid-id=\"\" data-query='{&quot;post_type&quot;:&quot;editorial&quot;,&quot;posts_per_page&quot;:1,&quot;orderby&quot;:&quot;date&quot;,&quot;order&quot;:&quot;ASC&quot;,&quot;query_type&quot;:&quot;custom&quot;,&quot;categories&quot;:[],&quot;tags&quot;:[],&quot;taxonomies&quot;:[],&quot;authors&quot;:[&quot;1&quot;],&quot;exclude_current&quot;:false,&quot;only_sticky&quot;:false,&quot;only_with_image&quot;:false,&quot;offset&quot;:1,&quot;paged&quot;:1}' data-layout=\"newspaper\" data-template=\"classic-news\" data-page=\"1\" data-max-pages=\"1\" data-total=\"1\" data-pagination-type=\"none\" >        <article class=\"fnp-item fnp-item--hero fnp-item--index-0 fnp-item--first fnp-item--no-image\" data-post-id=\"7959\">\r\n            <h3 class=\"fnp-item__title \"><a href=\"https:\/\/asertivia.com\/index.php\/editorial\/la-funcion-del-pensamiento-critico-en-la-sociedad\/\">La funci\u00f3n del pensamiento cr\u00edtico en la sociedad<\/a><\/h3><p class=\"fnp-item__intro \">Las sociedades democr\u00e1ticas necesitan espacios de reflexi\u00f3n donde se analicen decisiones p\u00fablicas, tendencias sociales y cambios culturales desde una mirada argumentada.<\/p><div class=\"fnp-item__author \"><span class=\"fnp-item__author-name\"><a href=\"https:\/\/asertivia.com\/index.php\/author\/asertivia\/\">Redacci\u00f3n<\/a><\/span><\/div><span class=\"fnp-reading-time \"><span class=\"fnp-icon fnp-icon--clock\"><\/span>3 min<\/span>        <\/article>\r\n        <\/div><\/div>\n\n\n\n<div class=\"wp-block-column has-background is-layout-flow wp-block-column-is-layout-flow\" style=\"background-color:#ffffff;padding-top:var(--wp--preset--spacing--20);padding-right:var(--wp--preset--spacing--20);padding-bottom:var(--wp--preset--spacing--20);padding-left:var(--wp--preset--spacing--20)\">\n<p class=\"gb-text gb-text-7d43124c\">Otra mirada<\/p>\n\n\n<div class=\"wp-block-image\">\n<figure class=\"aligncenter size-full is-resized has-custom-border\"><img decoding=\"async\" src=\"https:\/\/lightblue-gaur-229646.hostingersite.com\/wp-content\/uploads\/2026\/03\/Seccion-Critica-Nacional-e1774033894763.webp\" alt=\"\" class=\"wp-image-12598\" style=\"border-radius:0px;width:340px;height:auto\"\/><\/figure>\n<\/div>\n\n<div class=\"fnp-grid fnp-grid--newspaper fnp-grid--cols-3 fnp-grid--first-featured fnp-grid--equal-height fnp-image-ratio--16-9 \" style=\"--fnp-columns:3;--fnp-gap:28px;--fnp-columns-md:2;--fnp-columns-sm:1;--fnp-title-font:Georgia, serif;--fnp-bg:#ffffff;--fnp-text:#1f4068;--fnp-text-light:#1f4068;\" data-grid-id=\"\" data-query='{&quot;post_type&quot;:&quot;critica_nacional&quot;,&quot;posts_per_page&quot;:1,&quot;orderby&quot;:&quot;modified&quot;,&quot;order&quot;:&quot;ASC&quot;,&quot;query_type&quot;:&quot;custom&quot;,&quot;categories&quot;:[],&quot;tags&quot;:[],&quot;taxonomies&quot;:[],&quot;authors&quot;:[&quot;1&quot;],&quot;exclude_current&quot;:false,&quot;only_sticky&quot;:false,&quot;only_with_image&quot;:false,&quot;offset&quot;:0,&quot;paged&quot;:1}' data-layout=\"newspaper\" data-template=\"classic-news\" data-page=\"1\" data-max-pages=\"1\" data-total=\"1\" data-pagination-type=\"none\" >        <article class=\"fnp-item fnp-item--hero fnp-item--index-0 fnp-item--first fnp-item--no-image\" data-post-id=\"8174\">\r\n            <h3 class=\"fnp-item__title \"><a href=\"https:\/\/asertivia.com\/index.php\/critica_nacional\/los-tiempos-de-resolucion-en-la-administracion-publica\/\">Los tiempos de resoluci\u00f3n en la administraci\u00f3n p\u00fablica<\/a><\/h3><p class=\"fnp-item__intro \">Los tiempos de resoluci\u00f3n en la administraci\u00f3n p\u00fablica reflejan la capacidad organizativa de las instituciones para tramitar expedientes conforme a los plazos establecidos por la normativa administrativa. La duraci\u00f3n de\u2026<\/p><div class=\"fnp-item__author \"><span class=\"fnp-item__author-name\"><a href=\"https:\/\/asertivia.com\/index.php\/author\/asertivia\/\">Redacci\u00f3n<\/a><\/span><\/div><span class=\"fnp-reading-time \"><span class=\"fnp-icon fnp-icon--clock\"><\/span>4 min<\/span>        <\/article>\r\n        <\/div><\/div>\n<\/div>\n\n\n\n<hr class=\"wp-block-separator has-alpha-channel-opacity\"\/>\n\n\n\n<h2 class=\"gb-text gb-text-8c342e9b\">Lugares con encanto de Espa\u00f1a<\/h2>\n\n\n<div class=\"fnp-hero fnp-hero--hero-featured \"><div class=\"fnp-grid fnp-grid--hero fnp-grid--cols-3 fnp-grid--first-featured fnp-image-ratio--16-9 \" style=\"--fnp-columns:3;--fnp-gap:24px;--fnp-columns-md:2;--fnp-columns-sm:1;\" data-grid-id=\"\" data-query='{&quot;post_type&quot;:&quot;pueblos&quot;,&quot;posts_per_page&quot;:3,&quot;orderby&quot;:&quot;date&quot;,&quot;order&quot;:&quot;DESC&quot;,&quot;query_type&quot;:&quot;custom&quot;,&quot;categories&quot;:[],&quot;tags&quot;:[],&quot;taxonomies&quot;:[{&quot;taxonomy&quot;:&quot;pueblos_bloque&quot;,&quot;terms&quot;:[&quot;24&quot;],&quot;operator&quot;:&quot;IN&quot;}],&quot;authors&quot;:[],&quot;exclude_current&quot;:false,&quot;only_sticky&quot;:false,&quot;only_with_image&quot;:false,&quot;offset&quot;:0,&quot;paged&quot;:1}' data-layout=\"hero\" data-template=\"\" data-page=\"1\" data-max-pages=\"1\" data-total=\"3\" data-pagination-type=\"none\" >        <article class=\"fnp-item fnp-item--hero fnp-item--index-0 fnp-item--first fnp-item--has-image\" data-post-id=\"3765\">\r\n            <div class=\"fnp-item__image \" style=\"\"><a href=\"https:\/\/asertivia.com\/index.php\/pueblos\/sinarcas-meseta-interior\/\" aria-label=\"Sinarcas, meseta interior\"><img decoding=\"async\" width=\"1024\" height=\"576\" src=\"https:\/\/asertivia.com\/wp-content\/uploads\/2026\/02\/sinarcas.jpg\" class=\"fnp-item__img wp-post-image\" alt=\"Sinarcas, meseta interior\" loading=\"lazy\" srcset=\"https:\/\/asertivia.com\/wp-content\/uploads\/2026\/02\/sinarcas.jpg 1024w, https:\/\/asertivia.com\/wp-content\/uploads\/2026\/02\/sinarcas-300x169.jpg 300w, https:\/\/asertivia.com\/wp-content\/uploads\/2026\/02\/sinarcas-768x432.jpg 768w\" sizes=\"auto, (max-width: 1024px) 100vw, 1024px\" \/><div class=\"fnp-item__image-overlay\" style=\"\"><\/div><\/a><\/div><div class=\"fnp-container fnp-item__content\"><h2 class=\"fnp-item__title \"><a href=\"https:\/\/asertivia.com\/index.php\/pueblos\/sinarcas-meseta-interior\/\">Sinarcas, meseta interior<\/a><\/h2><p class=\"fnp-item__intro \">Un asentamiento abierto donde el paisaje refuerza la continuidad<\/p><div class=\"fnp-item__meta \"><time class=\"fnp-item__date fnp-meta__date\" datetime=\"2026-09-03T11:30:00+02:00\"><span class=\"fnp-icon fnp-icon--calendar\"><\/span>28\/2\/2026<\/time><div class=\"fnp-item__author fnp-meta__author\"><span class=\"fnp-item__author-name\"><a href=\"https:\/\/asertivia.com\/index.php\/author\/asertivia\/\">Redacci\u00f3n Asertivia<\/a><\/span><\/div><span class=\"fnp-reading-time fnp-meta__reading-time\"><span class=\"fnp-icon fnp-icon--clock\"><\/span>3 min<\/span><\/div><\/div>        <\/article>\r\n                <article class=\"fnp-item fnp-item--hero fnp-item--index-1 fnp-item--has-image\" data-post-id=\"3764\">\r\n            <div class=\"fnp-item__image \" style=\"\"><a href=\"https:\/\/asertivia.com\/index.php\/pueblos\/villanueva-de-san-carlos-colonizacion-discreta\/\" aria-label=\"Villanueva de San Carlos, colonizaci\u00f3n discreta\"><img decoding=\"async\" width=\"400\" height=\"300\" src=\"https:\/\/asertivia.com\/wp-content\/uploads\/2026\/02\/Villanueva-de-San-Carlos.jpg\" class=\"fnp-item__img wp-post-image\" alt=\"Villanueva de San Carlos, colonizaci\u00f3n discreta\" loading=\"lazy\" srcset=\"https:\/\/asertivia.com\/wp-content\/uploads\/2026\/02\/Villanueva-de-San-Carlos.jpg 400w, https:\/\/asertivia.com\/wp-content\/uploads\/2026\/02\/Villanueva-de-San-Carlos-300x225.jpg 300w\" sizes=\"auto, (max-width: 400px) 100vw, 400px\" \/><div class=\"fnp-item__image-overlay\" style=\"\"><\/div><\/a><\/div><div class=\"fnp-container fnp-item__content\"><h2 class=\"fnp-item__title \"><a href=\"https:\/\/asertivia.com\/index.php\/pueblos\/villanueva-de-san-carlos-colonizacion-discreta\/\">Villanueva de San Carlos, colonizaci\u00f3n discreta<\/a><\/h2><p class=\"fnp-item__intro \">Un trazado planificado que introdujo orden sin romper el territorio<\/p><div class=\"fnp-item__meta \"><time class=\"fnp-item__date fnp-meta__date\" datetime=\"2026-08-29T11:30:00+02:00\"><span class=\"fnp-icon fnp-icon--calendar\"><\/span>28\/2\/2026<\/time><div class=\"fnp-item__author fnp-meta__author\"><span class=\"fnp-item__author-name\"><a href=\"https:\/\/asertivia.com\/index.php\/author\/asertivia\/\">Redacci\u00f3n Asertivia<\/a><\/span><\/div><span class=\"fnp-reading-time fnp-meta__reading-time\"><span class=\"fnp-icon fnp-icon--clock\"><\/span>4 min<\/span><\/div><\/div>        <\/article>\r\n                <article class=\"fnp-item fnp-item--hero fnp-item--index-2 fnp-item--has-image\" data-post-id=\"3763\">\r\n            <div class=\"fnp-item__image \" style=\"\"><a href=\"https:\/\/asertivia.com\/index.php\/pueblos\/tirvia-cruce-pirenaico-menor\/\" aria-label=\"T\u00edrvia, cruce pirenaico menor\"><img decoding=\"async\" width=\"600\" height=\"399\" src=\"https:\/\/asertivia.com\/wp-content\/uploads\/2026\/02\/Tirvia.jpg\" class=\"fnp-item__img wp-post-image\" alt=\"T\u00edrvia, cruce pirenaico menor\" loading=\"lazy\" srcset=\"https:\/\/asertivia.com\/wp-content\/uploads\/2026\/02\/Tirvia.jpg 600w, https:\/\/asertivia.com\/wp-content\/uploads\/2026\/02\/Tirvia-300x200.jpg 300w\" sizes=\"auto, (max-width: 600px) 100vw, 600px\" \/><div class=\"fnp-item__image-overlay\" style=\"\"><\/div><\/a><\/div><div class=\"fnp-container fnp-item__content\"><h2 class=\"fnp-item__title \"><a href=\"https:\/\/asertivia.com\/index.php\/pueblos\/tirvia-cruce-pirenaico-menor\/\">T\u00edrvia, cruce pirenaico menor<\/a><\/h2><p class=\"fnp-item__intro \">Un pueblo de monta\u00f1a donde el paso nunca rompi\u00f3 la escala<\/p><div class=\"fnp-item__meta \"><time class=\"fnp-item__date fnp-meta__date\" datetime=\"2026-08-24T11:30:00+02:00\"><span class=\"fnp-icon fnp-icon--calendar\"><\/span>28\/2\/2026<\/time><div class=\"fnp-item__author fnp-meta__author\"><span class=\"fnp-item__author-name\"><a href=\"https:\/\/asertivia.com\/index.php\/author\/asertivia\/\">Redacci\u00f3n Asertivia<\/a><\/span><\/div><span class=\"fnp-reading-time fnp-meta__reading-time\"><span class=\"fnp-icon fnp-icon--clock\"><\/span>4 min<\/span><\/div><\/div>        <\/article>\r\n        <\/div><\/div>\n\n\n<hr class=\"wp-block-separator has-alpha-channel-opacity\"\/>\n\n\n\n<h2 class=\"gb-text gb-text-c2bb146f\">TODA LA RIQUEZA DE NUESTRO VOCABULARIO<\/h2>\n\n\n\n<div class=\"wp-block-columns has-background is-layout-flex wp-container-core-columns-is-layout-9d6595d7 wp-block-columns-is-layout-flex\" style=\"background-color:#ffffff\">\n<div class=\"wp-block-column has-background is-layout-flow wp-block-column-is-layout-flow\" style=\"background-color:#ffffff\">\n<p class=\"gb-text gb-text-bdbeefd0\">Frases populares<\/p>\n\n\n<div class=\"fnp-grid fnp-grid--newspaper fnp-grid--cols-3 fnp-grid--first-featured fnp-image-ratio--4-3 \" style=\"--fnp-columns:3;--fnp-gap:28px;--fnp-columns-md:2;--fnp-columns-sm:1;--fnp-title-font:Georgia, serif;--fnp-bg:#ffffff;--fnp-text:#1f4068;--fnp-text-light:#1f4068;\" data-grid-id=\"\" data-query='{&quot;post_type&quot;:&quot;frases_famosas&quot;,&quot;posts_per_page&quot;:1,&quot;orderby&quot;:&quot;date&quot;,&quot;order&quot;:&quot;ASC&quot;,&quot;query_type&quot;:&quot;custom&quot;,&quot;categories&quot;:[],&quot;tags&quot;:[],&quot;taxonomies&quot;:[],&quot;authors&quot;:[],&quot;exclude_current&quot;:false,&quot;only_sticky&quot;:false,&quot;only_with_image&quot;:false,&quot;offset&quot;:0,&quot;paged&quot;:1}' data-layout=\"newspaper\" data-template=\"revista\" data-page=\"1\" data-max-pages=\"1\" data-total=\"1\" data-pagination-type=\"none\" >        <article class=\"fnp-item fnp-item--hero fnp-item--index-0 fnp-item--first fnp-item--no-image\" data-post-id=\"20069\">\r\n            <h3 class=\"fnp-item__title \"><a href=\"https:\/\/asertivia.com\/index.php\/frases_famosas\/viajar-para-comprender-el-mundo-mas-alla-del-horizonte\/\">Viajar para comprender el mundo m\u00e1s all\u00e1 del horizonte<\/a><\/h3><div class=\"fnp-item__author \"><span class=\"fnp-item__author-name\"><a href=\"https:\/\/asertivia.com\/index.php\/author\/asertivia\/\">Asertivia<\/a><\/span><\/div><span class=\"fnp-reading-time \"><span class=\"fnp-icon fnp-icon--clock\"><\/span>2 min<\/span>        <\/article>\r\n        <\/div><\/div>\n\n\n\n<div class=\"wp-block-column is-layout-flow wp-block-column-is-layout-flow\">\n<p class=\"gb-text gb-text-385635fc\">Refranero popular<\/p>\n\n\n<div class=\"fnp-grid fnp-grid--newspaper fnp-grid--cols-3 fnp-grid--first-featured fnp-image-ratio--4-3 \" style=\"--fnp-columns:3;--fnp-gap:28px;--fnp-columns-md:2;--fnp-columns-sm:1;--fnp-title-font:Georgia, serif;--fnp-bg:#ffffff;--fnp-text:#1f4068;--fnp-text-light:#1f4068;\" data-grid-id=\"\" data-query='{&quot;post_type&quot;:&quot;refranero&quot;,&quot;posts_per_page&quot;:1,&quot;orderby&quot;:&quot;date&quot;,&quot;order&quot;:&quot;ASC&quot;,&quot;query_type&quot;:&quot;custom&quot;,&quot;categories&quot;:[],&quot;tags&quot;:[],&quot;taxonomies&quot;:[],&quot;authors&quot;:[],&quot;exclude_current&quot;:false,&quot;only_sticky&quot;:false,&quot;only_with_image&quot;:false,&quot;offset&quot;:0,&quot;paged&quot;:1}' data-layout=\"newspaper\" data-template=\"revista\" data-page=\"1\" data-max-pages=\"1\" data-total=\"1\" data-pagination-type=\"none\" >        <article class=\"fnp-item fnp-item--hero fnp-item--index-0 fnp-item--first fnp-item--no-image\" data-post-id=\"19628\">\r\n            <h3 class=\"fnp-item__title \"><a href=\"https:\/\/asertivia.com\/index.php\/refranero\/mas-vale-tarde-que-nunca\/\">M\u00e1s vale tarde que nunca<\/a><\/h3><div class=\"fnp-item__author \"><span class=\"fnp-item__author-name\"><a href=\"https:\/\/asertivia.com\/index.php\/author\/asertivia\/\">Asertivia<\/a><\/span><\/div><span class=\"fnp-reading-time \"><span class=\"fnp-icon fnp-icon--clock\"><\/span>1 min<\/span>        <\/article>\r\n        <\/div><\/div>\n\n\n\n<div class=\"wp-block-column is-layout-flow wp-block-column-is-layout-flow\">\n<p class=\"gb-text gb-text-0d0973dd\">Expresiones populares<\/p>\n\n\n<div class=\"fnp-grid fnp-grid--newspaper fnp-grid--cols-3 fnp-grid--first-featured fnp-image-ratio--4-3 \" style=\"--fnp-columns:3;--fnp-gap:28px;--fnp-columns-md:2;--fnp-columns-sm:1;--fnp-title-font:Georgia, serif;--fnp-bg:#ffffff;--fnp-text:#1f4068;--fnp-text-light:#1f4068;\" data-grid-id=\"\" data-query='{&quot;post_type&quot;:&quot;expresiones&quot;,&quot;posts_per_page&quot;:1,&quot;orderby&quot;:&quot;date&quot;,&quot;order&quot;:&quot;ASC&quot;,&quot;query_type&quot;:&quot;custom&quot;,&quot;categories&quot;:[],&quot;tags&quot;:[],&quot;taxonomies&quot;:[],&quot;authors&quot;:[],&quot;exclude_current&quot;:false,&quot;only_sticky&quot;:false,&quot;only_with_image&quot;:false,&quot;offset&quot;:0,&quot;paged&quot;:1}' data-layout=\"newspaper\" data-template=\"revista\" data-page=\"1\" data-max-pages=\"1\" data-total=\"1\" data-pagination-type=\"none\" >        <article class=\"fnp-item fnp-item--hero fnp-item--index-0 fnp-item--first fnp-item--no-image\" data-post-id=\"20173\">\r\n            <h3 class=\"fnp-item__title \"><a href=\"https:\/\/asertivia.com\/index.php\/expresiones\/lenguaje-la-forma-en-que-el-mundo-comenzo-a-tener-nombre\/\">Lenguaje, la forma en que el mundo comenz\u00f3 a tener nombre<\/a><\/h3><div class=\"fnp-item__author \"><span class=\"fnp-item__author-name\"><a href=\"https:\/\/asertivia.com\/index.php\/author\/asertivia\/\">Redacci\u00f3n<\/a><\/span><\/div><span class=\"fnp-reading-time \"><span class=\"fnp-icon fnp-icon--clock\"><\/span>3 min<\/span>        <\/article>\r\n        <\/div><\/div>\n<\/div>\n\n\n\n<hr class=\"wp-block-separator has-alpha-channel-opacity\"\/>\n\n\n\n<h2 class=\"gb-text gb-text-14d6b4ec\">Pueblos y ciudades de Espa\u00f1a con fiestas particulares y \u00fanicas<\/h2>\n\n\n<div class=\"fnp-hero fnp-hero--hero-featured \"><div class=\"fnp-grid fnp-grid--hero fnp-grid--cols-3 fnp-grid--first-featured fnp-image-ratio--16-9 \" style=\"--fnp-columns:3;--fnp-gap:24px;--fnp-columns-md:2;--fnp-columns-sm:1;\" data-grid-id=\"\" data-query='{&quot;post_type&quot;:&quot;pueblos&quot;,&quot;posts_per_page&quot;:3,&quot;orderby&quot;:&quot;date&quot;,&quot;order&quot;:&quot;DESC&quot;,&quot;query_type&quot;:&quot;custom&quot;,&quot;categories&quot;:[],&quot;tags&quot;:[],&quot;taxonomies&quot;:[{&quot;taxonomy&quot;:&quot;pueblos_bloque&quot;,&quot;terms&quot;:[&quot;26&quot;],&quot;operator&quot;:&quot;IN&quot;}],&quot;authors&quot;:[],&quot;exclude_current&quot;:false,&quot;only_sticky&quot;:false,&quot;only_with_image&quot;:false,&quot;offset&quot;:0,&quot;paged&quot;:1}' data-layout=\"hero\" data-template=\"\" data-page=\"1\" data-max-pages=\"1\" data-total=\"3\" data-pagination-type=\"none\" >        <article class=\"fnp-item fnp-item--hero fnp-item--index-0 fnp-item--first fnp-item--has-image\" data-post-id=\"4112\">\r\n            <div class=\"fnp-item__image \" style=\"\"><a href=\"https:\/\/asertivia.com\/index.php\/pueblos\/graus-y-las-danzas-de-palos-coreografia-colectiva-con-simbolismo-ancestral\/\" aria-label=\"Graus y las danzas de palos, coreograf\u00eda colectiva con simbolismo ancestral\"><img decoding=\"async\" width=\"1372\" height=\"900\" src=\"https:\/\/asertivia.com\/wp-content\/uploads\/2026\/02\/Graus-\u2013-Danzas-de-palos.jpg\" class=\"fnp-item__img wp-post-image\" alt=\"Graus y las danzas de palos, coreograf\u00eda colectiva con simbolismo ancestral\" loading=\"lazy\" srcset=\"https:\/\/asertivia.com\/wp-content\/uploads\/2026\/02\/Graus-\u2013-Danzas-de-palos.jpg 1372w, https:\/\/asertivia.com\/wp-content\/uploads\/2026\/02\/Graus-\u2013-Danzas-de-palos-300x197.jpg 300w, https:\/\/asertivia.com\/wp-content\/uploads\/2026\/02\/Graus-\u2013-Danzas-de-palos-1024x672.jpg 1024w, https:\/\/asertivia.com\/wp-content\/uploads\/2026\/02\/Graus-\u2013-Danzas-de-palos-768x504.jpg 768w\" sizes=\"auto, (max-width: 1372px) 100vw, 1372px\" \/><div class=\"fnp-item__image-overlay\" style=\"\"><\/div><\/a><\/div><div class=\"fnp-container fnp-item__content\"><h2 class=\"fnp-item__title \"><a href=\"https:\/\/asertivia.com\/index.php\/pueblos\/graus-y-las-danzas-de-palos-coreografia-colectiva-con-simbolismo-ancestral\/\">Graus y las danzas de palos, coreograf\u00eda colectiva con simbolismo ancestral<\/a><\/h2><p class=\"fnp-item__intro \">La festividad combina m\u00fasica, movimiento y tradici\u00f3n en un acto que articula identidad y memoria colectiva<\/p><div class=\"fnp-item__meta \"><time class=\"fnp-item__date fnp-meta__date\" datetime=\"2026-09-01T15:00:00+02:00\"><span class=\"fnp-icon fnp-icon--calendar\"><\/span>28\/2\/2026<\/time><div class=\"fnp-item__author fnp-meta__author\"><span class=\"fnp-item__author-name\"><a href=\"https:\/\/asertivia.com\/index.php\/author\/asertivia\/\">Redacci\u00f3n Asertivia<\/a><\/span><\/div><span class=\"fnp-reading-time fnp-meta__reading-time\"><span class=\"fnp-icon fnp-icon--clock\"><\/span>4 min<\/span><\/div><\/div>        <\/article>\r\n                <article class=\"fnp-item fnp-item--hero fnp-item--index-1 fnp-item--has-image\" data-post-id=\"4111\">\r\n            <div class=\"fnp-item__image \" style=\"\"><a href=\"https:\/\/asertivia.com\/index.php\/pueblos\/sahagun-y-san-juan-con-el-caballo-rito-ecuestre-con-normas-centenarias\/\" aria-label=\"Sahag\u00fan y San Juan con el caballo, rito ecuestre con normas centenarias\"><img decoding=\"async\" width=\"1900\" height=\"800\" src=\"https:\/\/asertivia.com\/wp-content\/uploads\/2026\/02\/Sahagun-\u2013-San-Juan-y-el-caballo.jpg\" class=\"fnp-item__img wp-post-image\" alt=\"Sahag\u00fan y San Juan con el caballo, rito ecuestre con normas centenarias\" loading=\"lazy\" srcset=\"https:\/\/asertivia.com\/wp-content\/uploads\/2026\/02\/Sahagun-\u2013-San-Juan-y-el-caballo.jpg 1900w, https:\/\/asertivia.com\/wp-content\/uploads\/2026\/02\/Sahagun-\u2013-San-Juan-y-el-caballo-300x126.jpg 300w, https:\/\/asertivia.com\/wp-content\/uploads\/2026\/02\/Sahagun-\u2013-San-Juan-y-el-caballo-1024x431.jpg 1024w, https:\/\/asertivia.com\/wp-content\/uploads\/2026\/02\/Sahagun-\u2013-San-Juan-y-el-caballo-768x323.jpg 768w, https:\/\/asertivia.com\/wp-content\/uploads\/2026\/02\/Sahagun-\u2013-San-Juan-y-el-caballo-1536x647.jpg 1536w\" sizes=\"auto, (max-width: 1900px) 100vw, 1900px\" \/><div class=\"fnp-item__image-overlay\" style=\"\"><\/div><\/a><\/div><div class=\"fnp-container fnp-item__content\"><h2 class=\"fnp-item__title \"><a href=\"https:\/\/asertivia.com\/index.php\/pueblos\/sahagun-y-san-juan-con-el-caballo-rito-ecuestre-con-normas-centenarias\/\">Sahag\u00fan y San Juan con el caballo, rito ecuestre con normas centenarias<\/a><\/h2><p class=\"fnp-item__intro \">La festividad combina tradici\u00f3n, destreza y participaci\u00f3n comunitaria en un acto ecuestre urbano<\/p><div class=\"fnp-item__meta \"><time class=\"fnp-item__date fnp-meta__date\" datetime=\"2026-08-27T15:00:00+02:00\"><span class=\"fnp-icon fnp-icon--calendar\"><\/span>28\/2\/2026<\/time><div class=\"fnp-item__author fnp-meta__author\"><span class=\"fnp-item__author-name\"><a href=\"https:\/\/asertivia.com\/index.php\/author\/asertivia\/\">Redacci\u00f3n Asertivia<\/a><\/span><\/div><span class=\"fnp-reading-time fnp-meta__reading-time\"><span class=\"fnp-icon fnp-icon--clock\"><\/span>4 min<\/span><\/div><\/div>        <\/article>\r\n                <article class=\"fnp-item fnp-item--hero fnp-item--index-2 fnp-item--has-image\" data-post-id=\"4110\">\r\n            <div class=\"fnp-item__image \" style=\"\"><a href=\"https:\/\/asertivia.com\/index.php\/pueblos\/alicante-y-las-hogueras-de-san-juan-fuego-y-tradicion-que-marcan-el-solsticio\/\" aria-label=\"Alicante y las Hogueras de San Juan, fuego y tradici\u00f3n que marcan el solsticio\"><img decoding=\"async\" width=\"1900\" height=\"1069\" src=\"https:\/\/asertivia.com\/wp-content\/uploads\/2026\/02\/Alicante-\u2013-Hogueras-de-San-Juan.webp\" class=\"fnp-item__img wp-post-image\" alt=\"Alicante y las Hogueras de San Juan, fuego y tradici\u00f3n que marcan el solsticio\" loading=\"lazy\" srcset=\"https:\/\/asertivia.com\/wp-content\/uploads\/2026\/02\/Alicante-\u2013-Hogueras-de-San-Juan.webp 1900w, https:\/\/asertivia.com\/wp-content\/uploads\/2026\/02\/Alicante-\u2013-Hogueras-de-San-Juan-300x169.webp 300w, https:\/\/asertivia.com\/wp-content\/uploads\/2026\/02\/Alicante-\u2013-Hogueras-de-San-Juan-1024x576.webp 1024w, https:\/\/asertivia.com\/wp-content\/uploads\/2026\/02\/Alicante-\u2013-Hogueras-de-San-Juan-768x432.webp 768w, https:\/\/asertivia.com\/wp-content\/uploads\/2026\/02\/Alicante-\u2013-Hogueras-de-San-Juan-1536x864.webp 1536w\" sizes=\"auto, (max-width: 1900px) 100vw, 1900px\" \/><div class=\"fnp-item__image-overlay\" style=\"\"><\/div><\/a><\/div><div class=\"fnp-container fnp-item__content\"><h2 class=\"fnp-item__title \"><a href=\"https:\/\/asertivia.com\/index.php\/pueblos\/alicante-y-las-hogueras-de-san-juan-fuego-y-tradicion-que-marcan-el-solsticio\/\">Alicante y las Hogueras de San Juan, fuego y tradici\u00f3n que marcan el solsticio<\/a><\/h2><p class=\"fnp-item__intro \">La ciudad celebra el inicio del verano mediante rituales urbanos y manifestaciones culturales colectivas<\/p><div class=\"fnp-item__meta \"><time class=\"fnp-item__date fnp-meta__date\" datetime=\"2026-08-22T15:00:00+02:00\"><span class=\"fnp-icon fnp-icon--calendar\"><\/span>28\/2\/2026<\/time><div class=\"fnp-item__author fnp-meta__author\"><span class=\"fnp-item__author-name\"><a href=\"https:\/\/asertivia.com\/index.php\/author\/asertivia\/\">Redacci\u00f3n Asertivia<\/a><\/span><\/div><span class=\"fnp-reading-time fnp-meta__reading-time\"><span class=\"fnp-icon fnp-icon--clock\"><\/span>4 min<\/span><\/div><\/div>        <\/article>\r\n        <\/div><\/div>\n\n\n<hr class=\"wp-block-separator has-alpha-channel-opacity\"\/>\n\n\n\n<div class=\"wp-block-columns is-layout-flex wp-container-core-columns-is-layout-9d6595d7 wp-block-columns-is-layout-flex\">\n<div class=\"wp-block-column is-layout-flow wp-block-column-is-layout-flow\" style=\"flex-basis:100%\">\n<div class=\"wp-block-group alignwide\"><div class=\"wp-block-group__inner-container is-layout-constrained wp-block-group-is-layout-constrained\">\n<div class=\"wp-block-group alignwide is-nowrap is-layout-flex wp-container-core-group-is-layout-ad2f72ca wp-block-group-is-layout-flex\">\n<div class=\"wp-block-columns alignwide wp-container-content-9cfa9a5a is-layout-flex wp-container-core-columns-is-layout-4c3547a3 wp-block-columns-is-layout-flex\" style=\"padding-top:24px;padding-right:24px;padding-bottom:24px;padding-left:24px\">\n<div class=\"wp-block-column is-layout-flow wp-block-column-is-layout-flow\">\n<h2 class=\"wp-block-heading has-text-align-center is-style-font-georgia has-text-color has-link-color has-times-new-roman-font-family wp-elements-22416ccacf3da2daf183c5403ff9e13e\" style=\"color:#1f4068;font-size:50px;font-style:italic;font-weight:700\"><strong>Cultura y Conocimiento<\/strong><\/h2>\n\n\n\n<hr class=\"wp-block-separator has-alpha-channel-opacity\"\/>\n<\/div>\n\n\n\n<div class=\"wp-block-column is-vertically-aligned-center is-layout-flow wp-block-column-is-layout-flow\">\n<div class=\"wp-block-group is-nowrap is-layout-flex wp-container-core-group-is-layout-ad2f72ca wp-block-group-is-layout-flex\">\n<p class=\"is-style-font-trebuchet has-text-color has-link-color wp-elements-3ffc1a3ee8e6a0ad7a147f34183887f9\" style=\"color:#1f4068;font-size:18px\"><em>Nunca est\u00e1 de m\u00e1s conocer algo nuevo o simplemente ampliar conocimientos de algo que d\u00e1bamos por sentado y cuya explicaci\u00f3n desconoc\u00edamos.<\/em><\/p>\n<\/div>\n\n\n\n<div class=\"wp-block-group is-content-justification-space-between is-nowrap is-layout-flex wp-container-core-group-is-layout-0dfbf163 wp-block-group-is-layout-flex\">\n<div class=\"wp-block-buttons is-layout-flex wp-block-buttons-is-layout-flex\">\n<div class=\"wp-block-button\"><a class=\"wp-block-button__link has-white-color has-black-background-color has-text-color has-background has-link-color has-custom-font-size wp-element-button\" href=\"https:\/\/lightblue-gaur-229646.hostingersite.com\/index.php\/textos_sagrados\/\" style=\"border-radius:8px;padding-top:16px;padding-right:24px;padding-bottom:16px;padding-left:24px;font-size:16px;font-style:normal;font-weight:500;line-height:1\">Acceder a Textos Sagrados<\/a><\/div>\n<\/div>\n<\/div>\n<\/div>\n<\/div>\n<\/div>\n\n\n\n<div class=\"wp-block-group alignwide is-nowrap is-layout-flex wp-container-core-group-is-layout-194c01b1 wp-block-group-is-layout-flex\">\n<div class=\"wp-block-columns alignwide wp-container-content-9cfa9a5a is-layout-flex wp-container-core-columns-is-layout-4c3547a3 wp-block-columns-is-layout-flex\" style=\"padding-top:24px;padding-right:24px;padding-bottom:24px;padding-left:24px\">\n<div class=\"wp-block-column is-layout-flow wp-block-column-is-layout-flow\" style=\"flex-basis:25%\">\n<p class=\"gb-text gb-text-3de4f2c5\"><strong>S<\/strong>alud<\/p>\n\n\n\n<figure class=\"wp-block-image size-full is-resized has-custom-border\"><img loading=\"lazy\" decoding=\"async\" width=\"495\" height=\"558\" src=\"https:\/\/lightblue-gaur-229646.hostingersite.com\/wp-content\/uploads\/2026\/03\/IMG_5205_1.jpeg\" alt=\"\" class=\"wp-image-13199\" style=\"border-style:none;border-width:0px;border-radius:8px;object-fit:cover;width:300px;height:200px\"\/><\/figure>\n\n\n\n<div><div class=\"gb-looper-21acaa72\">\n<div class=\"gb-loop-item post-2372 salud type-salud status-publish format-standard hentry category-sin-categoria\"><h2 style=\"font-size:17px;font-style:italic;font-weight:600;\" class=\"has-link-color wp-elements-5792d4b2749eabaefa2a0ae1a187c1e8 wp-block-post-title has-text-color has-contrast-2-color\"><a href=\"https:\/\/asertivia.com\/index.php\/salud\/dormir-mal-y-aumento-de-peso-que-relacion-hay\/\" target=\"_self\" >Dormir mal y aumento de peso: qu\u00e9 relaci\u00f3n hay<\/a><\/h2><\/div>\n<\/div><\/div>\n<\/div>\n\n\n\n<div class=\"wp-block-column is-layout-flow wp-block-column-is-layout-flow\" style=\"flex-basis:25%\">\n<p class=\"gb-text gb-text-05b461bd\">Informaci\u00f3n<\/p>\n\n\n\n<figure class=\"wp-block-image size-full is-resized has-custom-border\"><img loading=\"lazy\" decoding=\"async\" width=\"1446\" height=\"1084\" src=\"https:\/\/lightblue-gaur-229646.hostingersite.com\/wp-content\/uploads\/2026\/03\/IMG_5079_1.jpg\" alt=\"\" class=\"wp-image-13200\" style=\"border-style:none;border-width:0px;border-radius:8px;object-fit:cover;width:300px;height:200px\" srcset=\"https:\/\/asertivia.com\/wp-content\/uploads\/2026\/03\/IMG_5079_1.jpg 1446w, https:\/\/asertivia.com\/wp-content\/uploads\/2026\/03\/IMG_5079_1-600x450.jpg 600w, https:\/\/asertivia.com\/wp-content\/uploads\/2026\/03\/IMG_5079_1-1350x1012.jpg 1350w, https:\/\/asertivia.com\/wp-content\/uploads\/2026\/03\/IMG_5079_1-768x576.jpg 768w\" sizes=\"auto, (max-width: 1446px) 100vw, 1446px\" \/><\/figure>\n\n\n\n<div><div class=\"gb-looper-f8e06f44\">\n<div class=\"gb-loop-item post-268 divulgacion type-divulgacion status-publish format-standard hentry category-sin-categoria\"><h2 style=\"font-size:17px;font-style:italic;font-weight:600;\" class=\"has-link-color wp-elements-5792d4b2749eabaefa2a0ae1a187c1e8 wp-block-post-title has-text-color has-contrast-2-color\"><a href=\"https:\/\/asertivia.com\/index.php\/divulgacion\/cuando-explicar-solo-una-parte-altera-el-conjunto\/\" target=\"_self\" >Cuando explicar solo una parte altera el conjunto<\/a><\/h2><\/div>\n<\/div><\/div>\n<\/div>\n\n\n\n<div class=\"wp-block-column is-layout-flow wp-block-column-is-layout-flow\" style=\"flex-basis:25%\">\n<p class=\"gb-text gb-text-b8aad1e5\">Ecologismo<\/p>\n\n\n\n<figure class=\"wp-block-image size-full is-resized has-custom-border\"><img loading=\"lazy\" decoding=\"async\" width=\"1623\" height=\"1170\" src=\"https:\/\/lightblue-gaur-229646.hostingersite.com\/wp-content\/uploads\/2026\/03\/IMG_3981.jpg\" alt=\"\" class=\"wp-image-13201\" style=\"border-style:none;border-width:0px;border-radius:8px;object-fit:cover;width:300px;height:200px\" srcset=\"https:\/\/asertivia.com\/wp-content\/uploads\/2026\/03\/IMG_3981.jpg 1623w, https:\/\/asertivia.com\/wp-content\/uploads\/2026\/03\/IMG_3981-600x433.jpg 600w, https:\/\/asertivia.com\/wp-content\/uploads\/2026\/03\/IMG_3981-1350x973.jpg 1350w, https:\/\/asertivia.com\/wp-content\/uploads\/2026\/03\/IMG_3981-768x554.jpg 768w, https:\/\/asertivia.com\/wp-content\/uploads\/2026\/03\/IMG_3981-1536x1107.jpg 1536w\" sizes=\"auto, (max-width: 1623px) 100vw, 1623px\" \/><\/figure>\n\n\n\n<div><div class=\"gb-looper-7d67b7d8\">\n<div class=\"gb-loop-item post-6425 ecologismo type-ecologismo status-publish format-standard hentry category-sin-categoria\"><h2 style=\"font-size:17px;font-style:italic;font-weight:600;\" class=\"has-link-color wp-elements-5792d4b2749eabaefa2a0ae1a187c1e8 wp-block-post-title has-text-color has-contrast-2-color\"><a href=\"https:\/\/asertivia.com\/index.php\/ecologismo\/ecologismo-y-empresas\/\" target=\"_self\" >Ecologismo y empresas<\/a><\/h2><\/div>\n<\/div><\/div>\n<\/div>\n\n\n\n<div class=\"wp-block-column is-layout-flow wp-block-column-is-layout-flow\" style=\"flex-basis:25%\">\n<p class=\"gb-text gb-text-3a641c14\">Cultura<\/p>\n\n\n\n<figure class=\"wp-block-image size-full is-resized has-custom-border\"><img loading=\"lazy\" decoding=\"async\" width=\"1204\" height=\"1165\" src=\"https:\/\/lightblue-gaur-229646.hostingersite.com\/wp-content\/uploads\/2026\/03\/IMG_5074.jpg\" alt=\"\" class=\"wp-image-13202\" style=\"border-style:none;border-width:0px;border-radius:8px;object-fit:cover;width:300px;height:200px\" srcset=\"https:\/\/asertivia.com\/wp-content\/uploads\/2026\/03\/IMG_5074.jpg 1204w, https:\/\/asertivia.com\/wp-content\/uploads\/2026\/03\/IMG_5074-600x581.jpg 600w, https:\/\/asertivia.com\/wp-content\/uploads\/2026\/03\/IMG_5074-768x743.jpg 768w\" sizes=\"auto, (max-width: 1204px) 100vw, 1204px\" \/><\/figure>\n\n\n\n<div><div class=\"gb-looper-73b441ba\">\n<div class=\"gb-loop-item post-7521 cultura type-cultura status-publish format-standard hentry category-sin-categoria\"><h2 style=\"font-size:17px;font-style:italic;font-weight:600;\" class=\"has-link-color wp-elements-5792d4b2749eabaefa2a0ae1a187c1e8 wp-block-post-title has-text-color has-contrast-2-color\"><a href=\"https:\/\/asertivia.com\/index.php\/cultura\/escultores-latinoamericanos-menos-conocidos\/\" target=\"_self\" >Escultores latinoamericanos menos conocidos<\/a><\/h2><\/div>\n<\/div><\/div>\n<\/div>\n<\/div>\n<\/div>\n<\/div><\/div>\n<\/div>\n<\/div>\n\n\n\n<hr class=\"wp-block-separator has-alpha-channel-opacity\"\/>\n\n\n<div class=\"fnp-grid fnp-grid--grid fnp-grid--cols-3 fnp-image-ratio--16-9 \" style=\"--fnp-columns:3;--fnp-gap:24px;--fnp-columns-md:2;--fnp-columns-sm:1;--fnp-title-font:Georgia, serif;--fnp-bg:#fff1e0;\" data-grid-id=\"\" data-query='{&quot;post_type&quot;:&quot;cidudad&quot;,&quot;posts_per_page&quot;:3,&quot;orderby&quot;:&quot;date&quot;,&quot;order&quot;:&quot;DESC&quot;,&quot;query_type&quot;:&quot;custom&quot;,&quot;categories&quot;:[],&quot;tags&quot;:[],&quot;taxonomies&quot;:[{&quot;taxonomy&quot;:&quot;ciudades__bloque&quot;,&quot;terms&quot;:[&quot;41&quot;],&quot;operator&quot;:&quot;IN&quot;}],&quot;authors&quot;:[],&quot;exclude_current&quot;:false,&quot;only_sticky&quot;:false,&quot;only_with_image&quot;:false,&quot;offset&quot;:0,&quot;paged&quot;:1}' data-layout=\"grid\" data-template=\"masonry-magazine\" data-page=\"1\" data-max-pages=\"1\" data-total=\"3\" data-pagination-type=\"none\" >        <article class=\"fnp-item fnp-item--grid fnp-item--index-0 fnp-item--first fnp-item--has-image\" data-post-id=\"7249\">\r\n            <div class=\"fnp-item__image \" style=\"\"><a href=\"https:\/\/asertivia.com\/index.php\/cidudad\/wroclaw-islas\/\" aria-label=\"Wroclaw, islas\"><img decoding=\"async\" width=\"768\" height=\"466\" src=\"https:\/\/asertivia.com\/wp-content\/uploads\/2026\/03\/Wroclaw-Polonia-768x466.jpg\" class=\"fnp-item__img wp-post-image\" alt=\"Wroclaw, islas\" loading=\"lazy\" srcset=\"https:\/\/asertivia.com\/wp-content\/uploads\/2026\/03\/Wroclaw-Polonia-768x466.jpg 768w, https:\/\/asertivia.com\/wp-content\/uploads\/2026\/03\/Wroclaw-Polonia-300x182.jpg 300w, https:\/\/asertivia.com\/wp-content\/uploads\/2026\/03\/Wroclaw-Polonia-1024x621.jpg 1024w, https:\/\/asertivia.com\/wp-content\/uploads\/2026\/03\/Wroclaw-Polonia-1536x931.jpg 1536w, https:\/\/asertivia.com\/wp-content\/uploads\/2026\/03\/Wroclaw-Polonia.jpg 1689w\" sizes=\"auto, (max-width: 768px) 100vw, 768px\" \/><div class=\"fnp-item__image-overlay\" style=\"\"><\/div><\/a><\/div><div class=\"fnp-container fnp-item__content\"><h3 class=\"fnp-item__title \"><a href=\"https:\/\/asertivia.com\/index.php\/cidudad\/wroclaw-islas\/\">Wroclaw, islas<\/a><\/h3><p class=\"fnp-item__intro \">Breslavia se fragmenta entre brazos fluviales.<\/p><\/div>        <\/article>\r\n                <article class=\"fnp-item fnp-item--grid fnp-item--index-1 fnp-item--has-image\" data-post-id=\"7248\">\r\n            <div class=\"fnp-item__image \" style=\"\"><a href=\"https:\/\/asertivia.com\/index.php\/cidudad\/krakow-vistula\/\" aria-label=\"Krakow, V\u00edstula\"><img decoding=\"async\" width=\"768\" height=\"512\" src=\"https:\/\/asertivia.com\/wp-content\/uploads\/2026\/03\/Cracovia-Polonia-768x512.jpg\" class=\"fnp-item__img wp-post-image\" alt=\"Krakow, V\u00edstula\" loading=\"lazy\" srcset=\"https:\/\/asertivia.com\/wp-content\/uploads\/2026\/03\/Cracovia-Polonia-768x512.jpg 768w, https:\/\/asertivia.com\/wp-content\/uploads\/2026\/03\/Cracovia-Polonia-300x200.jpg 300w, https:\/\/asertivia.com\/wp-content\/uploads\/2026\/03\/Cracovia-Polonia-1024x682.jpg 1024w, https:\/\/asertivia.com\/wp-content\/uploads\/2026\/03\/Cracovia-Polonia.jpg 1537w\" sizes=\"auto, (max-width: 768px) 100vw, 768px\" \/><div class=\"fnp-item__image-overlay\" style=\"\"><\/div><\/a><\/div><div class=\"fnp-container fnp-item__content\"><h3 class=\"fnp-item__title \"><a href=\"https:\/\/asertivia.com\/index.php\/cidudad\/krakow-vistula\/\">Krakow, V\u00edstula<\/a><\/h3><p class=\"fnp-item__intro \">Cracovia creci\u00f3 con el r\u00edo como eje hist\u00f3rico.<\/p><\/div>        <\/article>\r\n                <article class=\"fnp-item fnp-item--grid fnp-item--index-2 fnp-item--has-image\" data-post-id=\"7247\">\r\n            <div class=\"fnp-item__image \" style=\"\"><a href=\"https:\/\/asertivia.com\/index.php\/cidudad\/debrecen-red-hidraulica\/\" aria-label=\"Debrecen, red hidr\u00e1ulica\"><img decoding=\"async\" width=\"768\" height=\"512\" src=\"https:\/\/asertivia.com\/wp-content\/uploads\/2026\/03\/Debrecen-Hungria-768x512.jpg\" class=\"fnp-item__img wp-post-image\" alt=\"Debrecen, red hidr\u00e1ulica\" loading=\"lazy\" srcset=\"https:\/\/asertivia.com\/wp-content\/uploads\/2026\/03\/Debrecen-Hungria-768x512.jpg 768w, https:\/\/asertivia.com\/wp-content\/uploads\/2026\/03\/Debrecen-Hungria-300x200.jpg 300w, https:\/\/asertivia.com\/wp-content\/uploads\/2026\/03\/Debrecen-Hungria-1024x683.jpg 1024w, https:\/\/asertivia.com\/wp-content\/uploads\/2026\/03\/Debrecen-Hungria.jpg 1536w\" sizes=\"auto, (max-width: 768px) 100vw, 768px\" \/><div class=\"fnp-item__image-overlay\" style=\"\"><\/div><\/a><\/div><div class=\"fnp-container fnp-item__content\"><h3 class=\"fnp-item__title \"><a href=\"https:\/\/asertivia.com\/index.php\/cidudad\/debrecen-red-hidraulica\/\">Debrecen, red hidr\u00e1ulica<\/a><\/h3><p class=\"fnp-item__intro \">Debrecen utiliza canales y cursos menores.<\/p><\/div>        <\/article>\r\n        <\/div>\n\n\n<hr class=\"wp-block-separator has-alpha-channel-opacity\"\/>\n\n\n\n<h2 class=\"gb-text gb-text-f720607b\">PEQUE\u00d1OS MUNDOS CON GRANDES TESOROS<\/h2>\n\n\n<style>.cptb-2re7d8e1.cptb-2re7d8e1.cptb-2re7d8e1.cptb-2re7d8e1 .cptb-magazine__item{background:#ffffff;border:1px solid #e5e7eb}\n.cptb-2re7d8e1.cptb-2re7d8e1.cptb-2re7d8e1.cptb-2re7d8e1{--cptb-card-bg:#ffffff}\n.cptb-2re7d8e1.cptb-2re7d8e1.cptb-2re7d8e1.cptb-2re7d8e1 .cptb-news__title{color:#1f4068 !important}\n.cptb-2re7d8e1.cptb-2re7d8e1.cptb-2re7d8e1.cptb-2re7d8e1 .cptb-subtitle{color:#1f4068 !important}\n.cptb-2re7d8e1.cptb-2re7d8e1.cptb-2re7d8e1.cptb-2re7d8e1 .cptb-news__excerpt{color:#2b2dc6 !important}<\/style><div class=\"cptb-magazine cptb-magazine-layout-magazine cptb-2re7d8e1\"><div class=\"cptb-magazine__header\"><h2 class=\"cptb-magazine__section-title cptb-news__section-title\">PASOS DE MONTA\u00d1A Y PUERTOS HIST\u00d3RICOS DE PEREGRINACI\u00d3N<\/h2><\/div><div class=\"cptb-magazine__tab-content\" data-tab-content=\"tab-mnm4jq0gu9z4\" role=\"tabpanel\"><div class=\"cptb-magazine__grid\"><article class=\"cptb-magazine__item cptb-magazine__item--hero cptb-news__item--featured\"><div class=\"cptb-magazine__thumb cptb-news__thumb cptb-ratio-16x9\"><a href=\"https:\/\/asertivia.com\/index.php\/pruebas\/paso-de-la-raticosa\/\" tabindex=\"-1\" aria-hidden=\"true\"><img fetchpriority=\"high\" decoding=\"async\" width=\"1200\" height=\"900\" src=\"https:\/\/asertivia.com\/wp-content\/uploads\/2026\/08\/puerto-montana-21565-1350x1013.jpg\" class=\"attachment-large size-large wp-post-image\" alt=\"Paso de Raticosa\" loading=\"eager\" srcset=\"https:\/\/asertivia.com\/wp-content\/uploads\/2026\/08\/puerto-montana-21565-1350x1013.jpg 1350w, https:\/\/asertivia.com\/wp-content\/uploads\/2026\/08\/puerto-montana-21565-600x450.jpg 600w, https:\/\/asertivia.com\/wp-content\/uploads\/2026\/08\/puerto-montana-21565-768x576.jpg 768w, https:\/\/asertivia.com\/wp-content\/uploads\/2026\/08\/puerto-montana-21565-1536x1152.jpg 1536w, https:\/\/asertivia.com\/wp-content\/uploads\/2026\/08\/puerto-montana-21565.jpg 2048w\" sizes=\"(max-width: 1200px) 100vw, 1200px\" \/><\/a><\/div><div class=\"cptb-magazine__body cptb-news__body\"><h3 class=\"cptb-magazine__title cptb-news__title\"><a href=\"https:\/\/asertivia.com\/index.php\/pruebas\/paso-de-la-raticosa\/\">Paso de la Raticosa<\/a><\/h3><p class=\"cptb-subtitle\">El Paso de la Raticosa se encuentra entre las provincias de Bolonia y Florencia, en los Apeninos del norte de Italia. Situado muy cerca del Paso del Futa, este puerto fue durante siglos otra de las grandes rutas entre Emilia-Roma\u00f1a y Toscana.<\/p><div class=\"cptb-magazine__excerpt cptb-news__excerpt\">El Paso de la Raticosa se encuentra entre las provincias de Bolonia y Florencia, en los Apeninos del norte de&hellip;<\/div><blockquote class=\"cptb-quote\"><p>El Paso de la Raticosa fue durante siglos uno de los caminos m\u00e1s constantes entre Bolonia y Florencia.<\/p><\/blockquote><footer class=\"cptb-meta\"><time class=\"cptb-date\" datetime=\"2026-08-29T20:54:00+02:00\">29 de agosto de 2026<\/time><\/footer><\/div><\/article><div class=\"cptb-magazine__sidebar\"><article class=\"cptb-magazine__item cptb-magazine__item--sidebar\"><div class=\"cptb-magazine__thumb cptb-news__thumb\"><a href=\"https:\/\/asertivia.com\/index.php\/pruebas\/paso-de-radicofani\/\" tabindex=\"-1\" aria-hidden=\"true\"><img decoding=\"async\" width=\"360\" height=\"431\" src=\"https:\/\/asertivia.com\/wp-content\/uploads\/2026\/08\/puerto-montana-21564.jpg\" class=\"attachment-medium size-medium wp-post-image\" alt=\"Paso de Radicofani\" loading=\"lazy\" \/><\/a><\/div><div class=\"cptb-magazine__body cptb-news__body\"><h3 class=\"cptb-magazine__title cptb-news__title\"><a href=\"https:\/\/asertivia.com\/index.php\/pruebas\/paso-de-radicofani\/\">Paso de Radicofani<\/a><\/h3><p class=\"cptb-subtitle\">El Paso de Radicofani se encuentra en el sur de Toscana, entre las provincias de Siena y Viterbo. Situado junto a la colina coronada por la fortaleza de Radicofani, este lugar fue durante siglos uno de los puntos m\u00e1s importantes de la V\u00eda Franc\u00edgena antes de la llegada a Roma.<\/p><div class=\"cptb-magazine__excerpt cptb-news__excerpt\">El Paso de Radicofani se encuentra en el sur de Toscana, entre las provincias de Siena y Viterbo. Situado junto&hellip;<\/div><footer class=\"cptb-meta\"><time class=\"cptb-date\" datetime=\"2026-08-22T20:54:00+02:00\">22 de agosto de 2026<\/time><\/footer><\/div><\/article><article class=\"cptb-magazine__item cptb-magazine__item--sidebar\"><div class=\"cptb-magazine__thumb cptb-news__thumb\"><a href=\"https:\/\/asertivia.com\/index.php\/pruebas\/paso-de-monte-bardone\/\" tabindex=\"-1\" aria-hidden=\"true\"><img decoding=\"async\" width=\"600\" height=\"424\" src=\"https:\/\/asertivia.com\/wp-content\/uploads\/2026\/08\/puerto-montana-21563-600x424.jpg\" class=\"attachment-medium size-medium wp-post-image\" alt=\"Paso de Monte Bardone\" loading=\"lazy\" srcset=\"https:\/\/asertivia.com\/wp-content\/uploads\/2026\/08\/puerto-montana-21563-600x424.jpg 600w, https:\/\/asertivia.com\/wp-content\/uploads\/2026\/08\/puerto-montana-21563-1350x954.jpg 1350w, https:\/\/asertivia.com\/wp-content\/uploads\/2026\/08\/puerto-montana-21563-768x543.jpg 768w, https:\/\/asertivia.com\/wp-content\/uploads\/2026\/08\/puerto-montana-21563-1536x1086.jpg 1536w, https:\/\/asertivia.com\/wp-content\/uploads\/2026\/08\/puerto-montana-21563.jpg 2048w\" sizes=\"auto, (max-width: 600px) 100vw, 600px\" \/><\/a><\/div><div class=\"cptb-magazine__body cptb-news__body\"><h3 class=\"cptb-magazine__title cptb-news__title\"><a href=\"https:\/\/asertivia.com\/index.php\/pruebas\/paso-de-monte-bardone\/\">Paso de Monte Bardone<\/a><\/h3><p class=\"cptb-subtitle\">El Paso de Monte Bardone fue durante la Edad Media el nombre utilizado para designar el actual Paso de la Cisa. Situado entre Emilia-Roma\u00f1a y Toscana, este collado fue una de las rutas m\u00e1s importantes de la V\u00eda Franc\u00edgena y uno de los lugares decisivos en el camino hacia Roma.<\/p><div class=\"cptb-magazine__excerpt cptb-news__excerpt\">El Paso de Monte Bardone fue durante la Edad Media el nombre utilizado para designar el actual Paso de la&hellip;<\/div><footer class=\"cptb-meta\"><time class=\"cptb-date\" datetime=\"2026-08-15T20:54:00+02:00\">15 de agosto de 2026<\/time><\/footer><\/div><\/article><article class=\"cptb-magazine__item cptb-magazine__item--sidebar\"><div class=\"cptb-magazine__thumb cptb-news__thumb\"><a href=\"https:\/\/asertivia.com\/index.php\/pruebas\/paso-de-montevergine\/\" tabindex=\"-1\" aria-hidden=\"true\"><img decoding=\"async\" width=\"600\" height=\"410\" src=\"https:\/\/asertivia.com\/wp-content\/uploads\/2026\/08\/puerto-montana-21562-600x410.jpg\" class=\"attachment-medium size-medium wp-post-image\" alt=\"Paso de Montevergine\" loading=\"lazy\" srcset=\"https:\/\/asertivia.com\/wp-content\/uploads\/2026\/08\/puerto-montana-21562-600x410.jpg 600w, https:\/\/asertivia.com\/wp-content\/uploads\/2026\/08\/puerto-montana-21562-768x524.jpg 768w, https:\/\/asertivia.com\/wp-content\/uploads\/2026\/08\/puerto-montana-21562.jpg 1280w\" sizes=\"auto, (max-width: 600px) 100vw, 600px\" \/><\/a><\/div><div class=\"cptb-magazine__body cptb-news__body\"><h3 class=\"cptb-magazine__title cptb-news__title\"><a href=\"https:\/\/asertivia.com\/index.php\/pruebas\/paso-de-montevergine\/\">Paso de Montevergine<\/a><\/h3><p class=\"cptb-subtitle\">El paso de Montevergine, en la provincia de Avellino, fue durante siglos la ruta utilizada por quienes se dirig\u00edan al santuario levantado sobre la monta\u00f1a. Entre bosques, senderos y pueblos de la regi\u00f3n de Campania, el camino ascend\u00eda lentamente hasta uno de los lugares de peregrinaci\u00f3n m\u00e1s conocidos del sur italiano.<\/p><div class=\"cptb-magazine__excerpt cptb-news__excerpt\">El paso de Montevergine, en la provincia de Avellino, fue durante siglos la ruta utilizada por quienes se dirig\u00edan al&hellip;<\/div><footer class=\"cptb-meta\"><time class=\"cptb-date\" datetime=\"2026-08-08T20:54:00+02:00\">8 de agosto de 2026<\/time><\/footer><\/div><\/article><article class=\"cptb-magazine__item cptb-magazine__item--sidebar\"><div class=\"cptb-magazine__thumb cptb-news__thumb\"><a href=\"https:\/\/asertivia.com\/index.php\/pruebas\/paso-de-monte-gargano\/\" tabindex=\"-1\" aria-hidden=\"true\"><img decoding=\"async\" width=\"600\" height=\"494\" src=\"https:\/\/asertivia.com\/wp-content\/uploads\/2026\/08\/puerto-montana-21561-600x494.jpg\" class=\"attachment-medium size-medium wp-post-image\" alt=\"Paso de Monte Gargano\" loading=\"lazy\" srcset=\"https:\/\/asertivia.com\/wp-content\/uploads\/2026\/08\/puerto-montana-21561-600x494.jpg 600w, https:\/\/asertivia.com\/wp-content\/uploads\/2026\/08\/puerto-montana-21561-768x632.jpg 768w, https:\/\/asertivia.com\/wp-content\/uploads\/2026\/08\/puerto-montana-21561.jpg 1280w\" sizes=\"auto, (max-width: 600px) 100vw, 600px\" \/><\/a><\/div><div class=\"cptb-magazine__body cptb-news__body\"><h3 class=\"cptb-magazine__title cptb-news__title\"><a href=\"https:\/\/asertivia.com\/index.php\/pruebas\/paso-de-monte-gargano\/\">Paso de Monte Gargano<\/a><\/h3><p class=\"cptb-subtitle\">El paso de Monte Gargano, en la provincia de Foggia, fue durante siglos uno de los grandes itinerarios de peregrinaci\u00f3n del sur de Italia. El camino conduc\u00eda hasta el santuario de San Miguel Arc\u00e1ngel, levantado en la monta\u00f1a, y un\u00eda las llanuras de Apulia con los senderos elevados del promontorio del Gargano.<\/p><div class=\"cptb-magazine__excerpt cptb-news__excerpt\">El paso de Monte Gargano, en la provincia de Foggia, fue durante siglos uno de los grandes itinerarios de peregrinaci\u00f3n&hellip;<\/div><footer class=\"cptb-meta\"><time class=\"cptb-date\" datetime=\"2026-08-01T20:54:00+02:00\">1 de agosto de 2026<\/time><\/footer><\/div><\/article><\/div><\/div><\/div><\/div>\n\n\n<hr class=\"wp-block-separator has-alpha-channel-opacity\"\/>\n\n\n\n<h2 class=\"gb-text gb-text-3a5b38e8\">Pueblos blancos representativos<\/h2>\n\n\n<div class=\"fnp-hero fnp-hero--hero-featured \"><div class=\"fnp-grid fnp-grid--hero fnp-grid--cols-3 fnp-grid--first-featured fnp-image-ratio--16-9 \" style=\"--fnp-columns:3;--fnp-gap:24px;--fnp-columns-md:2;--fnp-columns-sm:1;\" data-grid-id=\"\" data-query='{&quot;post_type&quot;:&quot;pueblos&quot;,&quot;posts_per_page&quot;:3,&quot;orderby&quot;:&quot;date&quot;,&quot;order&quot;:&quot;DESC&quot;,&quot;query_type&quot;:&quot;custom&quot;,&quot;categories&quot;:[],&quot;tags&quot;:[],&quot;taxonomies&quot;:[{&quot;taxonomy&quot;:&quot;pueblos_bloque&quot;,&quot;terms&quot;:[&quot;27&quot;],&quot;operator&quot;:&quot;IN&quot;}],&quot;authors&quot;:[],&quot;exclude_current&quot;:false,&quot;only_sticky&quot;:false,&quot;only_with_image&quot;:false,&quot;offset&quot;:0,&quot;paged&quot;:1}' data-layout=\"hero\" data-template=\"\" data-page=\"1\" data-max-pages=\"1\" data-total=\"3\" data-pagination-type=\"none\" >        <article class=\"fnp-item fnp-item--hero fnp-item--index-0 fnp-item--first fnp-item--has-image\" data-post-id=\"4528\">\r\n            <div class=\"fnp-item__image \" style=\"\"><a href=\"https:\/\/asertivia.com\/index.php\/pueblos\/zahara-de-la-sierra-fortaleza-blanca-sobre-aguas-turquesas\/\" aria-label=\"Zahara de la Sierra, fortaleza blanca sobre aguas turquesas\"><img decoding=\"async\" width=\"1535\" height=\"1024\" src=\"https:\/\/asertivia.com\/wp-content\/uploads\/2026\/02\/Zahara-de-la-Sierra.jpg\" class=\"fnp-item__img wp-post-image\" alt=\"Zahara de la Sierra, fortaleza blanca sobre aguas turquesas\" loading=\"lazy\" srcset=\"https:\/\/asertivia.com\/wp-content\/uploads\/2026\/02\/Zahara-de-la-Sierra.jpg 1535w, https:\/\/asertivia.com\/wp-content\/uploads\/2026\/02\/Zahara-de-la-Sierra-300x200.jpg 300w, https:\/\/asertivia.com\/wp-content\/uploads\/2026\/02\/Zahara-de-la-Sierra-1024x683.jpg 1024w, https:\/\/asertivia.com\/wp-content\/uploads\/2026\/02\/Zahara-de-la-Sierra-768x512.jpg 768w\" sizes=\"auto, (max-width: 1535px) 100vw, 1535px\" \/><div class=\"fnp-item__image-overlay\" style=\"\"><\/div><\/a><\/div><div class=\"fnp-container fnp-item__content\"><h2 class=\"fnp-item__title \"><a href=\"https:\/\/asertivia.com\/index.php\/pueblos\/zahara-de-la-sierra-fortaleza-blanca-sobre-aguas-turquesas\/\">Zahara de la Sierra, fortaleza blanca sobre aguas turquesas<\/a><\/h2><p class=\"fnp-item__intro \">Herencia nazar\u00ed y paisaje monta\u00f1oso en la Sierra de C\u00e1diz<\/p><div class=\"fnp-item__meta \"><time class=\"fnp-item__date fnp-meta__date\" datetime=\"2026-08-23T16:30:00+02:00\"><span class=\"fnp-icon fnp-icon--calendar\"><\/span>28\/2\/2026<\/time><div class=\"fnp-item__author fnp-meta__author\"><span class=\"fnp-item__author-name\"><a href=\"https:\/\/asertivia.com\/index.php\/author\/asertivia\/\">Redacci\u00f3n Asertivia<\/a><\/span><\/div><span class=\"fnp-reading-time fnp-meta__reading-time\"><span class=\"fnp-icon fnp-icon--clock\"><\/span>4 min<\/span><\/div><\/div>        <\/article>\r\n                <article class=\"fnp-item fnp-item--hero fnp-item--index-1 fnp-item--has-image\" data-post-id=\"4527\">\r\n            <div class=\"fnp-item__image \" style=\"\"><a href=\"https:\/\/asertivia.com\/index.php\/pueblos\/zahara-de-los-atunes-enclave-blanco-donde-el-atlantico-define-el-horizonte\/\" aria-label=\"Zahara de los Atunes, enclave blanco donde el Atl\u00e1ntico define el horizonte\"><img decoding=\"async\" width=\"1536\" height=\"1024\" src=\"https:\/\/asertivia.com\/wp-content\/uploads\/2026\/02\/Zahara-de-los-Atunes.jpg\" class=\"fnp-item__img wp-post-image\" alt=\"Zahara de los Atunes, enclave blanco donde el Atl\u00e1ntico define el horizonte\" loading=\"lazy\" srcset=\"https:\/\/asertivia.com\/wp-content\/uploads\/2026\/02\/Zahara-de-los-Atunes.jpg 1536w, https:\/\/asertivia.com\/wp-content\/uploads\/2026\/02\/Zahara-de-los-Atunes-300x200.jpg 300w, https:\/\/asertivia.com\/wp-content\/uploads\/2026\/02\/Zahara-de-los-Atunes-1024x683.jpg 1024w, https:\/\/asertivia.com\/wp-content\/uploads\/2026\/02\/Zahara-de-los-Atunes-768x512.jpg 768w\" sizes=\"auto, (max-width: 1536px) 100vw, 1536px\" \/><div class=\"fnp-item__image-overlay\" style=\"\"><\/div><\/a><\/div><div class=\"fnp-container fnp-item__content\"><h2 class=\"fnp-item__title \"><a href=\"https:\/\/asertivia.com\/index.php\/pueblos\/zahara-de-los-atunes-enclave-blanco-donde-el-atlantico-define-el-horizonte\/\">Zahara de los Atunes, enclave blanco donde el Atl\u00e1ntico define el horizonte<\/a><\/h2><p class=\"fnp-item__intro \">Tradici\u00f3n marinera y paisaje costero en la provincia de C\u00e1diz<\/p><div class=\"fnp-item__meta \"><time class=\"fnp-item__date fnp-meta__date\" datetime=\"2026-08-18T16:30:00+02:00\"><span class=\"fnp-icon fnp-icon--calendar\"><\/span>28\/2\/2026<\/time><div class=\"fnp-item__author fnp-meta__author\"><span class=\"fnp-item__author-name\"><a href=\"https:\/\/asertivia.com\/index.php\/author\/asertivia\/\">Redacci\u00f3n Asertivia<\/a><\/span><\/div><span class=\"fnp-reading-time fnp-meta__reading-time\"><span class=\"fnp-icon fnp-icon--clock\"><\/span>4 min<\/span><\/div><\/div>        <\/article>\r\n                <article class=\"fnp-item fnp-item--hero fnp-item--index-2 fnp-item--has-image\" data-post-id=\"4526\">\r\n            <div class=\"fnp-item__image \" style=\"\"><a href=\"https:\/\/asertivia.com\/index.php\/pueblos\/el-real-de-la-jara-frontera-blanca-entre-andalucia-y-extremadura\/\" aria-label=\"El Real de la Jara, frontera blanca entre Andaluc\u00eda y Extremadura\"><img decoding=\"async\" width=\"1536\" height=\"1024\" src=\"https:\/\/asertivia.com\/wp-content\/uploads\/2026\/02\/El-Real-de-la-Jara.jpg\" class=\"fnp-item__img wp-post-image\" alt=\"El Real de la Jara, frontera blanca entre Andaluc\u00eda y Extremadura\" loading=\"lazy\" srcset=\"https:\/\/asertivia.com\/wp-content\/uploads\/2026\/02\/El-Real-de-la-Jara.jpg 1536w, https:\/\/asertivia.com\/wp-content\/uploads\/2026\/02\/El-Real-de-la-Jara-300x200.jpg 300w, https:\/\/asertivia.com\/wp-content\/uploads\/2026\/02\/El-Real-de-la-Jara-1024x683.jpg 1024w, https:\/\/asertivia.com\/wp-content\/uploads\/2026\/02\/El-Real-de-la-Jara-768x512.jpg 768w\" sizes=\"auto, (max-width: 1536px) 100vw, 1536px\" \/><div class=\"fnp-item__image-overlay\" style=\"\"><\/div><\/a><\/div><div class=\"fnp-container fnp-item__content\"><h2 class=\"fnp-item__title \"><a href=\"https:\/\/asertivia.com\/index.php\/pueblos\/el-real-de-la-jara-frontera-blanca-entre-andalucia-y-extremadura\/\">El Real de la Jara, frontera blanca entre Andaluc\u00eda y Extremadura<\/a><\/h2><p class=\"fnp-item__intro \">Historia medieval y paisaje serrano en el norte de la provincia de Sevilla<\/p><div class=\"fnp-item__meta \"><time class=\"fnp-item__date fnp-meta__date\" datetime=\"2026-08-13T16:30:00+02:00\"><span class=\"fnp-icon fnp-icon--calendar\"><\/span>28\/2\/2026<\/time><div class=\"fnp-item__author fnp-meta__author\"><span class=\"fnp-item__author-name\"><a href=\"https:\/\/asertivia.com\/index.php\/author\/asertivia\/\">Redacci\u00f3n Asertivia<\/a><\/span><\/div><span class=\"fnp-reading-time fnp-meta__reading-time\"><span class=\"fnp-icon fnp-icon--clock\"><\/span>4 min<\/span><\/div><\/div>        <\/article>\r\n        <\/div><\/div>\n\n\n<hr class=\"wp-block-separator has-alpha-channel-opacity\"\/>\n\n\n\n<div class=\"wp-block-columns is-layout-flex wp-container-core-columns-is-layout-9d6595d7 wp-block-columns-is-layout-flex\">\n<div class=\"wp-block-column is-layout-flow wp-block-column-is-layout-flow\" style=\"flex-basis:40%\">\n<h2 class=\"gb-text gb-text-8f0f2581\">Secretos del Antiguo Egipto<\/h2>\n\n\n<div class=\"fnp-hero fnp-hero--hero-featured \"><div class=\"fnp-grid fnp-grid--hero fnp-grid--cols-3 fnp-grid--first-featured fnp-image-ratio--16-9 \" style=\"--fnp-columns:3;--fnp-gap:24px;--fnp-columns-md:2;--fnp-columns-sm:1;\" data-grid-id=\"\" data-query='{&quot;post_type&quot;:&quot;egipto&quot;,&quot;posts_per_page&quot;:3,&quot;orderby&quot;:&quot;date&quot;,&quot;order&quot;:&quot;DESC&quot;,&quot;query_type&quot;:&quot;custom&quot;,&quot;categories&quot;:[],&quot;tags&quot;:[],&quot;taxonomies&quot;:[],&quot;authors&quot;:[],&quot;exclude_current&quot;:false,&quot;only_sticky&quot;:false,&quot;only_with_image&quot;:false,&quot;offset&quot;:0,&quot;paged&quot;:1}' data-layout=\"hero\" data-template=\"list-horizontal\" data-page=\"1\" data-max-pages=\"1\" data-total=\"3\" data-pagination-type=\"none\" >        <article class=\"fnp-item fnp-item--hero fnp-item--index-0 fnp-item--first fnp-item--has-image\" data-post-id=\"19973\">\r\n            <div class=\"fnp-item__image \" style=\"aspect-ratio:1\/1;\"><a href=\"https:\/\/asertivia.com\/index.php\/egipto\/artesanos-del-alabastro-y-la-piedra\/\" aria-label=\"Artesanos del alabastro y la piedra\"><img decoding=\"async\" width=\"300\" height=\"300\" src=\"https:\/\/asertivia.com\/wp-content\/uploads\/2026\/04\/egipto-19973-300x300.jpg\" class=\"fnp-item__img wp-post-image\" alt=\"Artesanos del alabastro y la piedra\" loading=\"lazy\" \/><\/a><\/div><div class=\"fnp-container fnp-item__content\"><h4 class=\"fnp-item__title \"><a href=\"https:\/\/asertivia.com\/index.php\/egipto\/artesanos-del-alabastro-y-la-piedra\/\">Artesanos del alabastro y la piedra<\/a><\/h4><p class=\"fnp-item__intro \">En diversas localidades egipcias, peque\u00f1os talleres producen objetos de alabastro y piedra siguiendo m\u00e9todos heredados de generaciones pasadas, conservando una\u2026<\/p><div class=\"fnp-item__meta \"><time class=\"fnp-item__date fnp-meta__date\" datetime=\"2026-04-04T22:45:59+02:00\"><span class=\"fnp-icon fnp-icon--calendar\"><\/span>2026-04-04 22:45:59<\/time><span class=\"fnp-reading-time fnp-meta__reading-time\"><span class=\"fnp-icon fnp-icon--clock\"><\/span>4 min<\/span><\/div><\/div>        <\/article>\r\n                <article class=\"fnp-item fnp-item--hero fnp-item--index-1 fnp-item--has-image\" data-post-id=\"19972\">\r\n            <div class=\"fnp-item__image \" style=\"aspect-ratio:1\/1;\"><a href=\"https:\/\/asertivia.com\/index.php\/egipto\/el-nilo-como-columna-vertebral-del-pais\/\" aria-label=\"El Nilo como columna vertebral del pa\u00eds\"><img decoding=\"async\" width=\"300\" height=\"300\" src=\"https:\/\/asertivia.com\/wp-content\/uploads\/2026\/04\/egipto-19972-300x300.jpg\" class=\"fnp-item__img wp-post-image\" alt=\"Nilo como columna vertebral del pa\u00eds\" loading=\"lazy\" \/><\/a><\/div><div class=\"fnp-container fnp-item__content\"><h4 class=\"fnp-item__title \"><a href=\"https:\/\/asertivia.com\/index.php\/egipto\/el-nilo-como-columna-vertebral-del-pais\/\">El Nilo como columna vertebral del pa\u00eds<\/a><\/h4><p class=\"fnp-item__intro \">El r\u00edo Nilo constituye el eje central de Egipto, organizando territorios, actividades agr\u00edcolas y asentamientos humanos, siendo la base sobre\u2026<\/p><div class=\"fnp-item__meta \"><time class=\"fnp-item__date fnp-meta__date\" datetime=\"2026-04-04T22:45:59+02:00\"><span class=\"fnp-icon fnp-icon--calendar\"><\/span>2026-04-04 22:45:59<\/time><span class=\"fnp-reading-time fnp-meta__reading-time\"><span class=\"fnp-icon fnp-icon--clock\"><\/span>4 min<\/span><\/div><\/div>        <\/article>\r\n                <article class=\"fnp-item fnp-item--hero fnp-item--index-2 fnp-item--has-image\" data-post-id=\"19971\">\r\n            <div class=\"fnp-item__image \" style=\"aspect-ratio:1\/1;\"><a href=\"https:\/\/asertivia.com\/index.php\/egipto\/templos-reflejados-en-el-agua-quieta\/\" aria-label=\"Templos reflejados en el agua quieta\"><img decoding=\"async\" width=\"300\" height=\"300\" src=\"https:\/\/asertivia.com\/wp-content\/uploads\/2026\/04\/egipto-19971-300x300.jpg\" class=\"fnp-item__img wp-post-image\" alt=\"Templos reflejados en el agua quieta\" loading=\"lazy\" \/><\/a><\/div><div class=\"fnp-container fnp-item__content\"><h4 class=\"fnp-item__title \"><a href=\"https:\/\/asertivia.com\/index.php\/egipto\/templos-reflejados-en-el-agua-quieta\/\">Templos reflejados en el agua quieta<\/a><\/h4><p class=\"fnp-item__intro \">A lo largo del r\u00edo Nilo, templos y monumentos antiguos se duplican en el reflejo de aguas tranquilas, creando composiciones\u2026<\/p><div class=\"fnp-item__meta \"><time class=\"fnp-item__date fnp-meta__date\" datetime=\"2026-04-04T22:45:58+02:00\"><span class=\"fnp-icon fnp-icon--calendar\"><\/span>2026-04-04 22:45:58<\/time><span class=\"fnp-reading-time fnp-meta__reading-time\"><span class=\"fnp-icon fnp-icon--clock\"><\/span>4 min<\/span><\/div><\/div>        <\/article>\r\n        <\/div><\/div><\/div>\n\n\n\n<div class=\"wp-block-column is-layout-flow wp-block-column-is-layout-flow\">\n<h2 class=\"gb-text gb-text-6cca4836\">El Peregrino caminar hasta Santiago<\/h2>\n\n\n<div class=\"fnp-timeline fnp-timeline--zigzag\"><div class=\"fnp-grid fnp-grid--timeline fnp-grid--cols-3 fnp-grid--first-featured fnp-grid--equal-height fnp-image-ratio--16-9 fnp-grid--hover-lift \" style=\"--fnp-columns:3;--fnp-gap:12px;--fnp-columns-md:2;--fnp-columns-sm:1;--fnp-title-font:&#039;Open Sans&#039;, sans-serif;--fnp-bg:#ffffff;--fnp-text:#1f4068;--fnp-text-light:#1f4068;--fnp-grid-bg:#ffffff;\" data-grid-id=\"\" data-query='{&quot;post_type&quot;:&quot;el_caminante&quot;,&quot;posts_per_page&quot;:8,&quot;orderby&quot;:&quot;date&quot;,&quot;order&quot;:&quot;DESC&quot;,&quot;query_type&quot;:&quot;custom&quot;,&quot;categories&quot;:[],&quot;tags&quot;:[],&quot;taxonomies&quot;:[],&quot;authors&quot;:[&quot;1&quot;],&quot;exclude_current&quot;:false,&quot;only_sticky&quot;:false,&quot;only_with_image&quot;:false,&quot;offset&quot;:1,&quot;paged&quot;:1}' data-layout=\"timeline\" data-template=\"timeline-entry\" data-page=\"1\" data-max-pages=\"1\" data-total=\"8\" data-pagination-type=\"none\" >        <article class=\"fnp-item fnp-item--hero fnp-item--index-0 fnp-item--first fnp-item--no-image\" data-post-id=\"9153\">\r\n            <time class=\"fnp-item__date fnp-timeline__date\" datetime=\"2026-08-27T11:30:00+02:00\">9\/3\/2026<\/time><div class=\"fnp-container fnp-timeline__content\"><h4 class=\"fnp-item__title \"><a href=\"https:\/\/asertivia.com\/index.php\/el_caminante\/la-pausa-necesaria\/\">La pausa necesaria<\/a><\/h4><p class=\"fnp-item__intro \">Hay momentos en los que detenerse no es una renuncia, sino una forma silenciosa de avanzar. Una pausa consciente puede\u2026<\/p><\/div>        <\/article>\r\n                <article class=\"fnp-item fnp-item--timeline fnp-item--index-1 fnp-item--no-image\" data-post-id=\"9152\">\r\n            <time class=\"fnp-item__date fnp-timeline__date\" datetime=\"2026-08-22T11:30:00+02:00\">9\/3\/2026<\/time><div class=\"fnp-container fnp-timeline__content\"><h4 class=\"fnp-item__title \"><a href=\"https:\/\/asertivia.com\/index.php\/el_caminante\/el-paisaje-repetido\/\">El paisaje repetido<\/a><\/h4><p class=\"fnp-item__intro \">Cuando el entorno se repite, la mirada aprende a retirarse y algo m\u00e1s profundo comienza a ocupar su lugar.<\/p><\/div>        <\/article>\r\n                <article class=\"fnp-item fnp-item--timeline fnp-item--index-2 fnp-item--no-image\" data-post-id=\"9151\">\r\n            <time class=\"fnp-item__date fnp-timeline__date\" datetime=\"2026-08-17T11:30:00+02:00\">9\/3\/2026<\/time><div class=\"fnp-container fnp-timeline__content\"><h4 class=\"fnp-item__title \"><a href=\"https:\/\/asertivia.com\/index.php\/el_caminante\/caminar-con-frio\/\">Caminar con fr\u00edo<\/a><\/h4><p class=\"fnp-item__intro \">Cuando la temperatura desciende, el camino obliga a una atenci\u00f3n distinta y a una gesti\u00f3n m\u00e1s cuidadosa de la energ\u00eda.<\/p><\/div>        <\/article>\r\n                <article class=\"fnp-item fnp-item--timeline fnp-item--index-3 fnp-item--no-image\" data-post-id=\"9150\">\r\n            <time class=\"fnp-item__date fnp-timeline__date\" datetime=\"2026-08-12T11:30:00+02:00\">9\/3\/2026<\/time><div class=\"fnp-container fnp-timeline__content\"><h4 class=\"fnp-item__title \"><a href=\"https:\/\/asertivia.com\/index.php\/el_caminante\/la-rutina-del-camino\/\">La rutina del camino<\/a><\/h4><p class=\"fnp-item__intro \">Cuando los d\u00edas se parecen, el camino deja de sorprender y empieza a ofrecer algo m\u00e1s profundo: estabilidad.<\/p><\/div>        <\/article>\r\n                <article class=\"fnp-item fnp-item--timeline fnp-item--index-4 fnp-item--no-image\" data-post-id=\"9149\">\r\n            <time class=\"fnp-item__date fnp-timeline__date\" datetime=\"2026-08-07T11:30:00+02:00\">9\/3\/2026<\/time><div class=\"fnp-container fnp-timeline__content\"><h4 class=\"fnp-item__title \"><a href=\"https:\/\/asertivia.com\/index.php\/el_caminante\/el-gesto-de-calzarse-por-la-manana\/\">El gesto de calzarse por la ma\u00f1ana<\/a><\/h4><p class=\"fnp-item__intro \">Antes de dar el primer paso, hay un gesto m\u00ednimo que concentra la decisi\u00f3n silenciosa de volver a avanzar.<\/p><\/div>        <\/article>\r\n                <article class=\"fnp-item fnp-item--timeline fnp-item--index-5 fnp-item--no-image\" data-post-id=\"9148\">\r\n            <time class=\"fnp-item__date fnp-timeline__date\" datetime=\"2026-08-02T11:30:00+02:00\">9\/3\/2026<\/time><div class=\"fnp-container fnp-timeline__content\"><h4 class=\"fnp-item__title \"><a href=\"https:\/\/asertivia.com\/index.php\/el_caminante\/dormir-profundamente\/\">Dormir profundamente<\/a><\/h4><p class=\"fnp-item__intro \">Tras jornadas sostenidas de camino, el sue\u00f1o deja de ser un deseo y se convierte en una consecuencia natural del\u2026<\/p><\/div>        <\/article>\r\n                <article class=\"fnp-item fnp-item--timeline fnp-item--index-6 fnp-item--no-image\" data-post-id=\"9147\">\r\n            <time class=\"fnp-item__date fnp-timeline__date\" datetime=\"2026-07-28T11:30:00+02:00\">9\/3\/2026<\/time><div class=\"fnp-container fnp-timeline__content\"><h4 class=\"fnp-item__title \"><a href=\"https:\/\/asertivia.com\/index.php\/el_caminante\/el-cuerpo-al-tercer-dia\/\">El cuerpo al tercer d\u00eda<\/a><\/h4><p class=\"fnp-item__intro \">Tras varias jornadas de camino, el cuerpo deja de reaccionar con sorpresa y empieza a expresarse con un lenguaje m\u00e1s\u2026<\/p><\/div>        <\/article>\r\n                <article class=\"fnp-item fnp-item--timeline fnp-item--index-7 fnp-item--no-image\" data-post-id=\"9146\">\r\n            <time class=\"fnp-item__date fnp-timeline__date\" datetime=\"2026-07-23T11:30:00+02:00\">9\/3\/2026<\/time><div class=\"fnp-container fnp-timeline__content\"><h4 class=\"fnp-item__title \"><a href=\"https:\/\/asertivia.com\/index.php\/el_caminante\/caminar-sin-pensar-en-nada\/\">Caminar sin pensar en nada<\/a><\/h4><p class=\"fnp-item__intro \">Hay instantes del camino en los que la mente se retira sin ser expulsada y deja espacio a una calma\u2026<\/p><\/div>        <\/article>\r\n        <\/div><\/div><\/div>\n<\/div>\n\n\n\n<hr class=\"wp-block-separator has-alpha-channel-opacity\"\/>\n\n\n\n<h2 class=\"gb-text gb-text-639d2941\">Pueblos con un \u00fanico acceso<\/h2>\n\n\n<div class=\"fnp-hero fnp-hero--hero-featured \"><div class=\"fnp-grid fnp-grid--hero fnp-grid--cols-3 fnp-grid--first-featured fnp-image-ratio--16-9 \" style=\"--fnp-columns:3;--fnp-gap:24px;--fnp-columns-md:2;--fnp-columns-sm:1;\" data-grid-id=\"\" data-query='{&quot;post_type&quot;:&quot;pueblos&quot;,&quot;posts_per_page&quot;:3,&quot;orderby&quot;:&quot;date&quot;,&quot;order&quot;:&quot;DESC&quot;,&quot;query_type&quot;:&quot;custom&quot;,&quot;categories&quot;:[],&quot;tags&quot;:[],&quot;taxonomies&quot;:[{&quot;taxonomy&quot;:&quot;pueblos_bloque&quot;,&quot;terms&quot;:[&quot;25&quot;],&quot;operator&quot;:&quot;IN&quot;}],&quot;authors&quot;:[],&quot;exclude_current&quot;:false,&quot;only_sticky&quot;:false,&quot;only_with_image&quot;:false,&quot;offset&quot;:0,&quot;paged&quot;:1}' data-layout=\"hero\" data-template=\"\" data-page=\"1\" data-max-pages=\"1\" data-total=\"3\" data-pagination-type=\"none\" >        <article class=\"fnp-item fnp-item--hero fnp-item--index-0 fnp-item--first fnp-item--has-image\" data-post-id=\"3970\">\r\n            <div class=\"fnp-item__image \" style=\"\"><a href=\"https:\/\/asertivia.com\/index.php\/pueblos\/roncal-las-aldeas-altas-del-valle-pirenaico-2\/\" aria-label=\"Roncal, las aldeas altas del valle pirenaico\"><img decoding=\"async\" width=\"1200\" height=\"750\" src=\"https:\/\/asertivia.com\/wp-content\/uploads\/2026\/02\/Roncal.jpg\" class=\"fnp-item__img wp-post-image\" alt=\"Roncal, las aldeas altas del valle pirenaico\" loading=\"lazy\" srcset=\"https:\/\/asertivia.com\/wp-content\/uploads\/2026\/02\/Roncal.jpg 1200w, https:\/\/asertivia.com\/wp-content\/uploads\/2026\/02\/Roncal-600x375.jpg 600w, https:\/\/asertivia.com\/wp-content\/uploads\/2026\/02\/Roncal-768x480.jpg 768w\" sizes=\"auto, (max-width: 1200px) 100vw, 1200px\" \/><div class=\"fnp-item__image-overlay\" style=\"\"><\/div><\/a><\/div><div class=\"fnp-container fnp-item__content\"><h2 class=\"fnp-item__title \"><a href=\"https:\/\/asertivia.com\/index.php\/pueblos\/roncal-las-aldeas-altas-del-valle-pirenaico-2\/\">Roncal, las aldeas altas del valle pirenaico<\/a><\/h2><p class=\"fnp-item__intro \">N\u00facleos de la provincia de Navarra donde la carretera longitudinal es el \u00fanico eje de comunicaci\u00f3n<\/p><div class=\"fnp-item__meta \"><time class=\"fnp-item__date fnp-meta__date\" datetime=\"2026-08-16T13:00:00+02:00\"><span class=\"fnp-icon fnp-icon--calendar\"><\/span>28\/2\/2026<\/time><div class=\"fnp-item__author fnp-meta__author\"><span class=\"fnp-item__author-name\"><a href=\"https:\/\/asertivia.com\/index.php\/author\/asertivia\/\">Redacci\u00f3n Asertivia<\/a><\/span><\/div><span class=\"fnp-reading-time fnp-meta__reading-time\"><span class=\"fnp-icon fnp-icon--clock\"><\/span>3 min<\/span><\/div><\/div>        <\/article>\r\n                <article class=\"fnp-item fnp-item--hero fnp-item--index-1 fnp-item--has-image\" data-post-id=\"3969\">\r\n            <div class=\"fnp-item__image \" style=\"\"><a href=\"https:\/\/asertivia.com\/index.php\/pueblos\/zuriza-el-refugio-de-alta-montana-con-acceso-estacional\/\" aria-label=\"Zuriza, el refugio de alta monta\u00f1a con acceso estacional\"><img decoding=\"async\" width=\"2048\" height=\"1536\" src=\"https:\/\/asertivia.com\/wp-content\/uploads\/2026\/02\/Zuriza.jpg\" class=\"fnp-item__img wp-post-image\" alt=\"Zuriza, el refugio de alta monta\u00f1a con acceso estacional\" loading=\"lazy\" srcset=\"https:\/\/asertivia.com\/wp-content\/uploads\/2026\/02\/Zuriza.jpg 2048w, https:\/\/asertivia.com\/wp-content\/uploads\/2026\/02\/Zuriza-600x450.jpg 600w, https:\/\/asertivia.com\/wp-content\/uploads\/2026\/02\/Zuriza-1350x1013.jpg 1350w, https:\/\/asertivia.com\/wp-content\/uploads\/2026\/02\/Zuriza-768x576.jpg 768w, https:\/\/asertivia.com\/wp-content\/uploads\/2026\/02\/Zuriza-1536x1152.jpg 1536w\" sizes=\"auto, (max-width: 2048px) 100vw, 2048px\" \/><div class=\"fnp-item__image-overlay\" style=\"\"><\/div><\/a><\/div><div class=\"fnp-container fnp-item__content\"><h2 class=\"fnp-item__title \"><a href=\"https:\/\/asertivia.com\/index.php\/pueblos\/zuriza-el-refugio-de-alta-montana-con-acceso-estacional\/\">Zuriza, el refugio de alta monta\u00f1a con acceso estacional<\/a><\/h2><p class=\"fnp-item__intro \">Un enclave del Pirineo aragon\u00e9s, en la provincia de Huesca, cuya comunicaci\u00f3n depende de una pista \u00fanica condicionada por el clima<\/p><div class=\"fnp-item__meta \"><time class=\"fnp-item__date fnp-meta__date\" datetime=\"2026-08-11T13:00:00+02:00\"><span class=\"fnp-icon fnp-icon--calendar\"><\/span>28\/2\/2026<\/time><div class=\"fnp-item__author fnp-meta__author\"><span class=\"fnp-item__author-name\"><a href=\"https:\/\/asertivia.com\/index.php\/author\/asertivia\/\">Redacci\u00f3n Asertivia<\/a><\/span><\/div><span class=\"fnp-reading-time fnp-meta__reading-time\"><span class=\"fnp-icon fnp-icon--clock\"><\/span>3 min<\/span><\/div><\/div>        <\/article>\r\n                <article class=\"fnp-item fnp-item--hero fnp-item--index-2 fnp-item--has-image\" data-post-id=\"3968\">\r\n            <div class=\"fnp-item__image \" style=\"\"><a href=\"https:\/\/asertivia.com\/index.php\/pueblos\/fago-el-valle-cerrado-del-pirineo-aragones\/\" aria-label=\"Fago, el valle cerrado del Pirineo aragon\u00e9s\"><img decoding=\"async\" width=\"1200\" height=\"675\" src=\"https:\/\/asertivia.com\/wp-content\/uploads\/2026\/02\/Fago.jpg\" class=\"fnp-item__img wp-post-image\" alt=\"Fago, el valle cerrado del Pirineo aragon\u00e9s\" loading=\"lazy\" srcset=\"https:\/\/asertivia.com\/wp-content\/uploads\/2026\/02\/Fago.jpg 1200w, https:\/\/asertivia.com\/wp-content\/uploads\/2026\/02\/Fago-600x338.jpg 600w, https:\/\/asertivia.com\/wp-content\/uploads\/2026\/02\/Fago-768x432.jpg 768w\" sizes=\"auto, (max-width: 1200px) 100vw, 1200px\" \/><div class=\"fnp-item__image-overlay\" style=\"\"><\/div><\/a><\/div><div class=\"fnp-container fnp-item__content\"><h2 class=\"fnp-item__title \"><a href=\"https:\/\/asertivia.com\/index.php\/pueblos\/fago-el-valle-cerrado-del-pirineo-aragones\/\">Fago, el valle cerrado del Pirineo aragon\u00e9s<\/a><\/h2><p class=\"fnp-item__intro \">Un peque\u00f1o municipio de la provincia de Huesca al que se accede \u00fanicamente por una carretera que finaliza en el n\u00facleo<\/p><div class=\"fnp-item__meta \"><time class=\"fnp-item__date fnp-meta__date\" datetime=\"2026-08-06T13:00:00+02:00\"><span class=\"fnp-icon fnp-icon--calendar\"><\/span>28\/2\/2026<\/time><div class=\"fnp-item__author fnp-meta__author\"><span class=\"fnp-item__author-name\"><a href=\"https:\/\/asertivia.com\/index.php\/author\/asertivia\/\">Redacci\u00f3n Asertivia<\/a><\/span><\/div><span class=\"fnp-reading-time fnp-meta__reading-time\"><span class=\"fnp-icon fnp-icon--clock\"><\/span>3 min<\/span><\/div><\/div>        <\/article>\r\n        <\/div><\/div>\n\n\n<hr class=\"wp-block-separator has-alpha-channel-opacity\"\/>\n\n\n\n<h2 class=\"gb-text gb-text-6b05d078\">Tecnol\u00f3gicas<\/h2>\n\n\n<div class=\"fnp-grid fnp-grid--magazine fnp-grid--cols-3 fnp-grid--equal-height fnp-image-ratio--16-9 fnp-grid--hover-lift \" style=\"--fnp-columns:3;--fnp-gap:24px;--fnp-columns-md:2;--fnp-columns-sm:1;--fnp-bg:#fff1e0;--fnp-text:#1f4068;--fnp-text-light:#1f4068;\" data-grid-id=\"\" data-query='{&quot;post_type&quot;:&quot;tecnologias&quot;,&quot;posts_per_page&quot;:2,&quot;orderby&quot;:&quot;menu_order&quot;,&quot;order&quot;:&quot;DESC&quot;,&quot;query_type&quot;:&quot;custom&quot;,&quot;categories&quot;:[],&quot;tags&quot;:[],&quot;taxonomies&quot;:[],&quot;authors&quot;:[],&quot;exclude_current&quot;:false,&quot;only_sticky&quot;:false,&quot;only_with_image&quot;:false,&quot;offset&quot;:0,&quot;paged&quot;:1}' data-layout=\"magazine\" data-template=\"classic-news\" data-page=\"1\" data-max-pages=\"1\" data-total=\"2\" data-pagination-type=\"numeric\" >        <article class=\"fnp-item fnp-item--magazine fnp-item--index-0 fnp-item--first fnp-item--no-image\" data-post-id=\"19857\">\r\n            <div class=\"fnp-container fnp-item__content\"><h3 class=\"fnp-item__title \"><a href=\"https:\/\/asertivia.com\/index.php\/tecnologias\/vehiculos-voladores-el-enigma-del-transporte-urbano-que-aun-no-despega\/\">Veh\u00edculos voladores, el enigma del transporte urbano que a\u00fan no despega<\/a><\/h3><p class=\"fnp-item__intro \">La idea de desplazarse por el aire dentro de entornos urbanos ha fascinado durante d\u00e9cadas. Aunque existen modelos experimentales capaces\u2026<\/p><div class=\"fnp-item__meta \"><time class=\"fnp-item__date fnp-meta__date\" datetime=\"2026-04-04T22:45:25+02:00\"><span class=\"fnp-icon fnp-icon--calendar\"><\/span>2026-04-04 22:45:25<\/time><div class=\"fnp-item__author fnp-meta__author\"><span class=\"fnp-item__author-name\"><a href=\"https:\/\/asertivia.com\/index.php\/author\/asertivia\/\">Asertivia<\/a><\/span><\/div><\/div><\/div>        <\/article>\r\n                <article class=\"fnp-item fnp-item--magazine fnp-item--index-1 fnp-item--no-image\" data-post-id=\"19858\">\r\n            <div class=\"fnp-container fnp-item__content\"><h3 class=\"fnp-item__title \"><a href=\"https:\/\/asertivia.com\/index.php\/tecnologias\/sistemas-de-control-industrial-automatizados-el-pulso-invisible-de-la-produccion-moderna\/\">Sistemas de control industrial automatizados, el pulso invisible de la producci\u00f3n moderna<\/a><\/h3><p class=\"fnp-item__intro \">La automatizaci\u00f3n industrial permite que f\u00e1bricas enteras funcionen bajo supervisi\u00f3n electr\u00f3nica continua. Estos sistemas controlan variables cr\u00edticas y garantizan que\u2026<\/p><div class=\"fnp-item__meta \"><time class=\"fnp-item__date fnp-meta__date\" datetime=\"2026-04-04T22:45:25+02:00\"><span class=\"fnp-icon fnp-icon--calendar\"><\/span>2026-04-04 22:45:25<\/time><div class=\"fnp-item__author fnp-meta__author\"><span class=\"fnp-item__author-name\"><a href=\"https:\/\/asertivia.com\/index.php\/author\/asertivia\/\">Asertivia<\/a><\/span><\/div><\/div><\/div>        <\/article>\r\n        <\/div>\n\n\n<hr class=\"wp-block-separator has-alpha-channel-opacity\"\/>\n\n\n\n<div class=\"wp-block-columns is-layout-flex wp-container-core-columns-is-layout-9d6595d7 wp-block-columns-is-layout-flex\">\n<div class=\"wp-block-column is-layout-flow wp-block-column-is-layout-flow\" style=\"flex-basis:30%\">\n<div class=\"wp-block-group\"><div class=\"wp-block-group__inner-container is-layout-constrained wp-block-group-is-layout-constrained\"><!-- Widget Noticias RSS - P\u00e1gina (versi\u00f3n clara) -->\r\n<style>\r\n.nwc{font-family:'Segoe UI',system-ui,sans-serif;width:100%;box-sizing:border-box;background:#fff;border-radius:16px;color:#3d2b1f;overflow:hidden;border:1px solid #f0ddc2;box-shadow:0 4px 20px rgba(0,0,0,.10)}\r\n.nwc-head{padding:14px 16px 10px;text-align:center;border-bottom:1px solid #f0ddc2;background:#fdf6ee}\r\n.nwc-head h3{margin:0;font-size:1rem;color:#7c4a1e}\r\n.nwc-tabs{display:flex;gap:0;padding:4px 14px 0;border-bottom:1px solid #f0ddc2}\r\n.nwc-tab{flex:1;text-align:center;padding:7px 0;font-size:.72rem;color:#b8895a;cursor:pointer;border-bottom:2px solid transparent;transition:color .2s,border .2s}\r\n.nwc-tab:hover{color:#6b4c35}\r\n.nwc-tab.act{color:#c2925a;border-bottom-color:#c2925a}\r\n.nwc-body{padding:8px 14px 6px;min-height:120px}\r\n.nwc-item{display:block;padding:8px 10px;margin-bottom:4px;border-radius:8px;background:#fdf8f2;border:1px solid #f0ddc2;color:#3d2b1f;text-decoration:none;font-size:.78rem;line-height:1.35;transition:background .2s,transform .15s}\r\n.nwc-item:hover{background:#fdf6ee;color:#7c4a1e;transform:translateX(2px)}\r\n.nwc-item time{display:block;font-size:.64rem;color:#b8895a;margin-top:3px}\r\n.nwc-load{text-align:center;padding:20px 0;color:#b8895a;font-size:.78rem}\r\n.nwc-foot{text-align:center;padding:8px 14px 12px;font-size:.64rem;color:#b8895a;border-top:1px solid #f0ddc2;background:#fdf6ee}\r\n.nwc-foot a{color:#b8895a;text-decoration:none}\r\n.nwc-foot a:hover{color:#7c4a1e}\r\n<\/style>\r\n\r\n<div class=\"nwc\">\r\n  <div class=\"nwc-head\">\r\n    <h3>\ud83d\udcf0 Titulares<\/h3>\r\n  <\/div>\r\n  <div class=\"nwc-tabs\" id=\"nwcTabs\">\r\n    <div class=\"nwc-tab act\" data-feed=\"general\">General<\/div>\r\n    <div class=\"nwc-tab\" data-feed=\"deportes\">Deportes<\/div>\r\n    <div class=\"nwc-tab\" data-feed=\"tech\">Tecnolog\u00eda<\/div>\r\n  <\/div>\r\n  <div class=\"nwc-body\" id=\"nwcBody\">\r\n    <div class=\"nwc-load\">Cargando titulares\u2026<\/div>\r\n  <\/div>\r\n  <div class=\"nwc-foot\">Titulares v\u00eda RSS \u00b7 Enlace al art\u00edculo original<\/div>\r\n<\/div>\r\n\r\n<script>\r\n(function(){\r\n  var feeds={\r\n    general:'https:\/\/feeds.elpais.com\/mrss-s\/pages\/ep\/site\/elpais.com\/portada',\r\n    deportes:'https:\/\/e00-marca.uecdn.es\/rss\/portada.xml',\r\n    tech:'https:\/\/feeds.weblogssl.com\/xataka2'\r\n  };\r\n  var proxies=[\r\n    function(url){return'https:\/\/api.allorigins.win\/raw?url='+encodeURIComponent(url)},\r\n    function(url){return'https:\/\/api.rss2json.com\/v1\/api.json?rss_url='+encodeURIComponent(url)}\r\n  ];\r\n  var cache={};\r\n  var activo='general';\r\n  var MAX=6;\r\n\r\n  function tiempoRel(fecha){\r\n    var d=new Date(fecha),a=new Date(),m=Math.floor((a-d)\/60000);\r\n    if(isNaN(m)||m<0)return'';\r\n    if(m<1)return'Ahora';if(m<60)return'Hace '+m+' min';\r\n    var h=Math.floor(m\/60);if(h<24)return'Hace '+h+' h';\r\n    return'Hace '+Math.floor(h\/24)+' d';\r\n  }\r\n\r\n  function parseXML(txt){\r\n    var parser=new DOMParser();\r\n    var doc=parser.parseFromString(txt,'text\/xml');\r\n    var items=doc.querySelectorAll('item');\r\n    var res=[];\r\n    for(var i=0;i<items.length&&i<MAX;i++){\r\n      var ti=items[i].querySelector('title');\r\n      var li=items[i].querySelector('link');\r\n      var da=items[i].querySelector('pubDate');\r\n      if(ti)res.push({title:ti.textContent,link:li?li.textContent:'#',pubDate:da?da.textContent:''});\r\n    }\r\n    return res;\r\n  }\r\n\r\n  function pintar(items){\r\n    var el=document.getElementById('nwcBody');\r\n    if(!items||!items.length){el.innerHTML='<div class=\"nwc-load\">Sin titulares<\/div>';return;}\r\n    var html='';\r\n    for(var i=0;i<items.length;i++){\r\n      var t=items[i].title||'';\r\n      var l=items[i].link||'#';\r\n      var tr=tiempoRel(items[i].pubDate);\r\n      html+='<a class=\"nwc-item\" href=\"'+l+'\" target=\"_blank\" rel=\"noopener\">'+t+(tr?'<time>'+tr+'<\/time>':'')+'<\/a>';\r\n    }\r\n    el.innerHTML=html;\r\n  }\r\n\r\n  function intentar(cat,pi){\r\n    if(pi>=proxies.length){\r\n      document.getElementById('nwcBody').innerHTML='<div class=\"nwc-load\">No disponible<\/div>';\r\n      return;\r\n    }\r\n    var url=proxies[pi](feeds[cat]);\r\n    var x=new XMLHttpRequest();\r\n    x.open('GET',url,true);\r\n    x.onload=function(){\r\n      if(x.status===200){\r\n        try{\r\n          var r=JSON.parse(x.responseText);\r\n          if(r.items&&r.items.length){cache[cat]=r.items.slice(0,MAX);pintar(cache[cat]);return;}\r\n        }catch(e){}\r\n        try{\r\n          var items=parseXML(x.responseText);\r\n          if(items.length){cache[cat]=items;pintar(items);return;}\r\n        }catch(e){}\r\n        intentar(cat,pi+1);\r\n      }else{intentar(cat,pi+1);}\r\n    };\r\n    x.onerror=function(){intentar(cat,pi+1)};\r\n    x.send();\r\n  }\r\n\r\n  function cargar(cat){\r\n    activo=cat;\r\n    if(cache[cat]){pintar(cache[cat]);return;}\r\n    document.getElementById('nwcBody').innerHTML='<div class=\"nwc-load\">Cargando\u2026<\/div>';\r\n    intentar(cat,0);\r\n  }\r\n\r\n  var tabs=document.getElementById('nwcTabs').children;\r\n  for(var i=0;i<tabs.length;i++){\r\n    tabs[i].onclick=(function(tab){\r\n      return function(){\r\n        for(var j=0;j<tabs.length;j++) tabs[j].className='nwc-tab';\r\n        tab.className='nwc-tab act';\r\n        cargar(tab.getAttribute('data-feed'));\r\n      };\r\n    })(tabs[i]);\r\n  }\r\n\r\n  cargar('general');\r\n  setInterval(function(){cache={};cargar(activo);},300000);\r\n})();\r\n<\/script>\n<\/div><\/div>\n<\/div>\n\n\n\n<div class=\"wp-block-column is-vertically-aligned-stretch has-large-font-size is-layout-flow wp-block-column-is-layout-flow\" style=\"flex-basis:70%\">\n<p class=\"gb-text gb-text-857c2321\"><strong>INFORMACION, RECONOCIMIENTO Y VIDA<\/strong><\/p>\n\n\n\n<p class=\"gb-text gb-text-da557e81\">Grandes pioneras de la historia<\/p>\n\n\n<div class=\"fnp-grid fnp-grid--list fnp-grid--cols-3 fnp-image-ratio--16-9 fnp-grid--hover-lift \" style=\"--fnp-columns:3;--fnp-gap:20px;--fnp-columns-md:2;--fnp-columns-sm:1;\" data-grid-id=\"\" data-query='{&quot;post_type&quot;:&quot;pionera&quot;,&quot;posts_per_page&quot;:1,&quot;orderby&quot;:&quot;date&quot;,&quot;order&quot;:&quot;DESC&quot;,&quot;query_type&quot;:&quot;custom&quot;,&quot;categories&quot;:[],&quot;tags&quot;:[],&quot;taxonomies&quot;:[],&quot;authors&quot;:[&quot;1&quot;],&quot;exclude_current&quot;:false,&quot;only_sticky&quot;:false,&quot;only_with_image&quot;:false,&quot;offset&quot;:0,&quot;paged&quot;:1}' data-layout=\"list\" data-template=\"list-horizontal\" data-page=\"1\" data-max-pages=\"1\" data-total=\"1\" data-pagination-type=\"none\" >        <article class=\"fnp-item fnp-item--list fnp-item--index-0 fnp-item--first fnp-item--has-image\" data-post-id=\"4395\">\r\n            <div class=\"fnp-item__image \" style=\"aspect-ratio:1\/1;\"><a href=\"https:\/\/asertivia.com\/index.php\/pionera\/ellen-johnson-sirleaf-la-presidenta-que-simbolizo-la-reconstruccion-de-liberia\/\" aria-label=\"Ellen Johnson Sirleaf, la presidenta que simboliz\u00f3 la reconstrucci\u00f3n de Liberia\"><img decoding=\"async\" width=\"150\" height=\"150\" src=\"https:\/\/asertivia.com\/wp-content\/uploads\/2026\/02\/Ellen-Johnson-Sirleaf2-150x150.jpg\" class=\"fnp-item__img wp-post-image\" alt=\"Ellen Johnson Sirleaf, la presidenta que simboliz\u00f3 la reconstrucci\u00f3n de Liberia\" loading=\"lazy\" \/><\/a><\/div><div class=\"fnp-container fnp-item__content\"><h4 class=\"fnp-item__title \"><a href=\"https:\/\/asertivia.com\/index.php\/pionera\/ellen-johnson-sirleaf-la-presidenta-que-simbolizo-la-reconstruccion-de-liberia\/\">Ellen Johnson Sirleaf, la presidenta que simboliz\u00f3 la reconstrucci\u00f3n de Liberia<\/a><\/h4><p class=\"fnp-item__intro \">La elecci\u00f3n de Ellen Johnson Sirleaf como presidenta de Liberia marc\u00f3 el inicio de una nueva etapa para un pa\u00eds\u2026<\/p><div class=\"fnp-item__meta \"><time class=\"fnp-item__date fnp-meta__date\" datetime=\"2026-09-04T18:00:00+02:00\"><span class=\"fnp-icon fnp-icon--calendar\"><\/span>2026-09-04 18:00:00<\/time><span class=\"fnp-reading-time fnp-meta__reading-time\"><span class=\"fnp-icon fnp-icon--clock\"><\/span>3 min<\/span><\/div><\/div>        <\/article>\r\n        <\/div>\n\n\n<hr class=\"wp-block-separator has-alpha-channel-opacity is-style-default\"\/>\n\n\n\n<div class=\"wp-block-columns is-layout-flex wp-container-core-columns-is-layout-9d6595d7 wp-block-columns-is-layout-flex\">\n<div class=\"wp-block-column is-layout-flow wp-block-column-is-layout-flow\">\n<div class=\"wp-block-media-text alignwide has-media-on-the-right is-stacked-on-mobile is-vertically-aligned-top is-image-fill-element\" style=\"grid-template-columns:auto 40%\"><div class=\"wp-block-media-text__content\">\n<div><div class=\"gb-looper-98442d2b\">\n<div class=\"gb-loop-item post-2463 etica type-etica status-publish format-standard hentry category-sin-categoria\">\n<p class=\"gb-text gb-text-f98ea174\">\u00c9tica sin rodeos<\/p>\n\n\n<h2 style=\"color:#1f4068; font-size:17px;font-style:italic;font-weight:600;\" class=\"has-text-align-center has-link-color wp-elements-5f277accdf2a6a98dbbe25cabbf3fd79 wp-block-post-title has-text-color\"><a href=\"https:\/\/asertivia.com\/index.php\/etica\/etica-y-justicia-social\/\" target=\"_self\" >\u00c9tica y justicia social<\/a><\/h2>\n\n<div style=\"font-size:14px;\" class=\"has-link-color wp-elements-217b2b040a3f8bc262043cc9c98d57ee wp-block-post-excerpt has-text-color has-contrast-2-color\"><p class=\"wp-block-post-excerpt__excerpt\">La justicia social exige algo m\u00e1s que buenas intenciones.<\/p><p class=\"wp-block-post-excerpt__more-text\"><a class=\"wp-block-post-excerpt__more-link\" href=\"https:\/\/asertivia.com\/index.php\/etica\/etica-y-justicia-social\/\">SEGUIR LEYENDO&#8230;<\/a><\/p><\/div><\/div>\n<\/div><\/div>\n<\/div><figure class=\"wp-block-media-text__media\"><img loading=\"lazy\" decoding=\"async\" width=\"1350\" height=\"983\" src=\"https:\/\/lightblue-gaur-229646.hostingersite.com\/wp-content\/uploads\/2026\/03\/IMG_3980-1350x983.jpg\" alt=\"\" class=\"wp-image-13401 size-full\" style=\"object-position:50% 50%\" srcset=\"https:\/\/asertivia.com\/wp-content\/uploads\/2026\/03\/IMG_3980-1350x983.jpg 1350w, https:\/\/asertivia.com\/wp-content\/uploads\/2026\/03\/IMG_3980-600x437.jpg 600w, https:\/\/asertivia.com\/wp-content\/uploads\/2026\/03\/IMG_3980-768x560.jpg 768w, https:\/\/asertivia.com\/wp-content\/uploads\/2026\/03\/IMG_3980-1536x1119.jpg 1536w, https:\/\/asertivia.com\/wp-content\/uploads\/2026\/03\/IMG_3980.jpg 1606w\" sizes=\"auto, (max-width: 1350px) 100vw, 1350px\" \/><\/figure><\/div>\n<\/div>\n<\/div>\n<\/div>\n<\/div>\n\n\n\n<hr class=\"wp-block-separator has-alpha-channel-opacity\"\/>\n\n\n\n<div style=\"height:10px\" aria-hidden=\"true\" class=\"wp-block-spacer\"><\/div>\n\n\n\n<h2 class=\"gb-text gb-text-88149fa4\">SABER Y CONOCIMIENTO NO OCUPAN LUGAR<\/h2>\n\n\n\n<div class=\"wp-block-columns is-layout-flex wp-container-core-columns-is-layout-9d6595d7 wp-block-columns-is-layout-flex\">\n<div class=\"wp-block-column is-vertically-aligned-center is-layout-flow wp-block-column-is-layout-flow\">\n<p class=\"gb-text gb-text-e96a92f4\"><strong>SABER<\/strong><\/p>\n\n\n\n<div><div class=\"gb-looper-29fdbd0c\">\n<div class=\"gb-loop-item post-6290 saber type-saber status-publish format-standard hentry category-sin-categoria\"><h2 style=\"color:#1f4068; font-size:15px;font-style:italic;font-weight:600;\" class=\"has-text-align-center has-link-color wp-elements-30f40bef603667378e96555bc2b7c02a wp-block-post-title has-text-color\"><a href=\"https:\/\/asertivia.com\/index.php\/saber\/el-manuscrito-voynich-el-libro-que-nadie-ha-logrado-leer\/\" target=\"_self\" >El manuscrito Voynich, el libro que nadie ha logrado leer<\/a><\/h2>\n\n<div style=\"font-size:12px;\" class=\"has-link-color wp-elements-f976ecd06e7dfc697316b7d0e62c14a9 wp-block-post-excerpt has-text-color has-contrast-2-color\"><p class=\"wp-block-post-excerpt__excerpt\">Entre los documentos m\u00e1s desconcertantes conservados en bibliotecas modernas se encuentra un manuscrito ilustrado del siglo XV cuya&hellip;<\/p><p class=\"wp-block-post-excerpt__more-text\"><a class=\"wp-block-post-excerpt__more-link\" href=\"https:\/\/asertivia.com\/index.php\/saber\/el-manuscrito-voynich-el-libro-que-nadie-ha-logrado-leer\/\">SEGUIR LEYENDO&#8230;<\/a><\/p><\/div><\/div>\n\n<div class=\"gb-loop-item post-6289 saber type-saber status-publish format-standard hentry category-sin-categoria\"><h2 style=\"color:#1f4068; font-size:15px;font-style:italic;font-weight:600;\" class=\"has-text-align-center has-link-color wp-elements-30f40bef603667378e96555bc2b7c02a wp-block-post-title has-text-color\"><a href=\"https:\/\/asertivia.com\/index.php\/saber\/catapultas-y-trebuchets-las-maquinas-que-derribaban-murallas\/\" target=\"_self\" >Catapultas y trebuchets, las m\u00e1quinas que derribaban murallas<\/a><\/h2>\n\n<div style=\"font-size:12px;\" class=\"has-link-color wp-elements-f976ecd06e7dfc697316b7d0e62c14a9 wp-block-post-excerpt has-text-color has-contrast-2-color\"><p class=\"wp-block-post-excerpt__excerpt\">Durante la Edad Media, conquistar un castillo o una ciudad amurallada requer\u00eda algo m\u00e1s que fuerza bruta. Las&hellip;<\/p><p class=\"wp-block-post-excerpt__more-text\"><a class=\"wp-block-post-excerpt__more-link\" href=\"https:\/\/asertivia.com\/index.php\/saber\/catapultas-y-trebuchets-las-maquinas-que-derribaban-murallas\/\">SEGUIR LEYENDO&#8230;<\/a><\/p><\/div><\/div>\n<\/div><\/div>\n<\/div>\n\n\n\n<div class=\"wp-block-column is-vertically-aligned-top is-layout-flow wp-block-column-is-layout-flow\">\n<p class=\"gb-text gb-text-fe03e556\"><strong>SAB\u00cdAS QUE&#8230;<\/strong><\/p>\n\n\n\n<div class=\"gb-query-f57e388b\"><div class=\"gb-looper-bc39f347\">\n<div class=\"gb-loop-item post-2251 sabias_que type-sabias_que status-publish format-standard hentry\"><h2 style=\"color:#1f4068; font-size:15px;font-style:italic;font-weight:600;\" class=\"has-text-align-center has-link-color wp-elements-30f40bef603667378e96555bc2b7c02a wp-block-post-title has-text-color\"><a href=\"https:\/\/asertivia.com\/index.php\/sabias_que\/las-maquinas-sonadas-antes-de-existir\/\" target=\"_self\" >Las m\u00e1quinas so\u00f1adas antes de existir<\/a><\/h2>\n\n<div style=\"font-size:12px;\" class=\"has-link-color wp-elements-f976ecd06e7dfc697316b7d0e62c14a9 wp-block-post-excerpt has-text-color has-contrast-2-color\"><p class=\"wp-block-post-excerpt__excerpt\">En los cuadernos de Leonardo da Vinci se conservan bocetos de artefactos que no pudieron construirse en su&hellip;<\/p><p class=\"wp-block-post-excerpt__more-text\"><a class=\"wp-block-post-excerpt__more-link\" href=\"https:\/\/asertivia.com\/index.php\/sabias_que\/las-maquinas-sonadas-antes-de-existir\/\">SEGUIR LEYENDO&#8230;<\/a><\/p><\/div><\/div>\n\n<div class=\"gb-loop-item post-2250 sabias_que type-sabias_que status-publish format-standard hentry\"><h2 style=\"color:#1f4068; font-size:15px;font-style:italic;font-weight:600;\" class=\"has-text-align-center has-link-color wp-elements-30f40bef603667378e96555bc2b7c02a wp-block-post-title has-text-color\"><a href=\"https:\/\/asertivia.com\/index.php\/sabias_que\/escenarios-de-piedra-para-el-espectaculo-romano\/\" target=\"_self\" >Escenarios de piedra para el espect\u00e1culo romano<\/a><\/h2>\n\n<div style=\"font-size:12px;\" class=\"has-link-color wp-elements-f976ecd06e7dfc697316b7d0e62c14a9 wp-block-post-excerpt has-text-color has-contrast-2-color\"><p class=\"wp-block-post-excerpt__excerpt\">En las ciudades del Imperio romano se levantaron construcciones monumentales destinadas a reunir a miles de personas en&hellip;<\/p><p class=\"wp-block-post-excerpt__more-text\"><a class=\"wp-block-post-excerpt__more-link\" href=\"https:\/\/asertivia.com\/index.php\/sabias_que\/escenarios-de-piedra-para-el-espectaculo-romano\/\">SEGUIR LEYENDO&#8230;<\/a><\/p><\/div><\/div>\n<\/div><\/div>\n<\/div>\n\n\n\n<div class=\"wp-block-column is-vertically-aligned-top is-layout-flow wp-block-column-is-layout-flow\">\n<p class=\"gb-text gb-text-0e7f6fda\"><strong> LOS OR\u00cdGENES DE&#8230;<\/strong><\/p>\n\n\n\n<div><div class=\"gb-looper-f63ee43c\">\n<div class=\"gb-loop-item post-2146 el_origen_de type-el_origen_de status-publish format-standard hentry\"><h2 style=\"color:#1f4068; font-size:15px;font-style:italic;font-weight:600;\" class=\"has-text-align-center has-link-color wp-elements-30f40bef603667378e96555bc2b7c02a wp-block-post-title has-text-color\"><a href=\"https:\/\/asertivia.com\/index.php\/el_origen_de\/de-donde-viene-poner-toda-la-carne-en-el-asador\/\" target=\"_self\" >De d\u00f3nde viene \u201cponer toda la carne en el asador\u201d<\/a><\/h2>\n\n<div style=\"font-size:12px;\" class=\"has-link-color wp-elements-f976ecd06e7dfc697316b7d0e62c14a9 wp-block-post-excerpt has-text-color has-contrast-2-color\"><p class=\"wp-block-post-excerpt__excerpt\">Este dicho evoca reuniones alrededor del fuego donde el resultado depend\u00eda de una sola oportunidad bien aprovechada.<\/p><p class=\"wp-block-post-excerpt__more-text\"><a class=\"wp-block-post-excerpt__more-link\" href=\"https:\/\/asertivia.com\/index.php\/el_origen_de\/de-donde-viene-poner-toda-la-carne-en-el-asador\/\">SEGUIR LEYENDO&#8230;<\/a><\/p><\/div><\/div>\n\n<div class=\"gb-loop-item post-2145 el_origen_de type-el_origen_de status-publish format-standard hentry\"><h2 style=\"color:#1f4068; font-size:15px;font-style:italic;font-weight:600;\" class=\"has-text-align-center has-link-color wp-elements-30f40bef603667378e96555bc2b7c02a wp-block-post-title has-text-color\"><a href=\"https:\/\/asertivia.com\/index.php\/el_origen_de\/por-que-decimos-irse-al-garete\/\" target=\"_self\" >Por qu\u00e9 decimos \u201cirse al garete\u201d<\/a><\/h2>\n\n<div style=\"font-size:12px;\" class=\"has-link-color wp-elements-f976ecd06e7dfc697316b7d0e62c14a9 wp-block-post-excerpt has-text-color has-contrast-2-color\"><p class=\"wp-block-post-excerpt__excerpt\">Este dicho nace del lenguaje n\u00e1utico y conserva el eco de mares agitados, maniobras fallidas y destinos inciertos.<\/p><p class=\"wp-block-post-excerpt__more-text\"><a class=\"wp-block-post-excerpt__more-link\" href=\"https:\/\/asertivia.com\/index.php\/el_origen_de\/por-que-decimos-irse-al-garete\/\">SEGUIR LEYENDO&#8230;<\/a><\/p><\/div><\/div>\n<\/div><\/div>\n<\/div>\n\n\n\n<div class=\"wp-block-column is-vertically-aligned-top is-layout-flow wp-block-column-is-layout-flow\">\n<p class=\"gb-text gb-text-cd382d0d\"><strong>CONOCER<\/strong><\/p>\n\n\n\n<div><div class=\"gb-looper-88092928\">\n<div class=\"gb-loop-item post-6773 conocer type-conocer status-publish format-standard hentry conocer_bloque-bloque-1-lugares-remotos-y-poco-accesibles\"><h2 style=\"color:#1f4068; font-size:15px;font-style:italic;font-weight:600;\" class=\"has-text-align-center has-link-color wp-elements-30f40bef603667378e96555bc2b7c02a wp-block-post-title has-text-color\"><a href=\"https:\/\/asertivia.com\/index.php\/conocer\/antarctica-ausencia-urbana\/\" target=\"_self\" >Antarctica, ausencia urbana<\/a><\/h2>\n\n<div style=\"font-size:12px;\" class=\"has-link-color wp-elements-f976ecd06e7dfc697316b7d0e62c14a9 wp-block-post-excerpt has-text-color has-contrast-2-color\"><p class=\"wp-block-post-excerpt__excerpt\">La Ant\u00e1rtida no tiene asentamientos permanentes civiles.<\/p><p class=\"wp-block-post-excerpt__more-text\"><a class=\"wp-block-post-excerpt__more-link\" href=\"https:\/\/asertivia.com\/index.php\/conocer\/antarctica-ausencia-urbana\/\">SEGUIR LEYENDO&#8230;<\/a><\/p><\/div><\/div>\n\n<div class=\"gb-loop-item post-6772 conocer type-conocer status-publish format-standard hentry conocer_bloque-bloque-1-lugares-remotos-y-poco-accesibles\"><h2 style=\"color:#1f4068; font-size:15px;font-style:italic;font-weight:600;\" class=\"has-text-align-center has-link-color wp-elements-30f40bef603667378e96555bc2b7c02a wp-block-post-title has-text-color\"><a href=\"https:\/\/asertivia.com\/index.php\/conocer\/kalaallit-nunaat-south-fiordos-largos\/\" target=\"_self\" >Kalaallit Nunaat South, fiordos largos<\/a><\/h2>\n\n<div style=\"font-size:12px;\" class=\"has-link-color wp-elements-f976ecd06e7dfc697316b7d0e62c14a9 wp-block-post-excerpt has-text-color has-contrast-2-color\"><p class=\"wp-block-post-excerpt__excerpt\">El sur combina fiordos extensos y acceso mar\u00edtimo estacional.<\/p><p class=\"wp-block-post-excerpt__more-text\"><a class=\"wp-block-post-excerpt__more-link\" href=\"https:\/\/asertivia.com\/index.php\/conocer\/kalaallit-nunaat-south-fiordos-largos\/\">SEGUIR LEYENDO&#8230;<\/a><\/p><\/div><\/div>\n<\/div><\/div>\n<\/div>\n\n\n\n<div class=\"wp-block-column is-vertically-aligned-top is-layout-flow wp-block-column-is-layout-flow\">\n<p class=\"gb-text gb-text-7783447e\"><strong>LITERATURA<\/strong><\/p>\n\n\n\n<div><div class=\"gb-looper-f133574f\">\n<div class=\"gb-loop-item post-7606 literatura type-literatura status-publish format-standard hentry\"><h2 style=\"color:#1f4068; font-size:15px;font-style:italic;font-weight:600;\" class=\"has-text-align-center has-link-color wp-elements-30f40bef603667378e96555bc2b7c02a wp-block-post-title has-text-color\"><a href=\"https:\/\/asertivia.com\/index.php\/literatura\/la-celestina-fernando-de-rojas\/\" target=\"_self\" >La Celestina &#8211; Fernando de Rojas<\/a><\/h2>\n\n<div style=\"font-size:12px;\" class=\"has-link-color wp-elements-f976ecd06e7dfc697316b7d0e62c14a9 wp-block-post-excerpt has-text-color has-contrast-2-color\"><p class=\"wp-block-post-excerpt__excerpt\">Publicada a finales del siglo XV, La Celestina presenta la historia de Calisto y Melibea, dos j\u00f3venes cuya&hellip;<\/p><p class=\"wp-block-post-excerpt__more-text\"><a class=\"wp-block-post-excerpt__more-link\" href=\"https:\/\/asertivia.com\/index.php\/literatura\/la-celestina-fernando-de-rojas\/\">SEGUIR LEYENDO&#8230;<\/a><\/p><\/div><\/div>\n\n<div class=\"gb-loop-item post-7607 literatura type-literatura status-publish format-standard hentry\"><h2 style=\"color:#1f4068; font-size:15px;font-style:italic;font-weight:600;\" class=\"has-text-align-center has-link-color wp-elements-30f40bef603667378e96555bc2b7c02a wp-block-post-title has-text-color\"><a href=\"https:\/\/asertivia.com\/index.php\/literatura\/lazarillo-de-tormes-anonimo\/\" target=\"_self\" >Lazarillo de Tormes &#8211; An\u00f3nimo<\/a><\/h2>\n\n<div style=\"font-size:12px;\" class=\"has-link-color wp-elements-f976ecd06e7dfc697316b7d0e62c14a9 wp-block-post-excerpt has-text-color has-contrast-2-color\"><p class=\"wp-block-post-excerpt__excerpt\">Publicado en 1554, Lazarillo de Tormes narra la vida de un joven que crece enfrent\u00e1ndose a la pobreza&hellip;<\/p><p class=\"wp-block-post-excerpt__more-text\"><a class=\"wp-block-post-excerpt__more-link\" href=\"https:\/\/asertivia.com\/index.php\/literatura\/lazarillo-de-tormes-anonimo\/\">SEGUIR LEYENDO&#8230;<\/a><\/p><\/div><\/div>\n<\/div><\/div>\n<\/div>\n<\/div>\n\n\n\n<hr class=\"wp-block-separator has-alpha-channel-opacity is-style-default\"\/>\n\n\n\n<h2 class=\"gb-text gb-text-e850b0c2\"><strong>AVENTURAS, NUEVAS EXPERIENCIAS Y VIVENCIAS<\/strong><\/h2>\n\n\n\n<p class=\"gb-text gb-text-7585c0b0\"><strong>\u201cLa fascinaci\u00f3n del ser humano por perderse en la belleza de la naturaleza y descubrir paisajes que dejan huella en el alma.\u201d<\/strong><\/p>\n\n\n\n<hr class=\"wp-block-separator has-alpha-channel-opacity has-background is-style-wide\"\/>\n\n\n\n<p class=\"gb-text gb-text-a519ac67\"><strong><strong><strong><strong>BOSQUES, JOYAS NATURALES<\/strong><\/strong><\/strong><\/strong><\/p>\n\n\n<div class=\"fnp-grid fnp-grid--uneven fnp-grid--cols-3 fnp-image-ratio--16-9 fnp-grid--hover-lift \" style=\"--fnp-columns:3;--fnp-gap:20px;--fnp-columns-md:2;--fnp-columns-sm:1;\" data-grid-id=\"\" data-query='{&quot;post_type&quot;:&quot;paisaje&quot;,&quot;posts_per_page&quot;:5,&quot;orderby&quot;:&quot;date&quot;,&quot;order&quot;:&quot;DESC&quot;,&quot;query_type&quot;:&quot;custom&quot;,&quot;categories&quot;:[],&quot;tags&quot;:[],&quot;taxonomies&quot;:[{&quot;taxonomy&quot;:&quot;paisajes_bloque&quot;,&quot;terms&quot;:[&quot;30&quot;],&quot;operator&quot;:&quot;IN&quot;}],&quot;authors&quot;:[&quot;1&quot;],&quot;exclude_current&quot;:false,&quot;only_sticky&quot;:false,&quot;only_with_image&quot;:false,&quot;offset&quot;:0,&quot;paged&quot;:1}' data-layout=\"uneven\" data-template=\"gallery-card\" data-page=\"1\" data-max-pages=\"1\" data-total=\"5\" data-pagination-type=\"none\" >        <article class=\"fnp-item fnp-item--uneven fnp-item--index-0 fnp-item--first fnp-item--has-image\" data-post-id=\"5197\">\r\n            <div class=\"fnp-item__image \" style=\"aspect-ratio:4\/3;\"><a href=\"https:\/\/asertivia.com\/index.php\/paisaje\/bosque-de-glen-affric\/\" aria-label=\"Bosque de Glen Affric\"><img decoding=\"async\" width=\"768\" height=\"512\" src=\"https:\/\/asertivia.com\/wp-content\/uploads\/2026\/03\/Bosque-de-Glen-Affric-Escocia-768x512.jpg\" class=\"fnp-item__img wp-post-image\" alt=\"Bosque de Glen Affric\" loading=\"lazy\" srcset=\"https:\/\/asertivia.com\/wp-content\/uploads\/2026\/03\/Bosque-de-Glen-Affric-Escocia-768x512.jpg 768w, https:\/\/asertivia.com\/wp-content\/uploads\/2026\/03\/Bosque-de-Glen-Affric-Escocia-300x200.jpg 300w, https:\/\/asertivia.com\/wp-content\/uploads\/2026\/03\/Bosque-de-Glen-Affric-Escocia-1024x683.jpg 1024w, https:\/\/asertivia.com\/wp-content\/uploads\/2026\/03\/Bosque-de-Glen-Affric-Escocia.jpg 1536w\" sizes=\"auto, (max-width: 768px) 100vw, 768px\" \/><div class=\"fnp-item__image-overlay\" style=\"\"><\/div><\/a><\/div><div class=\"fnp-container fnp-item__content fnp-item__content--compact\"><h4 class=\"fnp-item__title \"><a href=\"https:\/\/asertivia.com\/index.php\/paisaje\/bosque-de-glen-affric\/\">Bosque de Glen Affric<\/a><\/h4><\/div>        <\/article>\r\n                <article class=\"fnp-item fnp-item--uneven fnp-item--index-1 fnp-item--has-image\" data-post-id=\"5196\">\r\n            <div class=\"fnp-item__image \" style=\"aspect-ratio:4\/3;\"><a href=\"https:\/\/asertivia.com\/index.php\/paisaje\/bosque-de-belovezhskaya-pushcha\/\" aria-label=\"Bosque de Belovezhskaya Pushcha\"><img decoding=\"async\" width=\"768\" height=\"427\" src=\"https:\/\/asertivia.com\/wp-content\/uploads\/2026\/03\/Bosque-de-Belovezhskaya-Pushcha-768x427.jpg\" class=\"fnp-item__img wp-post-image\" alt=\"Bosque de Belovezhskaya Pushcha\" loading=\"lazy\" srcset=\"https:\/\/asertivia.com\/wp-content\/uploads\/2026\/03\/Bosque-de-Belovezhskaya-Pushcha-768x427.jpg 768w, https:\/\/asertivia.com\/wp-content\/uploads\/2026\/03\/Bosque-de-Belovezhskaya-Pushcha-300x167.jpg 300w, https:\/\/asertivia.com\/wp-content\/uploads\/2026\/03\/Bosque-de-Belovezhskaya-Pushcha.jpg 900w\" sizes=\"auto, (max-width: 768px) 100vw, 768px\" \/><div class=\"fnp-item__image-overlay\" style=\"\"><\/div><\/a><\/div><div class=\"fnp-container fnp-item__content fnp-item__content--compact\"><h4 class=\"fnp-item__title \"><a href=\"https:\/\/asertivia.com\/index.php\/paisaje\/bosque-de-belovezhskaya-pushcha\/\">Bosque de Belovezhskaya Pushcha<\/a><\/h4><\/div>        <\/article>\r\n                <article class=\"fnp-item fnp-item--uneven fnp-item--index-2 fnp-item--has-image\" data-post-id=\"5195\">\r\n            <div class=\"fnp-item__image \" style=\"aspect-ratio:4\/3;\"><a href=\"https:\/\/asertivia.com\/index.php\/paisaje\/selva-de-taman-negara\/\" aria-label=\"Selva de Taman Negara\"><img decoding=\"async\" width=\"768\" height=\"512\" src=\"https:\/\/asertivia.com\/wp-content\/uploads\/2026\/03\/Selva-de-Taman-Negara-Malasia-768x512.jpg\" class=\"fnp-item__img wp-post-image\" alt=\"Selva de Taman Negara\" loading=\"lazy\" srcset=\"https:\/\/asertivia.com\/wp-content\/uploads\/2026\/03\/Selva-de-Taman-Negara-Malasia-768x512.jpg 768w, https:\/\/asertivia.com\/wp-content\/uploads\/2026\/03\/Selva-de-Taman-Negara-Malasia-300x200.jpg 300w, https:\/\/asertivia.com\/wp-content\/uploads\/2026\/03\/Selva-de-Taman-Negara-Malasia-1024x683.jpg 1024w, https:\/\/asertivia.com\/wp-content\/uploads\/2026\/03\/Selva-de-Taman-Negara-Malasia.jpg 1536w\" sizes=\"auto, (max-width: 768px) 100vw, 768px\" \/><div class=\"fnp-item__image-overlay\" style=\"\"><\/div><\/a><\/div><div class=\"fnp-container fnp-item__content fnp-item__content--compact\"><h4 class=\"fnp-item__title \"><a href=\"https:\/\/asertivia.com\/index.php\/paisaje\/selva-de-taman-negara\/\">Selva de Taman Negara<\/a><\/h4><\/div>        <\/article>\r\n                <article class=\"fnp-item fnp-item--uneven fnp-item--index-3 fnp-item--has-image\" data-post-id=\"5194\">\r\n            <div class=\"fnp-item__image \" style=\"aspect-ratio:4\/3;\"><a href=\"https:\/\/asertivia.com\/index.php\/paisaje\/bosque-de-black-forest-menor\/\" aria-label=\"Bosque de Black Forest Menor\"><img decoding=\"async\" width=\"768\" height=\"512\" src=\"https:\/\/asertivia.com\/wp-content\/uploads\/2026\/03\/Black-Forest-zona-menor-768x512.jpg\" class=\"fnp-item__img wp-post-image\" alt=\"Bosque de Black Forest Menor\" loading=\"lazy\" srcset=\"https:\/\/asertivia.com\/wp-content\/uploads\/2026\/03\/Black-Forest-zona-menor-768x512.jpg 768w, https:\/\/asertivia.com\/wp-content\/uploads\/2026\/03\/Black-Forest-zona-menor-300x200.jpg 300w, https:\/\/asertivia.com\/wp-content\/uploads\/2026\/03\/Black-Forest-zona-menor-1024x683.jpg 1024w, https:\/\/asertivia.com\/wp-content\/uploads\/2026\/03\/Black-Forest-zona-menor.jpg 1536w\" sizes=\"auto, (max-width: 768px) 100vw, 768px\" \/><div class=\"fnp-item__image-overlay\" style=\"\"><\/div><\/a><\/div><div class=\"fnp-container fnp-item__content fnp-item__content--compact\"><h4 class=\"fnp-item__title \"><a href=\"https:\/\/asertivia.com\/index.php\/paisaje\/bosque-de-black-forest-menor\/\">Bosque de Black Forest Menor<\/a><\/h4><\/div>        <\/article>\r\n                <article class=\"fnp-item fnp-item--uneven fnp-item--index-4 fnp-item--has-image\" data-post-id=\"5193\">\r\n            <div class=\"fnp-item__image \" style=\"aspect-ratio:4\/3;\"><a href=\"https:\/\/asertivia.com\/index.php\/paisaje\/bosque-de-laurisilva\/\" aria-label=\"Bosque de Laurisilva\"><img decoding=\"async\" width=\"768\" height=\"494\" src=\"https:\/\/asertivia.com\/wp-content\/uploads\/2026\/03\/Bosque-de-Laurisilva-Macaronesia-768x494.jpg\" class=\"fnp-item__img wp-post-image\" alt=\"Bosque de Laurisilva\" loading=\"lazy\" srcset=\"https:\/\/asertivia.com\/wp-content\/uploads\/2026\/03\/Bosque-de-Laurisilva-Macaronesia-768x494.jpg 768w, https:\/\/asertivia.com\/wp-content\/uploads\/2026\/03\/Bosque-de-Laurisilva-Macaronesia-300x193.jpg 300w, https:\/\/asertivia.com\/wp-content\/uploads\/2026\/03\/Bosque-de-Laurisilva-Macaronesia-1024x658.jpg 1024w, https:\/\/asertivia.com\/wp-content\/uploads\/2026\/03\/Bosque-de-Laurisilva-Macaronesia-1536x987.jpg 1536w, https:\/\/asertivia.com\/wp-content\/uploads\/2026\/03\/Bosque-de-Laurisilva-Macaronesia.jpg 1593w\" sizes=\"auto, (max-width: 768px) 100vw, 768px\" \/><div class=\"fnp-item__image-overlay\" style=\"\"><\/div><\/a><\/div><div class=\"fnp-container fnp-item__content fnp-item__content--compact\"><h4 class=\"fnp-item__title \"><a href=\"https:\/\/asertivia.com\/index.php\/paisaje\/bosque-de-laurisilva\/\">Bosque de Laurisilva<\/a><\/h4><\/div>        <\/article>\r\n        <\/div>\n\n\n<hr class=\"wp-block-separator has-alpha-channel-opacity has-background is-style-wide\"\/>\n\n\n\n<p class=\"gb-text gb-text-dfd1c5b8\"><strong><strong><strong>CASCADAS Y GRANDES SALTOS DE AGUA<\/strong><\/strong><\/strong><\/p>\n\n\n<div class=\"fnp-grid fnp-grid--uneven fnp-grid--cols-3 fnp-image-ratio--16-9 \" style=\"--fnp-columns:3;--fnp-gap:20px;--fnp-columns-md:2;--fnp-columns-sm:1;\" data-grid-id=\"\" data-query='{&quot;post_type&quot;:&quot;paisaje&quot;,&quot;posts_per_page&quot;:5,&quot;orderby&quot;:&quot;date&quot;,&quot;order&quot;:&quot;DESC&quot;,&quot;query_type&quot;:&quot;custom&quot;,&quot;categories&quot;:[],&quot;tags&quot;:[],&quot;taxonomies&quot;:[{&quot;taxonomy&quot;:&quot;paisajes_bloque&quot;,&quot;terms&quot;:[&quot;29&quot;],&quot;operator&quot;:&quot;IN&quot;}],&quot;authors&quot;:[&quot;1&quot;],&quot;exclude_current&quot;:false,&quot;only_sticky&quot;:false,&quot;only_with_image&quot;:false,&quot;offset&quot;:0,&quot;paged&quot;:1}' data-layout=\"uneven\" data-template=\"revista\" data-page=\"1\" data-max-pages=\"1\" data-total=\"5\" data-pagination-type=\"none\" >        <article class=\"fnp-item fnp-item--uneven fnp-item--index-0 fnp-item--first fnp-item--has-image\" data-post-id=\"4997\">\r\n            <div class=\"fnp-item__image \" style=\"\"><a href=\"https:\/\/asertivia.com\/index.php\/paisaje\/latourell-falls-estados-unidos\/\" aria-label=\"Latourell Falls \u2014 Estados Unidos\"><img decoding=\"async\" width=\"275\" height=\"183\" src=\"https:\/\/asertivia.com\/wp-content\/uploads\/2026\/03\/Latourell-Falls-\u2014-Estados-Unidos.jpg\" class=\"fnp-item__img wp-post-image\" alt=\"Latourell Falls \u2014 Estados Unidos\" loading=\"lazy\" \/><div class=\"fnp-item__image-overlay\" style=\"\"><\/div><\/a><\/div><div class=\"fnp-container fnp-item__content\"><h3 class=\"fnp-item__title \"><a href=\"https:\/\/asertivia.com\/index.php\/paisaje\/latourell-falls-estados-unidos\/\">Latourell Falls \u2014 Estados Unidos<\/a><\/h3><p class=\"fnp-item__intro \">La l\u00ednea vertical del agua donde la roca volc\u00e1nica guarda memoria y el bosque acompa\u00f1a\u2026<\/p><div class=\"fnp-item__author \"><span class=\"fnp-item__author-name\"><a href=\"https:\/\/asertivia.com\/index.php\/author\/asertivia\/\">Asertivia<\/a><\/span><\/div><time class=\"fnp-item__date \" datetime=\"2026-09-02T16:30:00+02:00\">2026-09-02 16:30:00<\/time><\/div>        <\/article>\r\n                <article class=\"fnp-item fnp-item--uneven fnp-item--index-1 fnp-item--has-image\" data-post-id=\"4996\">\r\n            <div class=\"fnp-item__image \" style=\"\"><a href=\"https:\/\/asertivia.com\/index.php\/paisaje\/athirappilly-falls-india\/\" aria-label=\"Athirappilly Falls \u2014 India\"><img decoding=\"async\" width=\"768\" height=\"432\" src=\"https:\/\/asertivia.com\/wp-content\/uploads\/2026\/03\/Athirappilly-Falls-India-768x432.jpg\" class=\"fnp-item__img wp-post-image\" alt=\"Athirappilly Falls \u2014 India\" loading=\"lazy\" srcset=\"https:\/\/asertivia.com\/wp-content\/uploads\/2026\/03\/Athirappilly-Falls-India-768x432.jpg 768w, https:\/\/asertivia.com\/wp-content\/uploads\/2026\/03\/Athirappilly-Falls-India-300x169.jpg 300w, https:\/\/asertivia.com\/wp-content\/uploads\/2026\/03\/Athirappilly-Falls-India-1024x576.jpg 1024w, https:\/\/asertivia.com\/wp-content\/uploads\/2026\/03\/Athirappilly-Falls-India.jpg 1280w\" sizes=\"auto, (max-width: 768px) 100vw, 768px\" \/><div class=\"fnp-item__image-overlay\" style=\"\"><\/div><\/a><\/div><div class=\"fnp-container fnp-item__content\"><h3 class=\"fnp-item__title \"><a href=\"https:\/\/asertivia.com\/index.php\/paisaje\/athirappilly-falls-india\/\">Athirappilly Falls \u2014 India<\/a><\/h3><p class=\"fnp-item__intro \">El gran pulso del agua del sur donde la selva se abre y el r\u00edo\u2026<\/p><div class=\"fnp-item__author \"><span class=\"fnp-item__author-name\"><a href=\"https:\/\/asertivia.com\/index.php\/author\/asertivia\/\">Asertivia<\/a><\/span><\/div><time class=\"fnp-item__date \" datetime=\"2026-08-28T16:30:00+02:00\">2026-08-28 16:30:00<\/time><\/div>        <\/article>\r\n                <article class=\"fnp-item fnp-item--uneven fnp-item--index-2 fnp-item--has-image\" data-post-id=\"4995\">\r\n            <div class=\"fnp-item__image \" style=\"\"><a href=\"https:\/\/asertivia.com\/index.php\/paisaje\/torc-waterfall-irlanda\/\" aria-label=\"Torc Waterfall \u2014 Irlanda\"><img decoding=\"async\" width=\"768\" height=\"512\" src=\"https:\/\/asertivia.com\/wp-content\/uploads\/2026\/03\/Torc-Waterfall-Irlanda-768x512.jpg\" class=\"fnp-item__img wp-post-image\" alt=\"Torc Waterfall \u2014 Irlanda\" loading=\"lazy\" srcset=\"https:\/\/asertivia.com\/wp-content\/uploads\/2026\/03\/Torc-Waterfall-Irlanda-768x512.jpg 768w, https:\/\/asertivia.com\/wp-content\/uploads\/2026\/03\/Torc-Waterfall-Irlanda-300x200.jpg 300w, https:\/\/asertivia.com\/wp-content\/uploads\/2026\/03\/Torc-Waterfall-Irlanda-1024x683.jpg 1024w, https:\/\/asertivia.com\/wp-content\/uploads\/2026\/03\/Torc-Waterfall-Irlanda.jpg 1535w\" sizes=\"auto, (max-width: 768px) 100vw, 768px\" \/><div class=\"fnp-item__image-overlay\" style=\"\"><\/div><\/a><\/div><div class=\"fnp-container fnp-item__content\"><h3 class=\"fnp-item__title \"><a href=\"https:\/\/asertivia.com\/index.php\/paisaje\/torc-waterfall-irlanda\/\">Torc Waterfall \u2014 Irlanda<\/a><\/h3><p class=\"fnp-item__intro \">El murmullo constante del agua donde el bosque atl\u00e1ntico envuelve la ca\u00edda y el paisaje\u2026<\/p><div class=\"fnp-item__author \"><span class=\"fnp-item__author-name\"><a href=\"https:\/\/asertivia.com\/index.php\/author\/asertivia\/\">Asertivia<\/a><\/span><\/div><time class=\"fnp-item__date \" datetime=\"2026-08-23T16:30:00+02:00\">2026-08-23 16:30:00<\/time><\/div>        <\/article>\r\n                <article class=\"fnp-item fnp-item--uneven fnp-item--index-3 fnp-item--has-image\" data-post-id=\"4994\">\r\n            <div class=\"fnp-item__image \" style=\"\"><a href=\"https:\/\/asertivia.com\/index.php\/paisaje\/duden-waterfalls-turquia\/\" aria-label=\"Duden Waterfalls \u2014 Turqu\u00eda\"><img decoding=\"async\" width=\"768\" height=\"512\" src=\"https:\/\/asertivia.com\/wp-content\/uploads\/2026\/03\/Duden-Waterfalls-Turquia-768x512.jpg\" class=\"fnp-item__img wp-post-image\" alt=\"Duden Waterfalls \u2014 Turqu\u00eda\" loading=\"lazy\" srcset=\"https:\/\/asertivia.com\/wp-content\/uploads\/2026\/03\/Duden-Waterfalls-Turquia-768x512.jpg 768w, https:\/\/asertivia.com\/wp-content\/uploads\/2026\/03\/Duden-Waterfalls-Turquia-300x200.jpg 300w, https:\/\/asertivia.com\/wp-content\/uploads\/2026\/03\/Duden-Waterfalls-Turquia-1024x683.jpg 1024w, https:\/\/asertivia.com\/wp-content\/uploads\/2026\/03\/Duden-Waterfalls-Turquia.jpg 1536w\" sizes=\"auto, (max-width: 768px) 100vw, 768px\" \/><div class=\"fnp-item__image-overlay\" style=\"\"><\/div><\/a><\/div><div class=\"fnp-container fnp-item__content\"><h3 class=\"fnp-item__title \"><a href=\"https:\/\/asertivia.com\/index.php\/paisaje\/duden-waterfalls-turquia\/\">Duden Waterfalls \u2014 Turqu\u00eda<\/a><\/h3><p class=\"fnp-item__intro \">El final del r\u00edo donde el agua se entrega al mar y el paisaje se\u2026<\/p><div class=\"fnp-item__author \"><span class=\"fnp-item__author-name\"><a href=\"https:\/\/asertivia.com\/index.php\/author\/asertivia\/\">Asertivia<\/a><\/span><\/div><time class=\"fnp-item__date \" datetime=\"2026-08-18T16:30:00+02:00\">2026-08-18 16:30:00<\/time><\/div>        <\/article>\r\n                <article class=\"fnp-item fnp-item--uneven fnp-item--index-4 fnp-item--has-image\" data-post-id=\"4993\">\r\n            <div class=\"fnp-item__image \" style=\"\"><a href=\"https:\/\/asertivia.com\/index.php\/paisaje\/cascadas-de-agua-azul-mexico\/\" aria-label=\"Cascadas de Agua Azul \u2014 M\u00e9xico\"><img decoding=\"async\" width=\"768\" height=\"512\" src=\"https:\/\/asertivia.com\/wp-content\/uploads\/2026\/03\/Cascadas-de-Agua-Azul-Mexico-768x512.jpg\" class=\"fnp-item__img wp-post-image\" alt=\"Cascadas de Agua Azul \u2014 M\u00e9xico\" loading=\"lazy\" srcset=\"https:\/\/asertivia.com\/wp-content\/uploads\/2026\/03\/Cascadas-de-Agua-Azul-Mexico-768x512.jpg 768w, https:\/\/asertivia.com\/wp-content\/uploads\/2026\/03\/Cascadas-de-Agua-Azul-Mexico-300x200.jpg 300w, https:\/\/asertivia.com\/wp-content\/uploads\/2026\/03\/Cascadas-de-Agua-Azul-Mexico-1024x683.jpg 1024w, https:\/\/asertivia.com\/wp-content\/uploads\/2026\/03\/Cascadas-de-Agua-Azul-Mexico.jpg 1536w\" sizes=\"auto, (max-width: 768px) 100vw, 768px\" \/><div class=\"fnp-item__image-overlay\" style=\"\"><\/div><\/a><\/div><div class=\"fnp-container fnp-item__content\"><h3 class=\"fnp-item__title \"><a href=\"https:\/\/asertivia.com\/index.php\/paisaje\/cascadas-de-agua-azul-mexico\/\">Cascadas de Agua Azul \u2014 M\u00e9xico<\/a><\/h3><p class=\"fnp-item__intro \">El r\u00edo que se vuelve color donde la selva guarda un recuerdo l\u00edquido de calma\u2026<\/p><div class=\"fnp-item__author \"><span class=\"fnp-item__author-name\"><a href=\"https:\/\/asertivia.com\/index.php\/author\/asertivia\/\">Asertivia<\/a><\/span><\/div><time class=\"fnp-item__date \" datetime=\"2026-08-13T16:30:00+02:00\">2026-08-13 16:30:00<\/time><\/div>        <\/article>\r\n        <\/div>\n\n\n<hr class=\"wp-block-separator has-alpha-channel-opacity has-background is-style-wide\"\/>\n\n\n\n<p class=\"gb-text gb-text-ce02f9b8\"><strong><strong>VALLES Y REFUGIOS NATURALES REMOTOS DEL MUNDO<\/strong><\/strong><\/p>\n\n\n<div class=\"fnp-grid fnp-grid--magazine fnp-grid--cols-3 fnp-image-ratio--16-9 \" style=\"--fnp-columns:3;--fnp-gap:24px;--fnp-columns-md:2;--fnp-columns-sm:1;\" data-grid-id=\"\" data-query='{&quot;post_type&quot;:&quot;paisaje&quot;,&quot;posts_per_page&quot;:6,&quot;orderby&quot;:&quot;date&quot;,&quot;order&quot;:&quot;DESC&quot;,&quot;query_type&quot;:&quot;custom&quot;,&quot;categories&quot;:[],&quot;tags&quot;:[],&quot;taxonomies&quot;:[{&quot;taxonomy&quot;:&quot;paisajes_bloque&quot;,&quot;terms&quot;:[&quot;28&quot;],&quot;operator&quot;:&quot;IN&quot;}],&quot;authors&quot;:[&quot;1&quot;],&quot;exclude_current&quot;:false,&quot;only_sticky&quot;:false,&quot;only_with_image&quot;:false,&quot;offset&quot;:0,&quot;paged&quot;:1}' data-layout=\"magazine\" data-template=\"\" data-page=\"1\" data-max-pages=\"1\" data-total=\"6\" data-pagination-type=\"none\" >        <article class=\"fnp-item fnp-item--magazine fnp-item--index-0 fnp-item--first fnp-item--has-image\" data-post-id=\"4845\">\r\n            <div class=\"fnp-item__image \" style=\"\"><a href=\"https:\/\/asertivia.com\/index.php\/paisaje\/valle-de-silverton-y-montanas-san-juan-herencia-minera-en-colorado\/\" aria-label=\"Valle de Silverton y monta\u00f1as San Juan, herencia minera en Colorado\"><img decoding=\"async\" width=\"275\" height=\"183\" src=\"https:\/\/asertivia.com\/wp-content\/uploads\/2026\/03\/Valle-de-Silverton-y-Montanas-San-Juan.jpg\" class=\"fnp-item__img wp-post-image\" alt=\"Valle de Silverton y monta\u00f1as San Juan, herencia minera en Colorado\" loading=\"lazy\" \/><div class=\"fnp-item__image-overlay\" style=\"\"><\/div><\/a><\/div><div class=\"fnp-container fnp-item__content\"><h3 class=\"fnp-item__title \"><a href=\"https:\/\/asertivia.com\/index.php\/paisaje\/valle-de-silverton-y-montanas-san-juan-herencia-minera-en-colorado\/\">Valle de Silverton y monta\u00f1as San Juan, herencia minera en Colorado<\/a><\/h3><p class=\"fnp-item__intro \">Cuenca hist\u00f3rica de alta monta\u00f1a en el estado de Colorado, Estados Unidos, rodeada de picos alpinos y densos bosques<\/p><div class=\"fnp-item__meta \"><time class=\"fnp-item__date fnp-meta__date\" datetime=\"2026-09-01T15:00:00+02:00\"><span class=\"fnp-icon fnp-icon--calendar\"><\/span>2026-09-01 15:00:00<\/time><div class=\"fnp-item__author fnp-meta__author\"><span class=\"fnp-item__author-name\"><a href=\"https:\/\/asertivia.com\/index.php\/author\/asertivia\/\">Asertivia<\/a><\/span><\/div><span class=\"fnp-reading-time fnp-meta__reading-time\"><span class=\"fnp-icon fnp-icon--clock\"><\/span>3 min<\/span><\/div><\/div>        <\/article>\r\n                <article class=\"fnp-item fnp-item--magazine fnp-item--index-1 fnp-item--has-image\" data-post-id=\"4844\">\r\n            <div class=\"fnp-item__image \" style=\"\"><a href=\"https:\/\/asertivia.com\/index.php\/paisaje\/valle-de-gredos-y-tormes-sierras-gargantas-y-pueblos-de-piedra-en-castilla-y-leon\/\" aria-label=\"Valle de Gredos y Tormes, sierras, gargantas y pueblos de piedra en Castilla y Le\u00f3n\"><img decoding=\"async\" width=\"768\" height=\"576\" src=\"https:\/\/asertivia.com\/wp-content\/uploads\/2026\/03\/Valle-de-Gredos-y-el-Tormes-Espana-768x576.jpg\" class=\"fnp-item__img wp-post-image\" alt=\"Valle de Gredos y Tormes, sierras, gargantas y pueblos de piedra en Castilla y Le\u00f3n\" loading=\"lazy\" srcset=\"https:\/\/asertivia.com\/wp-content\/uploads\/2026\/03\/Valle-de-Gredos-y-el-Tormes-Espana-768x576.jpg 768w, https:\/\/asertivia.com\/wp-content\/uploads\/2026\/03\/Valle-de-Gredos-y-el-Tormes-Espana-300x225.jpg 300w, https:\/\/asertivia.com\/wp-content\/uploads\/2026\/03\/Valle-de-Gredos-y-el-Tormes-Espana-1024x768.jpg 1024w, https:\/\/asertivia.com\/wp-content\/uploads\/2026\/03\/Valle-de-Gredos-y-el-Tormes-Espana.jpg 1365w\" sizes=\"auto, (max-width: 768px) 100vw, 768px\" \/><div class=\"fnp-item__image-overlay\" style=\"\"><\/div><\/a><\/div><div class=\"fnp-container fnp-item__content\"><h3 class=\"fnp-item__title \"><a href=\"https:\/\/asertivia.com\/index.php\/paisaje\/valle-de-gredos-y-tormes-sierras-gargantas-y-pueblos-de-piedra-en-castilla-y-leon\/\">Valle de Gredos y Tormes, sierras, gargantas y pueblos de piedra en Castilla y Le\u00f3n<\/a><\/h3><p class=\"fnp-item__intro \">Corredor serrano entre las provincias de \u00c1vila y Salamanca con praderas de altura, r\u00edos de monta\u00f1a y arquitectura tradicional<\/p><div class=\"fnp-item__meta \"><time class=\"fnp-item__date fnp-meta__date\" datetime=\"2026-08-27T15:00:00+02:00\"><span class=\"fnp-icon fnp-icon--calendar\"><\/span>2026-08-27 15:00:00<\/time><div class=\"fnp-item__author fnp-meta__author\"><span class=\"fnp-item__author-name\"><a href=\"https:\/\/asertivia.com\/index.php\/author\/asertivia\/\">Asertivia<\/a><\/span><\/div><span class=\"fnp-reading-time fnp-meta__reading-time\"><span class=\"fnp-icon fnp-icon--clock\"><\/span>3 min<\/span><\/div><\/div>        <\/article>\r\n                <article class=\"fnp-item fnp-item--magazine fnp-item--index-2 fnp-item--has-image\" data-post-id=\"4843\">\r\n            <div class=\"fnp-item__image \" style=\"\"><a href=\"https:\/\/asertivia.com\/index.php\/paisaje\/valle-de-parvati-corredor-montanoso-en-himachal-pradesh\/\" aria-label=\"Valle de Parvati, corredor monta\u00f1oso en Himachal Pradesh\"><img decoding=\"async\" width=\"768\" height=\"1152\" src=\"https:\/\/asertivia.com\/wp-content\/uploads\/2026\/03\/Valle-de-Parvati-Himachal-Pradesh-India-768x1152.jpg\" class=\"fnp-item__img wp-post-image\" alt=\"Valle de Parvati, corredor monta\u00f1oso en Himachal Pradesh\" loading=\"lazy\" srcset=\"https:\/\/asertivia.com\/wp-content\/uploads\/2026\/03\/Valle-de-Parvati-Himachal-Pradesh-India-768x1152.jpg 768w, https:\/\/asertivia.com\/wp-content\/uploads\/2026\/03\/Valle-de-Parvati-Himachal-Pradesh-India-200x300.jpg 200w, https:\/\/asertivia.com\/wp-content\/uploads\/2026\/03\/Valle-de-Parvati-Himachal-Pradesh-India-683x1024.jpg 683w, https:\/\/asertivia.com\/wp-content\/uploads\/2026\/03\/Valle-de-Parvati-Himachal-Pradesh-India.jpg 1024w\" sizes=\"auto, (max-width: 768px) 100vw, 768px\" \/><div class=\"fnp-item__image-overlay\" style=\"\"><\/div><\/a><\/div><div class=\"fnp-container fnp-item__content\"><h3 class=\"fnp-item__title \"><a href=\"https:\/\/asertivia.com\/index.php\/paisaje\/valle-de-parvati-corredor-montanoso-en-himachal-pradesh\/\">Valle de Parvati, corredor monta\u00f1oso en Himachal Pradesh<\/a><\/h3><p class=\"fnp-item__intro \">Valle remoto del norte de la India con pueblos aislados, bosques densos y rutas de larga distancia en el Himalaya<\/p><div class=\"fnp-item__meta \"><time class=\"fnp-item__date fnp-meta__date\" datetime=\"2026-08-22T15:00:00+02:00\"><span class=\"fnp-icon fnp-icon--calendar\"><\/span>2026-08-22 15:00:00<\/time><div class=\"fnp-item__author fnp-meta__author\"><span class=\"fnp-item__author-name\"><a href=\"https:\/\/asertivia.com\/index.php\/author\/asertivia\/\">Asertivia<\/a><\/span><\/div><span class=\"fnp-reading-time fnp-meta__reading-time\"><span class=\"fnp-icon fnp-icon--clock\"><\/span>3 min<\/span><\/div><\/div>        <\/article>\r\n                <article class=\"fnp-item fnp-item--magazine fnp-item--index-3 fnp-item--has-image\" data-post-id=\"4842\">\r\n            <div class=\"fnp-item__image \" style=\"\"><a href=\"https:\/\/asertivia.com\/index.php\/paisaje\/valle-de-pyha-luosto-colinas-antiguas-en-la-laponia-finlandesa\/\" aria-label=\"Valle de Pyh\u00e4-Luosto, colinas antiguas en la Laponia finlandesa\"><img decoding=\"async\" width=\"768\" height=\"1152\" src=\"https:\/\/asertivia.com\/wp-content\/uploads\/2026\/03\/Valle-de-Pyha-Luosto-Laponia-Finlandia-768x1152.jpg\" class=\"fnp-item__img wp-post-image\" alt=\"Valle de Pyh\u00e4-Luosto, colinas antiguas en la Laponia finlandesa\" loading=\"lazy\" srcset=\"https:\/\/asertivia.com\/wp-content\/uploads\/2026\/03\/Valle-de-Pyha-Luosto-Laponia-Finlandia-768x1152.jpg 768w, https:\/\/asertivia.com\/wp-content\/uploads\/2026\/03\/Valle-de-Pyha-Luosto-Laponia-Finlandia-200x300.jpg 200w, https:\/\/asertivia.com\/wp-content\/uploads\/2026\/03\/Valle-de-Pyha-Luosto-Laponia-Finlandia-683x1024.jpg 683w, https:\/\/asertivia.com\/wp-content\/uploads\/2026\/03\/Valle-de-Pyha-Luosto-Laponia-Finlandia.jpg 1024w\" sizes=\"auto, (max-width: 768px) 100vw, 768px\" \/><div class=\"fnp-item__image-overlay\" style=\"\"><\/div><\/a><\/div><div class=\"fnp-container fnp-item__content\"><h3 class=\"fnp-item__title \"><a href=\"https:\/\/asertivia.com\/index.php\/paisaje\/valle-de-pyha-luosto-colinas-antiguas-en-la-laponia-finlandesa\/\">Valle de Pyh\u00e4-Luosto, colinas antiguas en la Laponia finlandesa<\/a><\/h3><p class=\"fnp-item__intro \">\u00c1rea natural de Laponia, Finlandia, con bosques boreales, formaciones geol\u00f3gicas antiguas y rutas invernales<\/p><div class=\"fnp-item__meta \"><time class=\"fnp-item__date fnp-meta__date\" datetime=\"2026-08-17T15:00:00+02:00\"><span class=\"fnp-icon fnp-icon--calendar\"><\/span>2026-08-17 15:00:00<\/time><div class=\"fnp-item__author fnp-meta__author\"><span class=\"fnp-item__author-name\"><a href=\"https:\/\/asertivia.com\/index.php\/author\/asertivia\/\">Asertivia<\/a><\/span><\/div><span class=\"fnp-reading-time fnp-meta__reading-time\"><span class=\"fnp-icon fnp-icon--clock\"><\/span>3 min<\/span><\/div><\/div>        <\/article>\r\n                <article class=\"fnp-item fnp-item--magazine fnp-item--index-4 fnp-item--has-image\" data-post-id=\"4841\">\r\n            <div class=\"fnp-item__image \" style=\"\"><a href=\"https:\/\/asertivia.com\/index.php\/paisaje\/valle-de-camprodon-paisaje-pirenaico-en-la-comarca-del-ripolles\/\" aria-label=\"Valle de Camprodon, paisaje pirenaico en la comarca del Ripoll\u00e8s\"><img decoding=\"async\" width=\"768\" height=\"509\" src=\"https:\/\/asertivia.com\/wp-content\/uploads\/2026\/03\/Valle-de-Camprodon-Pirineo-catalan-Espana-768x509.jpg\" class=\"fnp-item__img wp-post-image\" alt=\"Valle de Camprodon, paisaje pirenaico en la comarca del Ripoll\u00e8s\" loading=\"lazy\" srcset=\"https:\/\/asertivia.com\/wp-content\/uploads\/2026\/03\/Valle-de-Camprodon-Pirineo-catalan-Espana-768x509.jpg 768w, https:\/\/asertivia.com\/wp-content\/uploads\/2026\/03\/Valle-de-Camprodon-Pirineo-catalan-Espana-300x199.jpg 300w, https:\/\/asertivia.com\/wp-content\/uploads\/2026\/03\/Valle-de-Camprodon-Pirineo-catalan-Espana.jpg 800w\" sizes=\"auto, (max-width: 768px) 100vw, 768px\" \/><div class=\"fnp-item__image-overlay\" style=\"\"><\/div><\/a><\/div><div class=\"fnp-container fnp-item__content\"><h3 class=\"fnp-item__title \"><a href=\"https:\/\/asertivia.com\/index.php\/paisaje\/valle-de-camprodon-paisaje-pirenaico-en-la-comarca-del-ripolles\/\">Valle de Camprodon, paisaje pirenaico en la comarca del Ripoll\u00e8s<\/a><\/h3><p class=\"fnp-item__intro \">Corredor monta\u00f1oso de la provincia de Girona, Catalu\u00f1a, con bosques, r\u00edos y pueblos hist\u00f3ricos de alta monta\u00f1a<\/p><div class=\"fnp-item__meta \"><time class=\"fnp-item__date fnp-meta__date\" datetime=\"2026-08-12T15:00:00+02:00\"><span class=\"fnp-icon fnp-icon--calendar\"><\/span>2026-08-12 15:00:00<\/time><div class=\"fnp-item__author fnp-meta__author\"><span class=\"fnp-item__author-name\"><a href=\"https:\/\/asertivia.com\/index.php\/author\/asertivia\/\">Asertivia<\/a><\/span><\/div><span class=\"fnp-reading-time fnp-meta__reading-time\"><span class=\"fnp-icon fnp-icon--clock\"><\/span>3 min<\/span><\/div><\/div>        <\/article>\r\n                <article class=\"fnp-item fnp-item--magazine fnp-item--index-5 fnp-item--has-image\" data-post-id=\"4840\">\r\n            <div class=\"fnp-item__image \" style=\"\"><a href=\"https:\/\/asertivia.com\/index.php\/paisaje\/valle-del-bregenzer-ach-y-lauterach-praderas-alpinas-en-vorarlberg\/\" aria-label=\"Valle del Bregenzer Ach y Lauterach, praderas alpinas en Vorarlberg\"><img decoding=\"async\" width=\"768\" height=\"536\" src=\"https:\/\/asertivia.com\/wp-content\/uploads\/2026\/03\/Valle-de-Bregenzerwald-y-Lauterach-Austria-768x536.jpg\" class=\"fnp-item__img wp-post-image\" alt=\"Valle del Bregenzer Ach y Lauterach, praderas alpinas en Vorarlberg\" loading=\"lazy\" srcset=\"https:\/\/asertivia.com\/wp-content\/uploads\/2026\/03\/Valle-de-Bregenzerwald-y-Lauterach-Austria-768x536.jpg 768w, https:\/\/asertivia.com\/wp-content\/uploads\/2026\/03\/Valle-de-Bregenzerwald-y-Lauterach-Austria-300x209.jpg 300w, https:\/\/asertivia.com\/wp-content\/uploads\/2026\/03\/Valle-de-Bregenzerwald-y-Lauterach-Austria-1024x714.jpg 1024w, https:\/\/asertivia.com\/wp-content\/uploads\/2026\/03\/Valle-de-Bregenzerwald-y-Lauterach-Austria.jpg 1468w\" sizes=\"auto, (max-width: 768px) 100vw, 768px\" \/><div class=\"fnp-item__image-overlay\" style=\"\"><\/div><\/a><\/div><div class=\"fnp-container fnp-item__content\"><h3 class=\"fnp-item__title \"><a href=\"https:\/\/asertivia.com\/index.php\/paisaje\/valle-del-bregenzer-ach-y-lauterach-praderas-alpinas-en-vorarlberg\/\">Valle del Bregenzer Ach y Lauterach, praderas alpinas en Vorarlberg<\/a><\/h3><p class=\"fnp-item__intro \">Corredor fluvial del estado de Vorarlberg, Austria, con rutas ciclistas, campos abiertos y pueblos rurales<\/p><div class=\"fnp-item__meta \"><time class=\"fnp-item__date fnp-meta__date\" datetime=\"2026-08-07T15:00:00+02:00\"><span class=\"fnp-icon fnp-icon--calendar\"><\/span>2026-08-07 15:00:00<\/time><div class=\"fnp-item__author fnp-meta__author\"><span class=\"fnp-item__author-name\"><a href=\"https:\/\/asertivia.com\/index.php\/author\/asertivia\/\">Asertivia<\/a><\/span><\/div><span class=\"fnp-reading-time fnp-meta__reading-time\"><span class=\"fnp-icon fnp-icon--clock\"><\/span>3 min<\/span><\/div><\/div>        <\/article>\r\n        <\/div>\n\n\n<hr class=\"wp-block-separator has-alpha-channel-opacity has-background is-style-wide\"\/>\n\n\n\n<h2 class=\"gb-text gb-text-c8156b53\"><strong>espacio para encontrarse, avanzar y dar sentido al camino.<\/strong><\/h2>\n\n\n\n<div class=\"wp-block-columns is-layout-flex wp-container-core-columns-is-layout-9d6595d7 wp-block-columns-is-layout-flex\">\n<div class=\"wp-block-column is-layout-flow wp-block-column-is-layout-flow\" style=\"flex-basis:100%\">\n<div class=\"wp-block-group alignwide\"><div class=\"wp-block-group__inner-container is-layout-constrained wp-block-group-is-layout-constrained\">\n<div class=\"wp-block-group alignwide is-nowrap is-layout-flex wp-container-core-group-is-layout-ad2f72ca wp-block-group-is-layout-flex\">\n<div class=\"wp-block-columns alignwide wp-container-content-9cfa9a5a is-layout-flex wp-container-core-columns-is-layout-4c3547a3 wp-block-columns-is-layout-flex\" style=\"padding-top:24px;padding-right:24px;padding-bottom:24px;padding-left:24px\">\n<div class=\"wp-block-column is-layout-flow wp-block-column-is-layout-flow\">\n<h2 class=\"wp-block-heading has-text-align-center is-style-font-georgia has-text-color has-link-color has-times-new-roman-font-family wp-elements-6b9709307147c8e40c3d6793c92bb2d1\" style=\"color:#1f4068;font-size:55px;font-style:italic;font-weight:700\"><strong>Camino y F\u00e9<\/strong><\/h2>\n\n\n\n<h2 class=\"wp-block-heading has-text-align-center is-style-font-georgia has-text-color has-link-color has-times-new-roman-font-family wp-elements-eee3f8162fa2c381005c4b10a6883246\" style=\"color:#1f4068;font-size:18px;font-style:italic;font-weight:700\"><strong>\u00abUn lugar para parar, pensar y seguir caminando.<\/strong>\u00ab<\/h2>\n\n\n\n<hr class=\"wp-block-separator has-alpha-channel-opacity\"\/>\n<\/div>\n\n\n\n<div class=\"wp-block-column is-vertically-aligned-center is-layout-flow wp-block-column-is-layout-flow\">\n<div class=\"wp-block-group is-nowrap is-layout-flex wp-container-core-group-is-layout-ad2f72ca wp-block-group-is-layout-flex\">\n<p class=\"is-style-font-trebuchet has-text-color has-link-color wp-elements-3bb5186e97eaf27ac1cfc5285c7d81ff\" style=\"color:#1f4068;font-size:20px\"><em>reflexi\u00f3n, sentido y acompa\u00f1amiento para quienes buscan avanzar con una mirada m\u00e1s consciente. Aqu\u00ed la fe no es solo creencia, sino impulso, gu\u00eda y apoyo en cada paso<\/em>&#8230;<\/p>\n<\/div>\n\n\n\n<div class=\"wp-block-group is-content-justification-space-between is-nowrap is-layout-flex wp-container-core-group-is-layout-0dfbf163 wp-block-group-is-layout-flex\">\n<div class=\"wp-block-buttons is-layout-flex wp-block-buttons-is-layout-flex\">\n<div class=\"wp-block-button\"><a class=\"wp-block-button__link has-white-color has-black-background-color has-text-color has-background has-link-color has-custom-font-size wp-element-button\" href=\"https:\/\/lightblue-gaur-229646.hostingersite.com\/index.php\/textos_sagrados\/\" style=\"border-radius:8px;padding-top:16px;padding-right:24px;padding-bottom:16px;padding-left:24px;font-size:16px;font-style:normal;font-weight:500;line-height:1\">Acceder a Textos Sagrados<\/a><\/div>\n<\/div>\n<\/div>\n<\/div>\n<\/div>\n<\/div>\n\n\n\n<div class=\"wp-block-group alignwide is-nowrap is-layout-flex wp-container-core-group-is-layout-194c01b1 wp-block-group-is-layout-flex\">\n<div class=\"wp-block-columns alignwide wp-container-content-9cfa9a5a is-layout-flex wp-container-core-columns-is-layout-4c3547a3 wp-block-columns-is-layout-flex\" style=\"padding-top:24px;padding-right:24px;padding-bottom:24px;padding-left:24px\">\n<div class=\"wp-block-column is-layout-flow wp-block-column-is-layout-flow\" style=\"flex-basis:25%\">\n<p class=\"gb-text gb-text-6664fe55\"><strong>Camino y naturaleza salvaje<\/strong><\/p>\n\n\n\n<figure class=\"wp-block-image size-full is-resized has-custom-border\"><img loading=\"lazy\" decoding=\"async\" width=\"1000\" height=\"1500\" src=\"https:\/\/lightblue-gaur-229646.hostingersite.com\/wp-content\/uploads\/2026\/02\/Almonte-\u2013-Romeria-del-Rocio.jpg\" alt=\"\" class=\"wp-image-12526\" style=\"border-style:none;border-width:0px;border-radius:8px;object-fit:cover;width:300px;height:200px\" srcset=\"https:\/\/asertivia.com\/wp-content\/uploads\/2026\/02\/Almonte-\u2013-Romeria-del-Rocio.jpg 1000w, https:\/\/asertivia.com\/wp-content\/uploads\/2026\/02\/Almonte-\u2013-Romeria-del-Rocio-200x300.jpg 200w, https:\/\/asertivia.com\/wp-content\/uploads\/2026\/02\/Almonte-\u2013-Romeria-del-Rocio-683x1024.jpg 683w, https:\/\/asertivia.com\/wp-content\/uploads\/2026\/02\/Almonte-\u2013-Romeria-del-Rocio-768x1152.jpg 768w\" sizes=\"auto, (max-width: 1000px) 100vw, 1000px\" \/><\/figure>\n\n\n\n<div><div class=\"gb-looper-d9b1abbd\">\n<div class=\"gb-loop-item post-1449 camino_y_fe type-camino_y_fe status-publish format-standard hentry category-sin-categoria camino_y_fe_bloque-bloque-1-camino-y-naturaleza-salvaje\"><h2 style=\"font-size:17px;font-style:italic;font-weight:600;\" class=\"has-link-color wp-elements-5792d4b2749eabaefa2a0ae1a187c1e8 wp-block-post-title has-text-color has-contrast-2-color\"><a href=\"https:\/\/asertivia.com\/index.php\/camino_y_fe\/tramos-donde-el-peregrino-se-mide\/\" target=\"_self\" >Tramos donde el peregrino se mide<\/a><\/h2>\n\n<div style=\"font-size:12px;\" class=\"has-link-color wp-elements-4b5b0f50c3cd03fee7cea755b447aa73 wp-block-post-excerpt has-text-color has-contrast-2-color\"><p class=\"wp-block-post-excerpt__excerpt\">Prueba personal.<\/p><p class=\"wp-block-post-excerpt__more-text\"><a class=\"wp-block-post-excerpt__more-link\" href=\"https:\/\/asertivia.com\/index.php\/camino_y_fe\/tramos-donde-el-peregrino-se-mide\/\">SEGUIR LEYENDO&#8230;<\/a><\/p><\/div><\/div>\n<\/div><\/div>\n<\/div>\n\n\n\n<div class=\"wp-block-column is-layout-flow wp-block-column-is-layout-flow\" style=\"flex-basis:25%\">\n<p class=\"gb-text gb-text-8dee0099\">Ermitas jacobeas<\/p>\n\n\n\n<figure class=\"wp-block-image size-full is-resized has-custom-border\"><img loading=\"lazy\" decoding=\"async\" width=\"1645\" height=\"1170\" src=\"https:\/\/lightblue-gaur-229646.hostingersite.com\/wp-content\/uploads\/2026\/03\/IMG_5989.jpg\" alt=\"\" class=\"wp-image-13525\" style=\"border-style:none;border-width:0px;border-radius:8px;object-fit:cover;width:300px;height:200px\" srcset=\"https:\/\/asertivia.com\/wp-content\/uploads\/2026\/03\/IMG_5989.jpg 1645w, https:\/\/asertivia.com\/wp-content\/uploads\/2026\/03\/IMG_5989-600x427.jpg 600w, https:\/\/asertivia.com\/wp-content\/uploads\/2026\/03\/IMG_5989-1350x960.jpg 1350w, https:\/\/asertivia.com\/wp-content\/uploads\/2026\/03\/IMG_5989-768x546.jpg 768w, https:\/\/asertivia.com\/wp-content\/uploads\/2026\/03\/IMG_5989-1536x1092.jpg 1536w\" sizes=\"auto, (max-width: 1645px) 100vw, 1645px\" \/><\/figure>\n\n\n\n<div><div class=\"gb-looper-fa703edc\">\n<div class=\"gb-loop-item post-1498 camino_y_fe type-camino_y_fe status-publish format-standard hentry category-sin-categoria camino_y_fe_bloque-bloque-2-ermitas-jacobeas-reales-concretas-defendibles\"><h2 style=\"font-size:17px;font-style:italic;font-weight:600;\" class=\"has-link-color wp-elements-5792d4b2749eabaefa2a0ae1a187c1e8 wp-block-post-title has-text-color has-contrast-2-color\"><a href=\"https:\/\/asertivia.com\/index.php\/camino_y_fe\/ermita-de-san-nicolas-de-burgos-2\/\" target=\"_self\" >Ermita de San Nicol\u00e1s de Burgos<\/a><\/h2>\n\n<div style=\"font-size:12px;\" class=\"has-link-color wp-elements-4b5b0f50c3cd03fee7cea755b447aa73 wp-block-post-excerpt has-text-color has-contrast-2-color\"><p class=\"wp-block-post-excerpt__excerpt\">Ermita ligada a la atenci\u00f3n de peregrinos en el entorno urbano medieval.<\/p><p class=\"wp-block-post-excerpt__more-text\"><a class=\"wp-block-post-excerpt__more-link\" href=\"https:\/\/asertivia.com\/index.php\/camino_y_fe\/ermita-de-san-nicolas-de-burgos-2\/\">SEGUIR LEYENDO&#8230;<\/a><\/p><\/div><\/div>\n<\/div><\/div>\n<\/div>\n\n\n\n<div class=\"wp-block-column is-layout-flow wp-block-column-is-layout-flow\" style=\"flex-basis:25%\">\n<p class=\"gb-text gb-text-ff2607ab\">El Rocio &amp; Camino de Santiago<\/p>\n\n\n\n<figure class=\"wp-block-image size-full is-resized has-custom-border\"><img loading=\"lazy\" decoding=\"async\" width=\"875\" height=\"1007\" src=\"https:\/\/lightblue-gaur-229646.hostingersite.com\/wp-content\/uploads\/2026\/03\/IMG_6045_2.jpg\" alt=\"\" class=\"wp-image-13526\" style=\"border-style:none;border-width:0px;border-radius:8px;object-fit:cover;width:300px;height:200px\" srcset=\"https:\/\/asertivia.com\/wp-content\/uploads\/2026\/03\/IMG_6045_2.jpg 875w, https:\/\/asertivia.com\/wp-content\/uploads\/2026\/03\/IMG_6045_2-521x600.jpg 521w, https:\/\/asertivia.com\/wp-content\/uploads\/2026\/03\/IMG_6045_2-768x884.jpg 768w\" sizes=\"auto, (max-width: 875px) 100vw, 875px\" \/><\/figure>\n\n\n\n<div><div class=\"gb-looper-1a6f3e38\">\n<div class=\"gb-loop-item post-1600 camino_y_fe type-camino_y_fe status-publish format-standard hentry category-sin-categoria camino_y_fe_bloque-bloque-3-el-rocio-comparado-con-el-camino-de-santiago\"><h2 style=\"font-size:17px;font-style:italic;font-weight:600;\" class=\"has-link-color wp-elements-5792d4b2749eabaefa2a0ae1a187c1e8 wp-block-post-title has-text-color has-contrast-2-color\"><a href=\"https:\/\/asertivia.com\/index.php\/camino_y_fe\/la-musica\/\" target=\"_self\" >La m\u00fasica<\/a><\/h2>\n\n<div style=\"font-size:12px;\" class=\"has-link-color wp-elements-4b5b0f50c3cd03fee7cea755b447aa73 wp-block-post-excerpt has-text-color has-contrast-2-color\"><p class=\"wp-block-post-excerpt__excerpt\">Hay peregrinaciones que avanzan marcadas por el comp\u00e1s de un canto compartido y otras que se sostienen en la cadencia casi imperceptible del paso; el sonido define el car\u00e1cter del trayecto.<\/p><p class=\"wp-block-post-excerpt__more-text\"><a class=\"wp-block-post-excerpt__more-link\" href=\"https:\/\/asertivia.com\/index.php\/camino_y_fe\/la-musica\/\">SEGUIR LEYENDO&#8230;<\/a><\/p><\/div><\/div>\n<\/div><\/div>\n<\/div>\n\n\n\n<div class=\"wp-block-column is-layout-flow wp-block-column-is-layout-flow\" style=\"flex-basis:25%\">\n<p class=\"gb-text gb-text-c5125137\">Caminos de peregrinaci\u00f3n en Espa\u00f1a no Marianos<\/p>\n\n\n\n<figure class=\"wp-block-image size-full is-resized has-custom-border\"><img loading=\"lazy\" decoding=\"async\" width=\"988\" height=\"664\" src=\"https:\/\/lightblue-gaur-229646.hostingersite.com\/wp-content\/uploads\/2026\/02\/Aragues-del-Puerto.jpg\" alt=\"\" class=\"wp-image-13306\" style=\"border-style:none;border-width:0px;border-radius:8px;object-fit:cover;width:300px;height:200px\" srcset=\"https:\/\/asertivia.com\/wp-content\/uploads\/2026\/02\/Aragues-del-Puerto.jpg 988w, https:\/\/asertivia.com\/wp-content\/uploads\/2026\/02\/Aragues-del-Puerto-600x403.jpg 600w, https:\/\/asertivia.com\/wp-content\/uploads\/2026\/02\/Aragues-del-Puerto-768x516.jpg 768w\" sizes=\"auto, (max-width: 988px) 100vw, 988px\" \/><\/figure>\n\n\n\n<div><div class=\"gb-looper-056c9f18\">\n<div class=\"gb-loop-item post-1702 camino_y_fe type-camino_y_fe status-publish format-standard hentry category-sin-categoria camino_y_fe_bloque-bloque-4-caminos-de-peregrinacion-en-espana-no-marianos\"><h2 style=\"font-size:17px;font-style:italic;font-weight:600;\" class=\"has-link-color wp-elements-5792d4b2749eabaefa2a0ae1a187c1e8 wp-block-post-title has-text-color has-contrast-2-color\"><a href=\"https:\/\/asertivia.com\/index.php\/camino_y_fe\/dureza-y-recompensa-el-sentido-del-esfuerzo-en-el-camino-de-san-salvador\/\" target=\"_self\" >Dureza y recompensa, el sentido del esfuerzo en el Camino de San Salvador<\/a><\/h2>\n\n<div style=\"font-size:12px;\" class=\"has-link-color wp-elements-2a9976158cf98b96c2a124795304a160 wp-block-post-excerpt has-text-color has-contrast-2-color\"><p class=\"wp-block-post-excerpt__excerpt\">El Camino de San Salvador es reconocido como uno de los itinerarios m\u00e1s exigentes del norte peninsular debido a su relieve monta\u00f1oso y a la escasez de tramos llanos. La&hellip;<\/p><p class=\"wp-block-post-excerpt__more-text\"><a class=\"wp-block-post-excerpt__more-link\" href=\"https:\/\/asertivia.com\/index.php\/camino_y_fe\/dureza-y-recompensa-el-sentido-del-esfuerzo-en-el-camino-de-san-salvador\/\">SEGUIR LEYENDO&#8230;<\/a><\/p><\/div><\/div>\n<\/div><\/div>\n<\/div>\n<\/div>\n<\/div>\n<\/div><\/div>\n<\/div>\n<\/div>\n\n\n\n<hr class=\"wp-block-separator has-alpha-channel-opacity has-background is-style-wide\"\/>\n\n\n\n<div class=\"wp-block-columns is-layout-flex wp-container-core-columns-is-layout-9d6595d7 wp-block-columns-is-layout-flex\">\n<div class=\"wp-block-column is-layout-flow wp-block-column-is-layout-flow\" style=\"flex-basis:100%\">\n<div class=\"wp-block-group alignwide\"><div class=\"wp-block-group__inner-container is-layout-constrained wp-block-group-is-layout-constrained\">\n<div class=\"wp-block-group alignwide is-nowrap is-layout-flex wp-container-core-group-is-layout-ad2f72ca wp-block-group-is-layout-flex\">\n<div class=\"wp-block-columns alignwide wp-container-content-9cfa9a5a is-layout-flex wp-container-core-columns-is-layout-4c3547a3 wp-block-columns-is-layout-flex\" style=\"padding-top:24px;padding-right:24px;padding-bottom:24px;padding-left:24px\">\n<div class=\"wp-block-column is-vertically-aligned-center is-layout-flow wp-block-column-is-layout-flow\">\n<h2 class=\"wp-block-heading has-text-align-center is-style-font-georgia has-text-color has-link-color has-times-new-roman-font-family wp-elements-a8cb7a258dde2104a2fb013d75e9898a\" style=\"color:#1f4068;font-size:40px;font-style:italic;font-weight:700\"><strong>\u201cExperiencias que dan forma a tu vida\u201d<\/strong><\/h2>\n\n\n\n<hr class=\"wp-block-separator has-alpha-channel-opacity\"\/>\n<\/div>\n\n\n\n<div class=\"wp-block-column is-vertically-aligned-center is-layout-flow wp-block-column-is-layout-flow\">\n<div class=\"wp-block-group is-nowrap is-layout-flex wp-container-core-group-is-layout-ad2f72ca wp-block-group-is-layout-flex\">\n<p class=\"is-style-font-trebuchet has-text-color has-link-color wp-elements-a2e30ac7e5345fb1e0c3b184b0e9554b\" style=\"color:#1f4068;font-size:22px\"><em>\u201cViajar, crecer y avanzar: tres pilares que acompa\u00f1an al ser humano en su camino, conectando sue\u00f1os, identidad y prop\u00f3sito en cada etapa de la vida.\u201d<\/em><\/p>\n<\/div>\n\n\n\n<div class=\"wp-block-group is-content-justification-space-between is-nowrap is-layout-flex wp-container-core-group-is-layout-0dfbf163 wp-block-group-is-layout-flex\">\n<div class=\"wp-block-buttons is-layout-flex wp-block-buttons-is-layout-flex\">\n<div class=\"wp-block-button\"><a class=\"wp-block-button__link has-white-color has-black-background-color has-text-color has-background has-link-color has-custom-font-size wp-element-button\" href=\"https:\/\/lightblue-gaur-229646.hostingersite.com\/index.php\/dark-zone\/textos_en_el_umbral\/\" style=\"border-radius:8px;padding-top:16px;padding-right:24px;padding-bottom:16px;padding-left:24px;font-size:16px;font-style:normal;font-weight:500;line-height:1\">Acceder a TEXTOS EN EL UMBRAL<\/a><\/div>\n<\/div>\n<\/div>\n<\/div>\n<\/div>\n<\/div>\n\n\n\n<div class=\"wp-block-group alignwide is-nowrap is-layout-flex wp-container-core-group-is-layout-194c01b1 wp-block-group-is-layout-flex\">\n<div class=\"wp-block-columns alignwide wp-container-content-9cfa9a5a is-layout-flex wp-container-core-columns-is-layout-4c3547a3 wp-block-columns-is-layout-flex\" style=\"padding-top:24px;padding-right:24px;padding-bottom:24px;padding-left:24px\">\n<div class=\"wp-block-column is-layout-flow wp-block-column-is-layout-flow\" style=\"flex-basis:30%\">\n<p class=\"gb-text gb-text-83169d46\">MUJER<\/p>\n\n\n\n<div><div class=\"gb-looper-3fbe20f1\">\n<div class=\"gb-loop-item post-2049 mujer type-mujer status-publish format-standard has-post-thumbnail hentry category-sin-categoria\"><figure class=\"wp-block-post-featured-image\"><img loading=\"lazy\" decoding=\"async\" width=\"300\" height=\"300\" src=\"https:\/\/asertivia.com\/wp-content\/uploads\/2026\/08\/mujer-2049-300x300.jpg\" class=\"attachment-thumbnail size-thumbnail wp-post-image\" alt=\"\u00d6zlem T\u00fcreci\" style=\"object-fit:cover;\" \/><\/figure>\n\n<h2 style=\"font-size:17px;font-style:italic;font-weight:600;\" class=\"has-link-color wp-elements-5792d4b2749eabaefa2a0ae1a187c1e8 wp-block-post-title has-text-color has-contrast-2-color\"><a href=\"https:\/\/asertivia.com\/index.php\/mujer\/ozlem-tureci-y-la-inmunoterapia-moderna\/\" target=\"_self\" >\u00d6zlem T\u00fcreci y la inmunoterapia moderna<\/a><\/h2>\n\n<div style=\"font-size:12px;\" class=\"has-link-color wp-elements-4b5b0f50c3cd03fee7cea755b447aa73 wp-block-post-excerpt has-text-color has-contrast-2-color\"><p class=\"wp-block-post-excerpt__excerpt\">\u00d6zlem T\u00fcreci ha revolucionado la medicina al aplicar la biotecnolog\u00eda a la inmunoterapia y al desarrollo de vacunas, transformando el enfoque de prevenci\u00f3n y tratamiento de enfermedades infecciosas y c\u00e1ncer.<\/p><p class=\"wp-block-post-excerpt__more-text\"><a class=\"wp-block-post-excerpt__more-link\" href=\"https:\/\/asertivia.com\/index.php\/mujer\/ozlem-tureci-y-la-inmunoterapia-moderna\/\">SEGUIR LEYENDO&#8230;<\/a><\/p><\/div><\/div>\n\n<div class=\"gb-loop-item post-2048 mujer type-mujer status-publish format-standard has-post-thumbnail hentry category-sin-categoria\"><figure class=\"wp-block-post-featured-image\"><img loading=\"lazy\" decoding=\"async\" width=\"300\" height=\"300\" src=\"https:\/\/asertivia.com\/wp-content\/uploads\/2026\/08\/mujer-2048-300x300.jpg\" class=\"attachment-thumbnail size-thumbnail wp-post-image\" alt=\"Katalin Karik\u00f3\" style=\"object-fit:cover;\" \/><\/figure>\n\n<h2 style=\"font-size:17px;font-style:italic;font-weight:600;\" class=\"has-link-color wp-elements-5792d4b2749eabaefa2a0ae1a187c1e8 wp-block-post-title has-text-color has-contrast-2-color\"><a href=\"https:\/\/asertivia.com\/index.php\/mujer\/katalin-kariko-y-las-vacunas-de-arn-mensajero\/\" target=\"_self\" >Katalin Karik\u00f3 y las vacunas de ARN mensajero<\/a><\/h2>\n\n<div style=\"font-size:12px;\" class=\"has-link-color wp-elements-4b5b0f50c3cd03fee7cea755b447aa73 wp-block-post-excerpt has-text-color has-contrast-2-color\"><p class=\"wp-block-post-excerpt__excerpt\">Durante d\u00e9cadas, Katalin Karik\u00f3 trabaj\u00f3 en silencio para perfeccionar la tecnolog\u00eda de ARN mensajero, base de vacunas r\u00e1pidas y eficaces, revolucionando la respuesta global a emergencias sanitarias.<\/p><p class=\"wp-block-post-excerpt__more-text\"><a class=\"wp-block-post-excerpt__more-link\" href=\"https:\/\/asertivia.com\/index.php\/mujer\/katalin-kariko-y-las-vacunas-de-arn-mensajero\/\">SEGUIR LEYENDO&#8230;<\/a><\/p><\/div><\/div>\n<\/div><\/div>\n<\/div>\n\n\n\n<div class=\"wp-block-column is-layout-flow wp-block-column-is-layout-flow\" style=\"flex-basis:25%\">\n<div>\n<!-- Widget Precio de la Luz - tema claro beige -->\r\n<style>\r\n.luz{font-family:'Segoe UI',system-ui,sans-serif;width:100%;box-sizing:border-box;background:#fff;border-radius:16px;color:#3d2b1f;overflow:hidden;box-shadow:0 4px 20px rgba(0,0,0,.10);border:1px solid #f0ddc2}\r\n.luz-head{padding:14px 16px 10px;text-align:center;border-bottom:1px solid #f0ddc2;background:#fdf6ee}\r\n.luz-head h3{margin:0;font-size:1rem;color:#7c4a1e}\r\n.luz-now{padding:14px 14px 8px;text-align:center}\r\n.luz-price{font-size:2.2rem;font-weight:700;line-height:1;margin-top:4px}\r\n.luz-price sup{font-size:.8rem;font-weight:400;color:#b8895a}\r\n.luz-band{display:inline-block;padding:3px 10px;border-radius:12px;font-size:.68rem;font-weight:600;text-transform:uppercase;letter-spacing:.4px;margin-top:6px}\r\n.luz-band.barata{background:rgba(34,197,94,.12);color:#166534;border:1px solid rgba(34,197,94,.3)}\r\n.luz-band.media{background:rgba(234,179,8,.12);color:#854d0e;border:1px solid rgba(234,179,8,.3)}\r\n.luz-band.cara{background:rgba(239,68,68,.12);color:#991b1b;border:1px solid rgba(239,68,68,.3)}\r\n.luz-hora{font-size:.7rem;color:#b8895a;margin-top:4px}\r\n.luz-stats{display:flex!important;flex-direction:row!important;justify-content:center;gap:14px;padding:4px 14px 10px;flex-wrap:wrap}\r\n.luz-st{text-align:center}\r\n.luz-st .luz-sv{font-size:.82rem;font-weight:600}\r\n.luz-st .luz-sl{font-size:.56rem;color:#b8895a;text-transform:uppercase;letter-spacing:.3px}\r\n.luz-chart{padding:8px 14px 10px;border-top:1px solid #f0ddc2}\r\n.luz-ctit{font-size:.64rem;color:#b8895a;text-transform:uppercase;letter-spacing:.3px;margin-bottom:6px;text-align:center}\r\n.luz-bars{display:flex!important;flex-direction:row!important;align-items:flex-end;gap:2px;height:80px}\r\n.luz-bar{flex:1;border-radius:2px 2px 0 0;min-width:0;position:relative;cursor:pointer;transition:opacity .15s}\r\n.luz-bar:hover{opacity:.8}\r\n.luz-bar.barata{background:linear-gradient(to top,rgba(34,197,94,.35),rgba(34,197,94,.65))}\r\n.luz-bar.media{background:linear-gradient(to top,rgba(234,179,8,.35),rgba(234,179,8,.65))}\r\n.luz-bar.cara{background:linear-gradient(to top,rgba(239,68,68,.35),rgba(239,68,68,.7))}\r\n.luz-bar.ahora{box-shadow:0 0 6px rgba(194,146,90,.5);border:1px solid rgba(194,146,90,.7);border-bottom:none}\r\n.luz-tip{position:absolute;bottom:calc(100% + 4px);left:50%;transform:translateX(-50%);background:#3d2b1f;color:#fdf8f2;font-size:.6rem;padding:3px 6px;border-radius:4px;white-space:nowrap;display:none;z-index:5;border:1px solid rgba(0,0,0,.15)}\r\n.luz-bar:hover .luz-tip{display:block}\r\n.luz-haxis{display:flex!important;flex-direction:row!important;justify-content:space-between;padding-top:3px}\r\n.luz-haxis span{font-size:.5rem;color:#b8895a}\r\n.luz-legend{display:flex!important;flex-direction:row!important;justify-content:center;gap:10px;padding:6px 14px 4px}\r\n.luz-leg{display:flex!important;flex-direction:row!important;align-items:center;gap:3px;font-size:.56rem;color:#6b4c35}\r\n.luz-leg i{width:8px;height:8px;border-radius:2px;display:inline-block}\r\n.luz-leg i.lg{background:#22c55e}.luz-leg i.lm{background:#ca8a04}.luz-leg i.lr{background:#ef4444}\r\n.luz-links{padding:4px 14px 2px;border-top:1px solid #f0ddc2}\r\n.luz-lnk{display:flex!important;flex-direction:row!important;align-items:center;gap:8px;padding:5px 8px;margin-bottom:3px;border-radius:8px;background:#fdf8f2;border:1px solid #f0ddc2;color:#4a3728;text-decoration:none;font-size:.72rem;transition:background .2s,transform .15s}\r\n.luz-lnk:hover{background:rgba(194,146,90,.15);color:#7c4a1e;transform:translateX(2px)}\r\n.luz-lnk span.li{font-size:.9rem;flex-shrink:0;width:20px;text-align:center}\r\n.luz-lnk strong{color:#3d2b1f;font-size:.72rem;font-weight:600}\r\n.luz-foot{text-align:center;padding:8px 14px 12px;font-size:.58rem;color:#b8895a;border-top:1px solid #f0ddc2;background:#fdf6ee}\r\n.luz-load{text-align:center;padding:18px 0;color:#b8895a;font-size:.78rem}\r\n<\/style>\r\n\r\n<div class=\"luz\">\r\n  <div class=\"luz-head\"><h3>\u26a1 Precio de la Luz<\/h3><\/div>\r\n  <div id=\"luzNow\"><div class=\"luz-load\">Cargando precios\u2026<\/div><\/div>\r\n  <div id=\"luzChart\"><\/div>\r\n  <div class=\"luz-links\">\r\n    <a class=\"luz-lnk\" href=\"https:\/\/www.esios.ree.es\/es\/pvpc\" target=\"_blank\" rel=\"noopener\"><span class=\"li\">\ud83d\udcca<\/span><strong>PVPC completo (REE)<\/strong><\/a>\r\n    <a class=\"luz-lnk\" href=\"https:\/\/www.omie.es\/es\/spot-hoy\" target=\"_blank\" rel=\"noopener\"><span class=\"li\">\ud83d\udcb6<\/span><strong>Mercado spot OMIE<\/strong><\/a>\r\n  <\/div>\r\n  <div class=\"luz-foot\" id=\"luzFoot\">Fuente: OMIE \u00b7 Mercado el\u00e9ctrico ib\u00e9rico<\/div>\r\n<\/div>\r\n\r\n<script>\r\n(function(){\r\n  var BARATO=30, CARO=60;\r\n\r\n  function banda(p){return p<BARATO?'barata':p<CARO?'media':'cara';}\r\n  function bandaTxt(p){return p<BARATO?'Barata':p<CARO?'Media':'Cara';}\r\n  function colorPrecio(p){return p<BARATO?'#166534':p<CARO?'#854d0e':'#991b1b';}\r\n\r\n  function parseOMIE(txt){\r\n    var lines=txt.trim().split('\\n');\r\n    var hours=new Array(24);\r\n    for(var h=0;h<24;h++) hours[h]={sum:0,count:0};\r\n    for(var i=0;i<lines.length;i++){\r\n      var parts=lines[i].split(';');\r\n      if(parts.length<5||isNaN(parseFloat(parts[3]))) continue;\r\n      var period=parseInt(parts[3],10);\r\n      var price=parseFloat(parts[4]);\r\n      if(period<1||period>96||isNaN(price)) continue;\r\n      var hIdx=Math.floor((period-1)\/4);\r\n      hours[hIdx].sum+=price;\r\n      hours[hIdx].count++;\r\n    }\r\n    var result=[];\r\n    for(var j=0;j<24;j++){\r\n      result.push(hours[j].count>0? Math.round(hours[j].sum\/hours[j].count*100)\/100 : null);\r\n    }\r\n    return result;\r\n  }\r\n\r\n  function render(prices){\r\n    var horaActual=new Date().getHours();\r\n    var precioActual=prices[horaActual];\r\n    if(precioActual===null) precioActual=0;\r\n\r\n    var valid=prices.filter(function(p){return p!==null;});\r\n    var minP=Math.min.apply(null,valid), maxP=Math.max.apply(null,valid);\r\n    var avgP=Math.round(valid.reduce(function(a,b){return a+b;},0)\/valid.length*100)\/100;\r\n    var minH=prices.indexOf(minP), maxH=prices.indexOf(maxP);\r\n\r\n    var html='<div class=\"luz-now\">';\r\n    html+='<div class=\"luz-price\" style=\"color:'+colorPrecio(precioActual)+'\">'+precioActual.toFixed(2)+'<sup> \u20ac\/MWh<\/sup><\/div>';\r\n    html+='<div class=\"luz-band '+banda(precioActual)+'\">'+bandaTxt(precioActual)+'<\/div>';\r\n    html+='<div class=\"luz-hora\">Hora actual: '+String(horaActual).padStart(2,'0')+':00 \u2013 '+String(horaActual).padStart(2,'0')+':59<\/div>';\r\n    html+='<\/div>';\r\n    html+='<div class=\"luz-stats\">';\r\n    html+='<div class=\"luz-st\"><div class=\"luz-sv\" style=\"color:#166534\">'+minP.toFixed(1)+'<\/div><div class=\"luz-sl\">M\u00edn ('+minH+'h)<\/div><\/div>';\r\n    html+='<div class=\"luz-st\"><div class=\"luz-sv\" style=\"color:#6b4c35\">'+avgP.toFixed(1)+'<\/div><div class=\"luz-sl\">Media<\/div><\/div>';\r\n    html+='<div class=\"luz-st\"><div class=\"luz-sv\" style=\"color:#991b1b\">'+maxP.toFixed(1)+'<\/div><div class=\"luz-sl\">M\u00e1x ('+maxH+'h)<\/div><\/div>';\r\n    html+='<\/div>';\r\n    document.getElementById('luzNow').innerHTML=html;\r\n\r\n    var chartMax=Math.max(maxP,1);\r\n    var ch='<div class=\"luz-chart\">';\r\n    ch+='<div class=\"luz-ctit\">Precios por hora (EUR\/MWh)<\/div>';\r\n    ch+='<div class=\"luz-bars\">';\r\n    for(var i=0;i<24;i++){\r\n      var p=prices[i]!==null?prices[i]:0;\r\n      var pct=Math.max(Math.round(p\/chartMax*100),2);\r\n      var cls=banda(p)+(i===horaActual?' ahora':'');\r\n      ch+='<div class=\"luz-bar '+cls+'\" style=\"height:'+pct+'%\">';\r\n      ch+='<div class=\"luz-tip\">'+String(i).padStart(2,'0')+'h: '+p.toFixed(2)+' \u20ac\/MWh<\/div>';\r\n      ch+='<\/div>';\r\n    }\r\n    ch+='<\/div>';\r\n    ch+='<div class=\"luz-haxis\"><span>0h<\/span><span>6h<\/span><span>12h<\/span><span>18h<\/span><span>23h<\/span><\/div>';\r\n    ch+='<\/div>';\r\n    ch+='<div class=\"luz-legend\">';\r\n    ch+='<div class=\"luz-leg\"><i class=\"lg\"><\/i> &lt;'+BARATO+'<\/div>';\r\n    ch+='<div class=\"luz-leg\"><i class=\"lm\"><\/i> '+BARATO+'-'+CARO+'<\/div>';\r\n    ch+='<div class=\"luz-leg\"><i class=\"lr\"><\/i> &gt;'+CARO+'<\/div>';\r\n    ch+='<\/div>';\r\n    document.getElementById('luzChart').innerHTML=ch;\r\n\r\n    var ahora=new Date();\r\n    document.getElementById('luzFoot').innerHTML='OMIE \u00b7 '+ahora.toLocaleDateString('es-ES',{day:'numeric',month:'short',year:'numeric'})+' \u00b7 Act. '+String(ahora.getHours()).padStart(2,'0')+':'+String(ahora.getMinutes()).padStart(2,'0');\r\n  }\r\n\r\n  function cargar(){\r\n    var f=new Date();\r\n    var y=f.getFullYear();\r\n    var m=String(f.getMonth()+1).padStart(2,'0');\r\n    var d=String(f.getDate()).padStart(2,'0');\r\n    var omie='https:\/\/www.omie.es\/es\/file-download?parents%5B0%5D=marginalpdbc&filename=marginalpdbc_'+y+m+d+'.1';\r\n\r\n    var url1='https:\/\/api.codetabs.com\/v1\/proxy?quest='+encodeURIComponent(omie);\r\n    var url2='https:\/\/api.allorigins.win\/raw?url='+encodeURIComponent(omie);\r\n\r\n    function intentar(url,fallback){\r\n      var x=new XMLHttpRequest();\r\n      x.open('GET',url,true);\r\n      x.onload=function(){\r\n        if(x.status===200&&x.responseText.indexOf('MARGINALPDBC')!==-1){\r\n          var prices=parseOMIE(x.responseText);\r\n          render(prices);\r\n        } else if(fallback){\r\n          intentar(fallback,null);\r\n        }\r\n      };\r\n      x.onerror=function(){if(fallback) intentar(fallback,null);};\r\n      x.send();\r\n    }\r\n\r\n    intentar(url1,url2);\r\n  }\r\n\r\n  cargar();\r\n  setInterval(cargar,3600000);\r\n})();\r\n<\/script>\n\n\n\n<div style=\"height:10px\" aria-hidden=\"true\" class=\"wp-block-spacer\"><\/div>\n<\/div>\n\n\n\n<div>\n<!-- Widget Tal D\u00eda Como Hoy - P\u00e1gina (tema claro) -->\r\n<style>\r\n.tdh{font-family:'Segoe UI',system-ui,sans-serif;width:100%;box-sizing:border-box;background:#fff;border-radius:16px;color:#3d2b1f;overflow:hidden;box-shadow:0 4px 20px rgba(0,0,0,.10);border:1px solid #f0ddc2}\r\n.tdh-head{padding:14px 16px 10px;text-align:center;border-bottom:1px solid #f0ddc2;background:#fdf6ee}\r\n.tdh-head h3{margin:0;font-size:1rem;color:#7c4a1e}\r\n.tdh-body{padding:12px 14px 8px;background:#fff}\r\n.tdh-sec{font-size:.68rem;color:#b8895a;text-transform:uppercase;letter-spacing:.5px;padding:6px 0 4px;margin:0}\r\n.tdh-item{padding:7px 10px;margin-bottom:4px;border-radius:8px;background:#fdf8f2;border:1px solid #f0ddc2;font-size:.78rem;line-height:1.35;color:#4a3728}\r\n.tdh-item b{color:#c2925a;margin-right:4px;font-size:.76rem}\r\n.tdh-frase{margin:8px 0 4px;padding:10px 12px;border-radius:8px;background:#fdf8f2;border-left:3px solid #c2925a;font-style:italic;font-size:.78rem;color:#6b4c35;line-height:1.4}\r\n.tdh-frase .tdh-autor{font-style:normal;text-align:right;font-size:.68rem;color:#b8895a;margin-top:6px}\r\n.tdh-foot{text-align:center;padding:8px 14px 12px;font-size:.66rem;color:#b8895a;border-top:1px solid #f0ddc2;background:#fdf6ee}\r\n<\/style>\r\n\r\n<div class=\"tdh\">\r\n  <div class=\"tdh-head\">\r\n    <h3>\ud83d\udcc5 Tal d\u00eda como hoy<\/h3>\r\n  <\/div>\r\n  <div class=\"tdh-body\">\r\n    <p class=\"tdh-sec\">\ud83d\udcdc Efem\u00e9rides<\/p>\r\n    <div id=\"tdhEfem\"><div class=\"tdh-item\">Cargando\u2026<\/div><\/div>\r\n    <p class=\"tdh-sec\">\ud83d\udcac Cita del d\u00eda<\/p>\r\n    <div class=\"tdh-frase\" id=\"tdhFrase\">Cargando\u2026<\/div>\r\n  <\/div>\r\n  <div class=\"tdh-foot\">Fuente: Wikipedia \u00b7 Contenido diario autom\u00e1tico<\/div>\r\n<\/div>\r\n\r\n<script>\r\n(function(){\r\n  var efemerides={\r\n    \"0101\":[{a:\"45 a.C.\",t:\"Entra en vigor el calendario juliano\"},{a:\"1801\",t:\"Giuseppe Piazzi descubre Ceres\"},{a:\"1959\",t:\"Triunfo de la Revoluci\u00f3n cubana\"}],\r\n    \"0102\":[{a:\"1492\",t:\"Rendici\u00f3n de Granada ante los Reyes Cat\u00f3licos\"},{a:\"1839\",t:\"Primera fotograf\u00eda de la Luna por Daguerre\"},{a:\"1959\",t:\"La URSS lanza la sonda Luna 1\"}],\r\n    \"0103\":[{a:\"1521\",t:\"Lutero es excomulgado por el papa Le\u00f3n X\"},{a:\"1870\",t:\"Inauguraci\u00f3n del puente de Brooklyn\"},{a:\"1959\",t:\"Alaska se convierte en el 49.\u00ba estado de EE.UU.\"}],\r\n    \"0104\":[{a:\"1643\",t:\"Nace Isaac Newton\"},{a:\"1885\",t:\"Primera apendicectom\u00eda exitosa\"},{a:\"2010\",t:\"Inauguraci\u00f3n del Burj Khalifa en Dub\u00e1i\"}],\r\n    \"0105\":[{a:\"1477\",t:\"Batalla de Nancy\"},{a:\"1919\",t:\"Fundaci\u00f3n del Partido Nazi\"},{a:\"1972\",t:\"Nixon aprueba el programa del transbordador espacial\"}],\r\n    \"0106\":[{a:\"1412\",t:\"Nace Juana de Arco\"},{a:\"1838\",t:\"Samuel Morse prueba el tel\u00e9grafo\"},{a:\"2021\",t:\"Asalto al Capitolio de EE.UU.\"}],\r\n    \"0107\":[{a:\"1610\",t:\"Galileo observa las lunas de J\u00fapiter\"},{a:\"1797\",t:\"Se adopta la bandera tricolor italiana\"},{a:\"1999\",t:\"Comienza el juicio pol\u00edtico a Bill Clinton\"}],\r\n    \"0108\":[{a:\"1642\",t:\"Muere Galileo Galilei\"},{a:\"1889\",t:\"Herman Hollerith patenta la m\u00e1quina tabuladora\"},{a:\"1959\",t:\"De Gaulle se convierte en presidente de Francia\"}],\r\n    \"0109\":[{a:\"1431\",t:\"Comienza el juicio contra Juana de Arco\"},{a:\"1799\",t:\"Se establece el impuesto sobre la renta en Reino Unido\"},{a:\"2007\",t:\"Steve Jobs presenta el primer iPhone\"}],\r\n    \"0110\":[{a:\"49 a.C.\",t:\"Julio C\u00e9sar cruza el Rubic\u00f3n\"},{a:\"1863\",t:\"Inauguraci\u00f3n del metro de Londres\"},{a:\"1946\",t:\"Primera sesi\u00f3n de la Asamblea General de la ONU\"}],\r\n    \"0111\":[{a:\"1569\",t:\"Primera loter\u00eda en Inglaterra\"},{a:\"1787\",t:\"Herschel descubre las lunas de Urano\"},{a:\"2002\",t:\"Llegan los primeros presos a Guant\u00e1namo\"}],\r\n    \"0112\":[{a:\"1519\",t:\"Muere Maximiliano I, emperador del Sacro Imperio\"},{a:\"1932\",t:\"Hattie Caraway, primera senadora electa en EE.UU.\"},{a:\"2010\",t:\"Terremoto de Hait\u00ed\"}],\r\n    \"0113\":[{a:\"1610\",t:\"Galileo descubre la luna Calisto\"},{a:\"1898\",t:\"Zola publica 'Yo acuso' en defensa de Dreyfus\"},{a:\"2012\",t:\"Naufragio del Costa Concordia\"}],\r\n    \"0114\":[{a:\"1514\",t:\"El papa Le\u00f3n X condena la esclavitud\"},{a:\"1784\",t:\"EE.UU. ratifica el Tratado de Par\u00eds\"},{a:\"1967\",t:\"Human Be-In en San Francisco\"}],\r\n    \"0115\":[{a:\"1559\",t:\"Coronaci\u00f3n de Isabel I de Inglaterra\"},{a:\"1870\",t:\"Primera aparici\u00f3n del burro dem\u00f3crata en la prensa\"},{a:\"2001\",t:\"Se lanza Wikipedia\"}],\r\n    \"0116\":[{a:\"27 a.C.\",t:\"Octavio recibe el t\u00edtulo de Augusto\"},{a:\"1547\",t:\"Iv\u00e1n el Terrible se corona zar de Rusia\"},{a:\"1969\",t:\"Jan Palach se inmola en Praga\"}],\r\n    \"0117\":[{a:\"1773\",t:\"James Cook cruza el c\u00edrculo polar ant\u00e1rtico\"},{a:\"1929\",t:\"Popeye aparece por primera vez\"},{a:\"1991\",t:\"Comienza la Guerra del Golfo\"}],\r\n    \"0118\":[{a:\"1535\",t:\"Fundaci\u00f3n de Lima por Pizarro\"},{a:\"1778\",t:\"James Cook llega a Haw\u00e1i\"},{a:\"1919\",t:\"Se inaugura la Conferencia de Paz de Par\u00eds\"}],\r\n    \"0119\":[{a:\"1736\",t:\"Nace James Watt\"},{a:\"1839\",t:\"Nace Paul C\u00e9zanne\"},{a:\"1983\",t:\"Se descubre el virus de la hepatitis C\"}],\r\n    \"0120\":[{a:\"1265\",t:\"Primera sesi\u00f3n del Parlamento ingl\u00e9s\"},{a:\"1885\",t:\"Se patenta la monta\u00f1a rusa\"},{a:\"2009\",t:\"Investidura de Barack Obama\"}],\r\n    \"0121\":[{a:\"1793\",t:\"Ejecuci\u00f3n de Luis XVI de Francia\"},{a:\"1924\",t:\"Muere Lenin\"},{a:\"1976\",t:\"El Concorde realiza su primer vuelo comercial\"}],\r\n    \"0122\":[{a:\"1506\",t:\"Llega la Guardia Suiza al Vaticano\"},{a:\"1905\",t:\"Domingo Sangriento en San Petersburgo\"},{a:\"1973\",t:\"Roe vs. Wade legaliza el aborto en EE.UU.\"}],\r\n    \"0123\":[{a:\"1556\",t:\"Terremoto m\u00e1s mort\u00edfero en la historia en Shaanxi, China\"},{a:\"1849\",t:\"Elizabeth Blackwell, primera mujer doctora en EE.UU.\"},{a:\"1960\",t:\"Descenso a la fosa de las Marianas\"}],\r\n    \"0124\":[{a:\"41\",t:\"Claudio es proclamado emperador de Roma\"},{a:\"1848\",t:\"Se descubre oro en California\"},{a:\"1984\",t:\"Apple presenta el Macintosh\"}],\r\n    \"0125\":[{a:\"1533\",t:\"Enrique VIII se casa con Ana Bolena\"},{a:\"1858\",t:\"Se estrena la Marcha Nupcial de Mendelssohn\"},{a:\"2011\",t:\"Comienza la revoluci\u00f3n egipcia\"}],\r\n    \"0126\":[{a:\"1500\",t:\"Vicente Pinz\u00f3n llega a Brasil\"},{a:\"1788\",t:\"Llegan los primeros colonos a Australia\"},{a:\"1950\",t:\"India se convierte en rep\u00fablica\"}],\r\n    \"0127\":[{a:\"1756\",t:\"Nace Mozart\"},{a:\"1880\",t:\"Edison patenta la bombilla\"},{a:\"1945\",t:\"Liberaci\u00f3n de Auschwitz\"}],\r\n    \"0128\":[{a:\"1547\",t:\"Muere Enrique VIII de Inglaterra\"},{a:\"1813\",t:\"Se publica 'Orgullo y Prejuicio' de Jane Austen\"},{a:\"1986\",t:\"Desastre del transbordador Challenger\"}],\r\n    \"0129\":[{a:\"1845\",t:\"Se publica 'El Cuervo' de Edgar Allan Poe\"},{a:\"1886\",t:\"Benz patenta el primer autom\u00f3vil\"},{a:\"2002\",t:\"Bush declara al 'eje del mal'\"}],\r\n    \"0130\":[{a:\"1649\",t:\"Ejecuci\u00f3n de Carlos I de Inglaterra\"},{a:\"1933\",t:\"Hitler es nombrado canciller de Alemania\"},{a:\"1969\",t:\"\u00daltimo concierto de los Beatles en una azotea\"}],\r\n    \"0131\":[{a:\"1606\",t:\"Ejecuci\u00f3n de Guy Fawkes\"},{a:\"1865\",t:\"Se aprueba la XIII Enmienda aboliendo la esclavitud\"},{a:\"1958\",t:\"EE.UU. lanza el Explorer 1\"}],\r\n    \"0201\":[{a:\"1790\",t:\"Primera sesi\u00f3n del Tribunal Supremo de EE.UU.\"},{a:\"1884\",t:\"Se publica el Oxford English Dictionary\"},{a:\"2003\",t:\"Desintegraci\u00f3n del transbordador Columbia\"}],\r\n    \"0202\":[{a:\"1536\",t:\"Fundaci\u00f3n de Buenos Aires\"},{a:\"1848\",t:\"Fin de la Guerra M\u00e9xico-EE.UU.\"},{a:\"1943\",t:\"Alemania se rinde en Stalingrado\"}],\r\n    \"0203\":[{a:\"1468\",t:\"Muere Gutenberg\"},{a:\"1870\",t:\"Se ratifica la XV Enmienda en EE.UU.\"},{a:\"1966\",t:\"La Luna 9 sovi\u00e9tica aterriza en la Luna\"}],\r\n    \"0204\":[{a:\"211\",t:\"Muere el emperador romano Septimio Severo\"},{a:\"1789\",t:\"George Washington elegido primer presidente de EE.UU.\"},{a:\"2004\",t:\"Zuckerberg lanza Facebook\"}],\r\n    \"0205\":[{a:\"62\",t:\"Terremoto en Pompeya\"},{a:\"1917\",t:\"M\u00e9xico aprueba su Constituci\u00f3n\"},{a:\"1971\",t:\"El Apolo 14 aterriza en la Luna\"}],\r\n    \"0206\":[{a:\"1778\",t:\"Francia reconoce la independencia de EE.UU.\"},{a:\"1820\",t:\"Sale el primer barco de emigrantes a Liberia\"},{a:\"1952\",t:\"Isabel II se convierte en reina\"}],\r\n    \"0207\":[{a:\"1812\",t:\"Nace Charles Dickens\"},{a:\"1940\",t:\"Se estrena Pinocho de Disney\"},{a:\"1992\",t:\"Se firma el Tratado de Maastricht\"}],\r\n    \"0208\":[{a:\"1587\",t:\"Ejecuci\u00f3n de Mar\u00eda Estuardo\"},{a:\"1828\",t:\"Nace Julio Verne\"},{a:\"1974\",t:\"Regresa la \u00faltima tripulaci\u00f3n del Skylab\"}],\r\n    \"0209\":[{a:\"1534\",t:\"Nace Garc\u00eda de Orta\"},{a:\"1895\",t:\"Se inventa el voleibol\"},{a:\"1969\",t:\"Primer vuelo del Boeing 747\"}],\r\n    \"0210\":[{a:\"1258\",t:\"Los mongoles saquean Bagdad\"},{a:\"1840\",t:\"Victoria I se casa con Alberto de Sajonia\"},{a:\"1996\",t:\"Deep Blue vence a Kasparov por primera vez\"}],\r\n    \"0211\":[{a:\"1531\",t:\"Enrique VIII se declara cabeza de la Iglesia de Inglaterra\"},{a:\"1858\",t:\"Apariciones de Lourdes\"},{a:\"1990\",t:\"Mandela es liberado de prisi\u00f3n\"}],\r\n    \"0212\":[{a:\"1541\",t:\"Fundaci\u00f3n de Santiago de Chile\"},{a:\"1809\",t:\"Nace Abraham Lincoln y Charles Darwin\"},{a:\"2002\",t:\"Comienza el juicio a Milo\u0161evi\u0107\"}],\r\n    \"0213\":[{a:\"1542\",t:\"Ejecuci\u00f3n de Catalina Howard\"},{a:\"1633\",t:\"Galileo llega a Roma para su juicio\"},{a:\"1945\",t:\"Bombardeo de Dresde\"}],\r\n    \"0214\":[{a:\"269\",t:\"Martirio de San Valent\u00edn\"},{a:\"1876\",t:\"Bell y Gray solicitan la patente del tel\u00e9fono\"},{a:\"1990\",t:\"Voyager 1 toma la foto 'Punto azul p\u00e1lido'\"}],\r\n    \"0215\":[{a:\"1564\",t:\"Nace Galileo Galilei\"},{a:\"1898\",t:\"Hundimiento del USS Maine en La Habana\"},{a:\"1971\",t:\"Reino Unido adopta el sistema decimal\"}],\r\n    \"0216\":[{a:\"1659\",t:\"Primer cheque bancario de la historia\"},{a:\"1923\",t:\"Howard Carter abre la tumba de Tutankam\u00f3n\"},{a:\"2005\",t:\"Entra en vigor el Protocolo de Kioto\"}],\r\n    \"0217\":[{a:\"1600\",t:\"Giordano Bruno es quemado en la hoguera\"},{a:\"1863\",t:\"Se funda la Cruz Roja\"},{a:\"1972\",t:\"VW Beetle supera las ventas del Ford T\"}],\r\n    \"0218\":[{a:\"1564\",t:\"Muere Miguel \u00c1ngel\"},{a:\"1885\",t:\"Se publica 'Las aventuras de Huckleberry Finn'\"},{a:\"1930\",t:\"Se descubre Plut\u00f3n\"}],\r\n    \"0219\":[{a:\"1473\",t:\"Nace Cop\u00e9rnico\"},{a:\"1878\",t:\"Edison patenta el fon\u00f3grafo\"},{a:\"1945\",t:\"Batalla de Iwo Jima\"}],\r\n    \"0220\":[{a:\"1472\",t:\"Las islas Orcadas pasan de Noruega a Escocia\"},{a:\"1816\",t:\"Se estrena 'El Barbero de Sevilla' de Rossini\"},{a:\"1962\",t:\"John Glenn orbita la Tierra\"}],\r\n    \"0221\":[{a:\"1613\",t:\"Miguel Romanov es elegido zar de Rusia\"},{a:\"1848\",t:\"Marx y Engels publican el Manifiesto Comunista\"},{a:\"1972\",t:\"Nixon visita China\"}],\r\n    \"0222\":[{a:\"1512\",t:\"Nace Am\u00e9rico Vespucio (discutido)\"},{a:\"1857\",t:\"Nace Robert Baden-Powell\"},{a:\"1997\",t:\"Se anuncia la clonaci\u00f3n de la oveja Dolly\"}],\r\n    \"0223\":[{a:\"1455\",t:\"Se imprime la Biblia de Gutenberg\"},{a:\"1836\",t:\"Comienza el sitio de El \u00c1lamo\"},{a:\"1941\",t:\"Se sintetiza el plutonio\"}],\r\n    \"0224\":[{a:\"1582\",t:\"El papa Gregorio XIII reforma el calendario\"},{a:\"1920\",t:\"Se funda el Partido Nazi\"},{a:\"1955\",t:\"Nace Steve Jobs\"}],\r\n    \"0225\":[{a:\"1570\",t:\"Isabel I es excomulgada\"},{a:\"1836\",t:\"Samuel Colt patenta el rev\u00f3lver\"},{a:\"1986\",t:\"Coraz\u00f3n Aquino toma el poder en Filipinas\"}],\r\n    \"0226\":[{a:\"1616\",t:\"Galileo es amonestado por la Inquisici\u00f3n\"},{a:\"1815\",t:\"Napole\u00f3n escapa de Elba\"},{a:\"1935\",t:\"Se inventa el radar\"}],\r\n    \"0227\":[{a:\"380\",t:\"El cristianismo se convierte en religi\u00f3n oficial de Roma\"},{a:\"1812\",t:\"Lord Byron pronuncia su primer discurso\"},{a:\"1933\",t:\"Incendio del Reichstag\"}],\r\n    \"0228\":[{a:\"1525\",t:\"Ejecuci\u00f3n de Cuauht\u00e9moc\"},{a:\"1854\",t:\"Se funda el Partido Republicano en EE.UU.\"},{a:\"1953\",t:\"Watson y Crick descubren la estructura del ADN\"}],\r\n    \"0229\":[{a:\"1504\",t:\"Col\u00f3n usa un eclipse lunar para sobrevivir en Jamaica\"},{a:\"1940\",t:\"'Lo que el viento se llev\u00f3' gana el \u00d3scar\"},{a:\"2004\",t:\"Golpe de Estado en Hait\u00ed\"}],\r\n    \"0301\":[{a:\"1565\",t:\"Fundaci\u00f3n de R\u00edo de Janeiro\"},{a:\"1872\",t:\"Se crea el parque nacional de Yellowstone\"},{a:\"1954\",t:\"EE.UU. detona Castle Bravo en Bikini\"}],\r\n    \"0302\":[{a:\"1498\",t:\"Vasco da Gama llega a Mozambique\"},{a:\"1836\",t:\"Texas declara su independencia de M\u00e9xico\"},{a:\"1969\",t:\"Primer vuelo del Concorde\"}],\r\n    \"0303\":[{a:\"1585\",t:\"Se funda Teatro Ol\u00edmpico de Vicenza\"},{a:\"1847\",t:\"Nace Alexander Graham Bell\"},{a:\"1991\",t:\"Rodney King es golpeado por la polic\u00eda de L.A.\"}],\r\n    \"0304\":[{a:\"1789\",t:\"Primera sesi\u00f3n del Congreso de EE.UU.\"},{a:\"1877\",t:\"Tchaikovsky estrena 'El lago de los cisnes'\"},{a:\"1994\",t:\"Primer atentado contra el World Trade Center\"}],\r\n    \"0305\":[{a:\"1616\",t:\"Se proh\u00edbe el heliocentrismo de Cop\u00e9rnico\"},{a:\"1770\",t:\"Masacre de Boston\"},{a:\"1953\",t:\"Muere I\u00f3sif Stalin\"}],\r\n    \"0306\":[{a:\"1475\",t:\"Nace Miguel \u00c1ngel\"},{a:\"1836\",t:\"Cae El \u00c1lamo\"},{a:\"1957\",t:\"Ghana se independiza del Reino Unido\"}],\r\n    \"0307\":[{a:\"322 a.C.\",t:\"Muere Arist\u00f3teles\"},{a:\"1876\",t:\"Bell patenta el tel\u00e9fono\"},{a:\"1965\",t:\"Selma: marchas por el derecho al voto\"}],\r\n    \"0308\":[{a:\"1010\",t:\"Se completa el 'Shahnameh' de Ferdowsi\"},{a:\"1817\",t:\"Se funda la Bolsa de Nueva York\"},{a:\"1917\",t:\"Comienza la Revoluci\u00f3n de Febrero en Rusia\"}],\r\n    \"0309\":[{a:\"1454\",t:\"Nace Am\u00e9rico Vespucio\"},{a:\"1796\",t:\"Napole\u00f3n se casa con Josefina\"},{a:\"1959\",t:\"Sale al mercado la mu\u00f1eca Barbie\"}],\r\n    \"0310\":[{a:\"1876\",t:\"Bell realiza la primera llamada telef\u00f3nica\"},{a:\"1906\",t:\"Cat\u00e1strofe minera de Courri\u00e8res\"},{a:\"2006\",t:\"La sonda Mars Reconnaissance llega a Marte\"}],\r\n    \"0311\":[{a:\"1513\",t:\"Giovanni de M\u00e9dici se convierte en papa Le\u00f3n X\"},{a:\"1818\",t:\"Se publica 'Frankenstein' de Mary Shelley\"},{a:\"2011\",t:\"Terremoto y tsunami de Fukushima\"}],\r\n    \"0312\":[{a:\"1894\",t:\"Coca-Cola se vende en botella por primera vez\"},{a:\"1930\",t:\"Gandhi inicia la Marcha de la Sal\"},{a:\"2013\",t:\"Jorge Mario Bergoglio es elegido papa Francisco\"}],\r\n    \"0313\":[{a:\"1781\",t:\"Herschel descubre Urano\"},{a:\"1881\",t:\"Asesinato del zar Alejandro II\"},{a:\"1997\",t:\"Avistamiento masivo de ovnis en Phoenix\"}],\r\n    \"0314\":[{a:\"1879\",t:\"Nace Albert Einstein\"},{a:\"1883\",t:\"Muere Karl Marx\"},{a:\"2018\",t:\"Muere Stephen Hawking\"}],\r\n    \"0315\":[{a:\"44 a.C.\",t:\"Asesinato de Julio C\u00e9sar\"},{a:\"1493\",t:\"Col\u00f3n regresa a Espa\u00f1a tras su primer viaje\"},{a:\"1985\",t:\"Se registra el primer dominio .com\"}],\r\n    \"0316\":[{a:\"1521\",t:\"Magallanes llega a Filipinas\"},{a:\"1802\",t:\"Se funda West Point\"},{a:\"1926\",t:\"Robert Goddard lanza el primer cohete de combustible l\u00edquido\"}],\r\n    \"0317\":[{a:\"461\",t:\"Muere San Patricio\"},{a:\"1776\",t:\"Los brit\u00e1nicos evac\u00faan Boston\"},{a:\"1992\",t:\"Atentado contra la embajada de Israel en Buenos Aires\"}],\r\n    \"0318\":[{a:\"1229\",t:\"Se funda la Universidad de Toulouse\"},{a:\"1314\",t:\"Jacques de Molay, \u00faltimo gran maestre templario, es quemado\"},{a:\"1965\",t:\"Aleks\u00e9i Le\u00f3nov realiza la primera caminata espacial\"}],\r\n    \"0319\":[{a:\"1279\",t:\"Ca\u00edda de la dinast\u00eda Song en China\"},{a:\"1687\",t:\"La Salle es asesinado en Texas\"},{a:\"2003\",t:\"Comienza la invasi\u00f3n de Irak\"}],\r\n    \"0320\":[{a:\"1602\",t:\"Se funda la Compa\u00f1\u00eda Holandesa de las Indias Orientales\"},{a:\"1815\",t:\"Napole\u00f3n regresa a Par\u00eds en los Cien D\u00edas\"},{a:\"1995\",t:\"Atentado con gas sar\u00edn en el metro de Tokio\"}],\r\n    \"0321\":[{a:\"1556\",t:\"Thomas Cranmer es quemado en la hoguera\"},{a:\"1804\",t:\"Se promulga el C\u00f3digo Napole\u00f3nico\"},{a:\"2006\",t:\"Se publica el primer tweet de Jack Dorsey\"}],\r\n    \"0322\":[{a:\"1312\",t:\"El papa Clemente V disuelve los Templarios\"},{a:\"1895\",t:\"Los Lumi\u00e8re proyectan su primera pel\u00edcula\"},{a:\"1997\",t:\"El cometa Hale-Bopp se acerca a la Tierra\"}],\r\n    \"0323\":[{a:\"1775\",t:\"Patrick Henry: 'Dadme libertad o dadme muerte'\"},{a:\"1839\",t:\"Se usa por primera vez la expresi\u00f3n 'OK'\"},{a:\"2001\",t:\"La estaci\u00f3n Mir se desintegra al reentrar\"}],\r\n    \"0324\":[{a:\"1603\",t:\"Jacobo VI de Escocia unifica las coronas brit\u00e1nicas\"},{a:\"1882\",t:\"Robert Koch descubre el bacilo de la tuberculosis\"},{a:\"1999\",t:\"La OTAN bombardea Yugoslavia\"}],\r\n    \"0325\":[{a:\"421\",t:\"Fundaci\u00f3n de Venecia seg\u00fan la tradici\u00f3n\"},{a:\"1807\",t:\"Se abole el comercio de esclavos en el Imperio Brit\u00e1nico\"},{a:\"1957\",t:\"Se firman los Tratados de Roma (CEE)\"}],\r\n    \"0326\":[{a:\"1484\",t:\"Guillermo de Orange nace\"},{a:\"1827\",t:\"Muere Beethoven\"},{a:\"1979\",t:\"Se firma el acuerdo de paz entre Egipto e Israel\"}],\r\n    \"0327\":[{a:\"1513\",t:\"Ponce de Le\u00f3n avista Florida\"},{a:\"1625\",t:\"Carlos I se convierte en rey de Inglaterra\"},{a:\"1977\",t:\"Desastre a\u00e9reo de Tenerife\"}],\r\n    \"0328\":[{a:\"845\",t:\"Los vikingos saquean Par\u00eds\"},{a:\"1939\",t:\"Fin de la Guerra Civil Espa\u00f1ola\"},{a:\"1979\",t:\"Accidente nuclear de Three Mile Island\"}],\r\n    \"0329\":[{a:\"1461\",t:\"Batalla de Towton, la m\u00e1s sangrienta en suelo ingl\u00e9s\"},{a:\"1807\",t:\"Descubrimiento del asteroide Vesta\"},{a:\"1974\",t:\"Los guerreros de terracota son descubiertos en China\"}],\r\n    \"0330\":[{a:\"1282\",t:\"V\u00edsperas sicilianas contra los franceses\"},{a:\"1842\",t:\"Primera anestesia con \u00e9ter\"},{a:\"1981\",t:\"Atentado contra Ronald Reagan\"}],\r\n    \"0331\":[{a:\"1596\",t:\"Nace Ren\u00e9 Descartes\"},{a:\"1889\",t:\"Se inaugura la Torre Eiffel\"},{a:\"1991\",t:\"Disoluci\u00f3n del Pacto de Varsovia\"}],\r\n    \"0401\":[{a:\"1748\",t:\"Se descubre Pompeya\"},{a:\"1826\",t:\"Samuel Morey patenta el motor de combusti\u00f3n interna\"},{a:\"1976\",t:\"Steve Jobs y Wozniak fundan Apple\"}],\r\n    \"0402\":[{a:\"1513\",t:\"Ponce de Le\u00f3n desembarca en Florida\"},{a:\"1792\",t:\"Se crea la Casa de la Moneda de EE.UU.\"},{a:\"1982\",t:\"Argentina invade las Malvinas\"}],\r\n    \"0403\":[{a:\"1043\",t:\"Eduardo el Confesor es coronado rey de Inglaterra\"},{a:\"1860\",t:\"Comienza el Pony Express\"},{a:\"1973\",t:\"Primera llamada desde un tel\u00e9fono m\u00f3vil\"}],\r\n    \"0404\":[{a:\"1581\",t:\"Francis Drake completa la vuelta al mundo\"},{a:\"1818\",t:\"EE.UU. adopta la bandera de 13 franjas\"},{a:\"1968\",t:\"Asesinato de Martin Luther King\"}],\r\n    \"0405\":[{a:\"1614\",t:\"Pocahontas se casa con John Rolfe\"},{a:\"1722\",t:\"Jacob Roggeveen descubre la Isla de Pascua\"},{a:\"1955\",t:\"Churchill dimite como primer ministro\"}],\r\n    \"0406\":[{a:\"1199\",t:\"Muere Ricardo Coraz\u00f3n de Le\u00f3n\"},{a:\"1896\",t:\"Primeros Juegos Ol\u00edmpicos modernos en Atenas\"},{a:\"1909\",t:\"Robert Peary llega al Polo Norte\"}],\r\n    \"0407\":[{a:\"30\",t:\"Fecha tradicional de la crucifixi\u00f3n de Jes\u00fas\"},{a:\"1795\",t:\"Francia adopta el metro como unidad de medida\"},{a:\"1948\",t:\"Se funda la OMS\"}],\r\n    \"0408\":[{a:\"1820\",t:\"Se descubre la Venus de Milo\"},{a:\"1904\",t:\"Se firma la Entente Cordiale\"},{a:\"1953\",t:\"Jomo Kenyatta es condenado en Kenia\"}],\r\n    \"0409\":[{a:\"1413\",t:\"Enrique V se convierte en rey de Inglaterra\"},{a:\"1865\",t:\"Lee se rinde en Appomattox\"},{a:\"2003\",t:\"Ca\u00edda de la estatua de Saddam en Bagdad\"}],\r\n    \"0410\":[{a:\"879\",t:\"Muere Luis el Tartamudo\"},{a:\"1912\",t:\"El Titanic zarpa de Southampton\"},{a:\"2019\",t:\"Primera imagen de un agujero negro\"}],\r\n    \"0411\":[{a:\"1689\",t:\"Guillermo III y Mar\u00eda II son coronados\"},{a:\"1814\",t:\"Napole\u00f3n abdica\"},{a:\"1961\",t:\"Comienza el juicio a Eichmann\"}],\r\n    \"0412\":[{a:\"1204\",t:\"Cuarta Cruzada: saqueo de Constantinopla\"},{a:\"1861\",t:\"Comienza la Guerra Civil de EE.UU.\"},{a:\"1961\",t:\"Gagarin: primer humano en el espacio\"}],\r\n    \"0413\":[{a:\"1111\",t:\"Enrique V es coronado emperador\"},{a:\"1742\",t:\"Se estrena 'El Mes\u00edas' de Haendel\"},{a:\"1997\",t:\"Tiger Woods gana su primer Masters\"}],\r\n    \"0414\":[{a:\"1611\",t:\"Primera aparici\u00f3n de la palabra 'telescopio'\"},{a:\"1865\",t:\"Lincoln es asesinado\"},{a:\"1912\",t:\"El Titanic choca con un iceberg\"}],\r\n    \"0415\":[{a:\"1452\",t:\"Nace Leonardo da Vinci\"},{a:\"1912\",t:\"Se hunde el Titanic\"},{a:\"1989\",t:\"Tragedia de Hillsborough\"}],\r\n    \"0416\":[{a:\"1521\",t:\"Lutero llega a la Dieta de Worms\"},{a:\"1867\",t:\"Nace Wilbur Wright\"},{a:\"1947\",t:\"Bernard Baruch acu\u00f1a el t\u00e9rmino 'Guerra Fr\u00eda'\"}],\r\n    \"0417\":[{a:\"1492\",t:\"Se firman las Capitulaciones de Santa Fe\"},{a:\"1790\",t:\"Muere Benjamin Franklin\"},{a:\"1961\",t:\"Invasi\u00f3n de Bah\u00eda de Cochinos\"}],\r\n    \"0418\":[{a:\"1506\",t:\"Se coloca la primera piedra de la Bas\u00edlica de San Pedro\"},{a:\"1775\",t:\"Paul Revere realiza su cabalgata\"},{a:\"1906\",t:\"Terremoto de San Francisco\"}],\r\n    \"0419\":[{a:\"1529\",t:\"Dieta de Espira: protesta luterana\"},{a:\"1775\",t:\"Comienza la Guerra de Independencia de EE.UU.\"},{a:\"1993\",t:\"Asedio de Waco\"}],\r\n    \"0420\":[{a:\"1534\",t:\"Jacques Cartier llega a Canad\u00e1\"},{a:\"1889\",t:\"Nace Adolf Hitler\"},{a:\"2010\",t:\"Explosi\u00f3n de la plataforma Deepwater Horizon\"}],\r\n    \"0421\":[{a:\"753 a.C.\",t:\"Fundaci\u00f3n legendaria de Roma\"},{a:\"1509\",t:\"Enrique VIII se convierte en rey de Inglaterra\"},{a:\"1960\",t:\"Se inaugura Brasilia como capital\"}],\r\n    \"0422\":[{a:\"1500\",t:\"Pedro \u00c1lvares Cabral llega a Brasil\"},{a:\"1724\",t:\"Nace Immanuel Kant\"},{a:\"1970\",t:\"Se celebra el primer D\u00eda de la Tierra\"}],\r\n    \"0423\":[{a:\"1564\",t:\"Nace William Shakespeare\"},{a:\"1616\",t:\"Muere Miguel de Cervantes\"},{a:\"1985\",t:\"Coca-Cola lanza New Coke\"}],\r\n    \"0424\":[{a:\"1184 a.C.\",t:\"Ca\u00edda de Troya seg\u00fan la tradici\u00f3n\"},{a:\"1800\",t:\"Se funda la Biblioteca del Congreso de EE.UU.\"},{a:\"1990\",t:\"Se lanza el telescopio Hubble\"}],\r\n    \"0425\":[{a:\"1507\",t:\"Se usa por primera vez el nombre 'Am\u00e9rica'\"},{a:\"1859\",t:\"Comienza la construcci\u00f3n del Canal de Suez\"},{a:\"1953\",t:\"Watson y Crick publican la estructura del ADN\"}],\r\n    \"0426\":[{a:\"121\",t:\"Nace Marco Aurelio\"},{a:\"1607\",t:\"Colonos llegan a Virginia (Jamestown)\"},{a:\"1986\",t:\"Desastre de Chern\u00f3bil\"}],\r\n    \"0427\":[{a:\"1521\",t:\"Muere Magallanes en Filipinas\"},{a:\"1791\",t:\"Nace Samuel Morse\"},{a:\"2005\",t:\"Primer vuelo del Airbus A380\"}],\r\n    \"0428\":[{a:\"1192\",t:\"Asesinato de Conrado de Montferrato\"},{a:\"1789\",t:\"Mot\u00edn del Bounty\"},{a:\"1969\",t:\"De Gaulle dimite\"}],\r\n    \"0429\":[{a:\"1429\",t:\"Juana de Arco entra en Orleans\"},{a:\"1945\",t:\"Liberaci\u00f3n del campo de Dachau\"},{a:\"2011\",t:\"Boda del pr\u00edncipe Guillermo y Kate Middleton\"}],\r\n    \"0430\":[{a:\"1789\",t:\"Washington jura como primer presidente de EE.UU.\"},{a:\"1803\",t:\"EE.UU. compra Luisiana a Francia\"},{a:\"1945\",t:\"Hitler se suicida en el b\u00fanker de Berl\u00edn\"}],\r\n    \"0501\":[{a:\"1707\",t:\"Uni\u00f3n de Inglaterra y Escocia\"},{a:\"1931\",t:\"Se inaugura el Empire State\"},{a:\"2011\",t:\"Muere Osama bin Laden\"}],\r\n    \"0502\":[{a:\"1519\",t:\"Muere Leonardo da Vinci\"},{a:\"1945\",t:\"Cae Berl\u00edn ante el Ej\u00e9rcito Rojo\"},{a:\"2011\",t:\"Operaci\u00f3n Lanza de Neptuno\"}],\r\n    \"0503\":[{a:\"1469\",t:\"Nace Nicol\u00e1s Maquiavelo\"},{a:\"1791\",t:\"Se aprueba la Constituci\u00f3n del 3 de mayo en Polonia\"},{a:\"1979\",t:\"Margaret Thatcher, primera ministra\"}],\r\n    \"0504\":[{a:\"1494\",t:\"Col\u00f3n llega a Jamaica\"},{a:\"1904\",t:\"EE.UU. comienza a construir el Canal de Panam\u00e1\"},{a:\"1979\",t:\"Margaret Thatcher llega al poder\"}],\r\n    \"0505\":[{a:\"1821\",t:\"Muere Napole\u00f3n Bonaparte\"},{a:\"1862\",t:\"Batalla de Puebla (Cinco de Mayo)\"},{a:\"1961\",t:\"Alan Shepard: primer estadounidense en el espacio\"}],\r\n    \"0506\":[{a:\"1527\",t:\"Saqueo de Roma\"},{a:\"1840\",t:\"Se emite el primer sello postal (Penny Black)\"},{a:\"1994\",t:\"Se inaugura el Eurot\u00fanel\"}],\r\n    \"0507\":[{a:\"1824\",t:\"Se estrena la 9.\u00aa sinfon\u00eda de Beethoven\"},{a:\"1915\",t:\"Hundimiento del Lusitania\"},{a:\"1998\",t:\"Mercedes-Benz se fusiona con Chrysler\"}],\r\n    \"0508\":[{a:\"1541\",t:\"Hernando de Soto descubre el Misisipi\"},{a:\"1886\",t:\"Se inventa la Coca-Cola\"},{a:\"1945\",t:\"D\u00eda de la Victoria en Europa\"}],\r\n    \"0509\":[{a:\"1502\",t:\"Col\u00f3n inicia su cuarto viaje\"},{a:\"1945\",t:\"Victoria sobre la Alemania nazi\"},{a:\"1960\",t:\"La FDA aprueba la p\u00edldora anticonceptiva\"}],\r\n    \"0510\":[{a:\"1503\",t:\"Col\u00f3n llega a las islas Caim\u00e1n\"},{a:\"1869\",t:\"Se completa el ferrocarril transcontinental en EE.UU.\"},{a:\"1994\",t:\"Mandela se convierte en presidente de Sud\u00e1frica\"}],\r\n    \"0511\":[{a:\"330\",t:\"Constantinopla se convierte en capital del Imperio Romano\"},{a:\"1858\",t:\"Minnesota se convierte en estado\"},{a:\"1997\",t:\"Deep Blue vence a Kasparov definitivamente\"}],\r\n    \"0512\":[{a:\"1551\",t:\"Se funda la Universidad de San Marcos en Lima\"},{a:\"1820\",t:\"Nace Florence Nightingale\"},{a:\"2008\",t:\"Terremoto de Sichuan, China\"}],\r\n    \"0513\":[{a:\"1568\",t:\"Batalla de Langside\"},{a:\"1846\",t:\"EE.UU. declara la guerra a M\u00e9xico\"},{a:\"1981\",t:\"Atentado contra Juan Pablo II\"}],\r\n    \"0514\":[{a:\"1607\",t:\"Se funda Jamestown\"},{a:\"1796\",t:\"Jenner realiza la primera vacuna\"},{a:\"1948\",t:\"Se proclama el Estado de Israel\"}],\r\n    \"0515\":[{a:\"1567\",t:\"Mar\u00eda Estuardo se casa con Bothwell\"},{a:\"1869\",t:\"Se funda la NWSA (sufragio femenino)\"},{a:\"1940\",t:\"Se venden las primeras medias de nailon\"}],\r\n    \"0516\":[{a:\"1527\",t:\"Florencia expulsa a los M\u00e9dici\"},{a:\"1770\",t:\"Mar\u00eda Antonieta se casa con Luis XVI\"},{a:\"1975\",t:\"Junko Tabei: primera mujer en el Everest\"}],\r\n    \"0517\":[{a:\"1792\",t:\"Se funda la Bolsa de Nueva York\"},{a:\"1954\",t:\"Brown vs. Board of Education\"},{a:\"2004\",t:\"Massachusetts legaliza el matrimonio homosexual\"}],\r\n    \"0518\":[{a:\"1291\",t:\"Ca\u00edda de Acre: fin de las Cruzadas\"},{a:\"1804\",t:\"Napole\u00f3n se corona emperador\"},{a:\"1980\",t:\"Erupci\u00f3n del Monte Santa Helena\"}],\r\n    \"0519\":[{a:\"1536\",t:\"Ejecuci\u00f3n de Ana Bolena\"},{a:\"1649\",t:\"Inglaterra se declara rep\u00fablica\"},{a:\"1962\",t:\"Marilyn Monroe canta 'Happy Birthday' a JFK\"}],\r\n    \"0520\":[{a:\"325\",t:\"Comienza el Concilio de Nicea\"},{a:\"1498\",t:\"Vasco da Gama llega a la India\"},{a:\"1932\",t:\"Amelia Earhart cruza el Atl\u00e1ntico en solitario\"}],\r\n    \"0521\":[{a:\"1502\",t:\"Se descubre Santa Elena\"},{a:\"1881\",t:\"Se funda la Cruz Roja Americana\"},{a:\"1927\",t:\"Lindbergh aterriza en Par\u00eds\"}],\r\n    \"0522\":[{a:\"1455\",t:\"Comienza la Guerra de las Dos Rosas\"},{a:\"1813\",t:\"Nace Richard Wagner\"},{a:\"1960\",t:\"Terremoto de Valdivia, Chile (el m\u00e1s fuerte registrado)\"}],\r\n    \"0523\":[{a:\"1430\",t:\"Juana de Arco es capturada\"},{a:\"1707\",t:\"Nace Carlos Linneo\"},{a:\"1934\",t:\"Bonnie y Clyde son abatidos\"}],\r\n    \"0524\":[{a:\"1543\",t:\"Muere Cop\u00e9rnico\"},{a:\"1819\",t:\"Nace la reina Victoria\"},{a:\"1844\",t:\"Morse env\u00eda el primer telegrama\"}],\r\n    \"0525\":[{a:\"1521\",t:\"Se publica el Edicto de Worms\"},{a:\"1787\",t:\"Comienza la Convenci\u00f3n Constitucional de EE.UU.\"},{a:\"1977\",t:\"Se estrena Star Wars\"}],\r\n    \"0526\":[{a:\"1521\",t:\"Comienza el sitio de Tenochtitl\u00e1n\"},{a:\"1896\",t:\"Coronaci\u00f3n de Nicol\u00e1s II\"},{a:\"1969\",t:\"Apolo 10 regresa de la Luna\"}],\r\n    \"0527\":[{a:\"1199\",t:\"Juan sin Tierra se corona rey de Inglaterra\"},{a:\"1937\",t:\"Se inaugura el Golden Gate\"},{a:\"1941\",t:\"Hundimiento del Bismarck\"}],\r\n    \"0528\":[{a:\"585 a.C.\",t:\"Eclipse predicho por Tales de Mileto\"},{a:\"1588\",t:\"La Armada Invencible zarpa de Lisboa\"},{a:\"1987\",t:\"Mathias Rust aterriza en la Plaza Roja\"}],\r\n    \"0529\":[{a:\"1453\",t:\"Ca\u00edda de Constantinopla\"},{a:\"1848\",t:\"Wisconsin se convierte en estado\"},{a:\"1953\",t:\"Hillary y Tenzing conquistan el Everest\"}],\r\n    \"0530\":[{a:\"1431\",t:\"Juana de Arco es quemada en la hoguera\"},{a:\"1536\",t:\"Enrique VIII se casa con Jane Seymour\"},{a:\"1971\",t:\"Mariner 9 parte hacia Marte\"}],\r\n    \"0531\":[{a:\"1578\",t:\"Se coloca la primera piedra del Puente de Rialto\"},{a:\"1859\",t:\"Big Ben suena por primera vez\"},{a:\"1961\",t:\"Sud\u00e1frica se convierte en rep\u00fablica\"}],\r\n    \"0601\":[{a:\"1495\",t:\"Primera menci\u00f3n escrita del whisky escoc\u00e9s\"},{a:\"1796\",t:\"Tennessee se convierte en estado\"},{a:\"2009\",t:\"General Motors se declara en bancarrota\"}],\r\n    \"0602\":[{a:\"455\",t:\"Los v\u00e1ndalos saquean Roma\"},{a:\"1835\",t:\"P.T. Barnum comienza su circo\"},{a:\"1953\",t:\"Coronaci\u00f3n de Isabel II\"}],\r\n    \"0603\":[{a:\"1162\",t:\"Nace Gengis Kan (fecha tradicional)\"},{a:\"1539\",t:\"Hernando de Soto reclama Florida\"},{a:\"1965\",t:\"Ed White: primera caminata espacial de EE.UU.\"}],\r\n    \"0604\":[{a:\"1070\",t:\"Se fabrica el queso roquefort por primera vez\"},{a:\"1783\",t:\"Los hermanos Montgolfier vuelan en globo\"},{a:\"1989\",t:\"Masacre de Tiananm\u00e9n\"}],\r\n    \"0605\":[{a:\"1723\",t:\"Nace Adam Smith\"},{a:\"1849\",t:\"Dinamarca se convierte en monarqu\u00eda constitucional\"},{a:\"1967\",t:\"Comienza la Guerra de los Seis D\u00edas\"}],\r\n    \"0606\":[{a:\"1523\",t:\"Gustavo I se convierte en rey de Suecia\"},{a:\"1844\",t:\"Se funda la YMCA\"},{a:\"1944\",t:\"Desembarco de Normand\u00eda (D\u00eda D)\"}],\r\n    \"0607\":[{a:\"1494\",t:\"Tratado de Tordesillas\"},{a:\"1654\",t:\"Luis XIV es coronado rey de Francia\"},{a:\"1975\",t:\"Sony lanza el Betamax\"}],\r\n    \"0608\":[{a:\"632\",t:\"Muere el profeta Mahoma\"},{a:\"793\",t:\"Ataque vikingo a Lindisfarne\"},{a:\"1949\",t:\"Se publica '1984' de George Orwell\"}],\r\n    \"0609\":[{a:\"68\",t:\"Ner\u00f3n se suicida\"},{a:\"1534\",t:\"Jacques Cartier explora el r\u00edo San Lorenzo\"},{a:\"1973\",t:\"Secretariat gana la Triple Corona\"}],\r\n    \"0610\":[{a:\"1190\",t:\"Muere Federico Barbarroja\"},{a:\"1829\",t:\"Primera regata Oxford-Cambridge\"},{a:\"1935\",t:\"Se funda Alcoh\u00f3licos An\u00f3nimos\"}],\r\n    \"0611\":[{a:\"1509\",t:\"Enrique VIII se casa con Catalina de Arag\u00f3n\"},{a:\"1770\",t:\"James Cook llega a la Gran Barrera de Coral\"},{a:\"1962\",t:\"Fuga de Alcatraz\"}],\r\n    \"0612\":[{a:\"1442\",t:\"Alfonso V de Arag\u00f3n conquista N\u00e1poles\"},{a:\"1898\",t:\"Filipinas declara su independencia\"},{a:\"1942\",t:\"Ana Frank recibe su diario\"}],\r\n    \"0613\":[{a:\"323 a.C.\",t:\"Muere Alejandro Magno\"},{a:\"1373\",t:\"Tratado anglo-portugu\u00e9s (la alianza m\u00e1s antigua)\"},{a:\"1983\",t:\"Pioneer 10 cruza la \u00f3rbita de Neptuno\"}],\r\n    \"0614\":[{a:\"1777\",t:\"EE.UU. adopta la bandera de barras y estrellas\"},{a:\"1822\",t:\"Babbage propone la m\u00e1quina diferencial\"},{a:\"1966\",t:\"El Vaticano elimina el \u00cdndice de Libros Prohibidos\"}],\r\n    \"0615\":[{a:\"1215\",t:\"Se firma la Carta Magna\"},{a:\"1752\",t:\"Franklin demuestra que el rayo es el\u00e9ctrico\"},{a:\"1996\",t:\"El IRA atenta en Manchester\"}],\r\n    \"0616\":[{a:\"1487\",t:\"Batalla de Stoke Field\"},{a:\"1903\",t:\"Se funda la Ford Motor Company\"},{a:\"1963\",t:\"Valentina Tereshkova: primera mujer en el espacio\"}],\r\n    \"0617\":[{a:\"1579\",t:\"Francis Drake reclama California\"},{a:\"1775\",t:\"Batalla de Bunker Hill\"},{a:\"1972\",t:\"Esc\u00e1ndalo Watergate\"}],\r\n    \"0618\":[{a:\"1812\",t:\"EE.UU. declara la guerra a Reino Unido\"},{a:\"1815\",t:\"Batalla de Waterloo\"},{a:\"1983\",t:\"Sally Ride: primera estadounidense en el espacio\"}],\r\n    \"0619\":[{a:\"1269\",t:\"Luis IX ordena que los jud\u00edos lleven estrella\"},{a:\"1865\",t:\"Se abole la esclavitud en Texas (Juneteenth)\"},{a:\"1978\",t:\"Garfield aparece por primera vez\"}],\r\n    \"0620\":[{a:\"1789\",t:\"Juramento del Juego de Pelota\"},{a:\"1837\",t:\"Victoria se convierte en reina\"},{a:\"1969\",t:\"Armstrong pisa la Luna (hora de Houston)\"}],\r\n    \"0621\":[{a:\"1527\",t:\"Nace Nicol\u00e1s Maquiavelo (discutido)\"},{a:\"1788\",t:\"Se ratifica la Constituci\u00f3n de EE.UU.\"},{a:\"2004\",t:\"SpaceShipOne: primer vuelo espacial privado\"}],\r\n    \"0622\":[{a:\"168 a.C.\",t:\"Batalla de Pidna\"},{a:\"1633\",t:\"Galileo es obligado a retractarse\"},{a:\"1941\",t:\"Alemania invade la URSS (Operaci\u00f3n Barbarroja)\"}],\r\n    \"0623\":[{a:\"1314\",t:\"Batalla de Bannockburn\"},{a:\"1868\",t:\"Se patenta la m\u00e1quina de escribir\"},{a:\"1972\",t:\"Nixon firma la ley de educaci\u00f3n Title IX\"}],\r\n    \"0624\":[{a:\"1314\",t:\"Escocia vence en Bannockburn (segundo d\u00eda)\"},{a:\"1497\",t:\"John Cabot llega a Norteam\u00e9rica\"},{a:\"1947\",t:\"Primer avistamiento OVNI (Kenneth Arnold)\"}],\r\n    \"0625\":[{a:\"1530\",t:\"Se lee la Confesi\u00f3n de Augsburgo\"},{a:\"1876\",t:\"Batalla de Little Bighorn\"},{a:\"1950\",t:\"Comienza la Guerra de Corea\"}],\r\n    \"0626\":[{a:\"1284\",t:\"Leyenda del Flautista de Hamel\u00edn\"},{a:\"1498\",t:\"Se inventa el cepillo de dientes en China\"},{a:\"1945\",t:\"Se firma la Carta de las Naciones Unidas\"}],\r\n    \"0627\":[{a:\"1358\",t:\"Firma de la paz en la Jacquerie\"},{a:\"1898\",t:\"Joshua Slocum completa la primera circunnavegaci\u00f3n en solitario\"},{a:\"1950\",t:\"EE.UU. interviene en Corea\"}],\r\n    \"0628\":[{a:\"1389\",t:\"Batalla de Kosovo\"},{a:\"1491\",t:\"Nace Enrique VIII\"},{a:\"1914\",t:\"Asesinato del archiduque Francisco Fernando (Sarajevo)\"}],\r\n    \"0629\":[{a:\"1613\",t:\"Se incendia el Globe Theatre\"},{a:\"1880\",t:\"Francia se anexiona Tahit\u00ed\"},{a:\"2007\",t:\"Se lanza el primer iPhone\"}],\r\n    \"0630\":[{a:\"1520\",t:\"Noche Triste: derrota espa\u00f1ola en Tenochtitl\u00e1n\"},{a:\"1859\",t:\"Blondin cruza las cataratas del Ni\u00e1gara en la cuerda floja\"},{a:\"1971\",t:\"Los cosmonautas del Soyuz 11 mueren\"}],\r\n    \"0701\":[{a:\"1867\",t:\"Canad\u00e1 se convierte en dominio\"},{a:\"1903\",t:\"Comienza el Tour de Francia\"},{a:\"1997\",t:\"Hong Kong vuelve a China\"}],\r\n    \"0702\":[{a:\"1566\",t:\"Nostradamus muere\"},{a:\"1698\",t:\"Thomas Savery patenta la m\u00e1quina de vapor\"},{a:\"1937\",t:\"Amelia Earhart desaparece\"}],\r\n    \"0703\":[{a:\"321 a.C.\",t:\"Batalla de las Horcas Caudinas\"},{a:\"1863\",t:\"Batalla de Gettysburg (tercer d\u00eda)\"},{a:\"1962\",t:\"Francia reconoce la independencia de Argelia\"}],\r\n    \"0704\":[{a:\"1776\",t:\"Declaraci\u00f3n de Independencia de EE.UU.\"},{a:\"1826\",t:\"Mueren Jefferson y Adams el mismo d\u00eda\"},{a:\"2012\",t:\"Se confirma el bos\u00f3n de Higgs\"}],\r\n    \"0705\":[{a:\"1687\",t:\"Newton publica los Principia Mathematica\"},{a:\"1946\",t:\"Se presenta el bikini\"},{a:\"1996\",t:\"Nace la oveja Dolly\"}],\r\n    \"0706\":[{a:\"1885\",t:\"Pasteur prueba la vacuna contra la rabia\"},{a:\"1942\",t:\"Ana Frank y su familia se esconden\"},{a:\"1957\",t:\"John Lennon y Paul McCartney se conocen\"}],\r\n    \"0707\":[{a:\"1456\",t:\"Juana de Arco es rehabilitada\"},{a:\"1550\",t:\"El chocolate llega a Europa\"},{a:\"2005\",t:\"Atentados de Londres (7\/7)\"}],\r\n    \"0708\":[{a:\"1497\",t:\"Vasco da Gama zarpa hacia la India\"},{a:\"1889\",t:\"Se publica el primer Wall Street Journal\"},{a:\"2011\",t:\"\u00daltimo vuelo del transbordador espacial\"}],\r\n    \"0709\":[{a:\"1357\",t:\"Carlos IV firma la Bula de Oro\"},{a:\"1816\",t:\"Argentina declara su independencia\"},{a:\"1955\",t:\"Russell y Einstein publican su manifiesto\"}],\r\n    \"0710\":[{a:\"138\",t:\"Adriano muere\"},{a:\"1553\",t:\"Lady Jane Grey es proclamada reina\"},{a:\"1962\",t:\"Se lanza el Telstar (primer sat\u00e9lite de comunicaciones)\"}],\r\n    \"0711\":[{a:\"1302\",t:\"Batalla de las Espuelas de Oro\"},{a:\"1804\",t:\"Duelo Hamilton-Burr\"},{a:\"1979\",t:\"La estaci\u00f3n Skylab cae a la Tierra\"}],\r\n    \"0712\":[{a:\"100 a.C.\",t:\"Nace Julio C\u00e9sar\"},{a:\"1543\",t:\"Enrique VIII se casa con Catalina Parr\"},{a:\"1962\",t:\"Los Rolling Stones dan su primer concierto\"}],\r\n    \"0713\":[{a:\"1558\",t:\"Batalla de Gravelines\"},{a:\"1793\",t:\"Asesinato de Marat\"},{a:\"1985\",t:\"Concierto Live Aid\"}],\r\n    \"0714\":[{a:\"1789\",t:\"Toma de la Bastilla\"},{a:\"1798\",t:\"Se aprueba la Ley de Sedici\u00f3n en EE.UU.\"},{a:\"2015\",t:\"New Horizons sobrevuela Plut\u00f3n\"}],\r\n    \"0715\":[{a:\"1099\",t:\"Los cruzados conquistan Jerusal\u00e9n\"},{a:\"1606\",t:\"Nace Rembrandt\"},{a:\"1975\",t:\"Misi\u00f3n Apolo-Soyuz\"}],\r\n    \"0716\":[{a:\"622\",t:\"Comienzo de la H\u00e9gira\"},{a:\"1945\",t:\"Primera prueba nuclear (Trinity)\"},{a:\"1969\",t:\"Despega el Apolo 11\"}],\r\n    \"0717\":[{a:\"1453\",t:\"Batalla de Castillon: fin de la Guerra de los Cien A\u00f1os\"},{a:\"1762\",t:\"Pedro III de Rusia es depuesto\"},{a:\"1955\",t:\"Se inaugura Disneylandia\"}],\r\n    \"0718\":[{a:\"64\",t:\"Gran incendio de Roma\"},{a:\"1925\",t:\"Hitler publica 'Mein Kampf'\"},{a:\"1992\",t:\"Atentado de la AMIA en Buenos Aires\"}],\r\n    \"0719\":[{a:\"711\",t:\"Batalla de Guadalete: invasi\u00f3n musulmana de Hispania\"},{a:\"1848\",t:\"Se celebra la Convenci\u00f3n de Seneca Falls\"},{a:\"1969\",t:\"El Apolo 11 entra en \u00f3rbita lunar\"}],\r\n    \"0720\":[{a:\"1304\",t:\"Ca\u00edda de la fortaleza de Stirling\"},{a:\"1969\",t:\"El hombre pisa la Luna\"},{a:\"1976\",t:\"Viking 1 aterriza en Marte\"}],\r\n    \"0721\":[{a:\"365\",t:\"Terremoto y tsunami en Alejandr\u00eda\"},{a:\"1588\",t:\"Se avista la Armada Invencible\"},{a:\"2011\",t:\"\u00daltimo aterrizaje del transbordador espacial\"}],\r\n    \"0722\":[{a:\"1934\",t:\"John Dillinger es abatido\"},{a:\"1946\",t:\"Atentado del Hotel Rey David\"},{a:\"2003\",t:\"Mueren los hijos de Saddam en Mosul\"}],\r\n    \"0723\":[{a:\"1829\",t:\"Se patenta la m\u00e1quina de escribir\"},{a:\"1903\",t:\"Ford vende su primer coche\"},{a:\"1995\",t:\"Se descubre el cometa Hale-Bopp\"}],\r\n    \"0724\":[{a:\"1487\",t:\"Los ciudadanos de Leeuwarden se rebelan\"},{a:\"1847\",t:\"Los mormones llegan al Gran Lago Salado\"},{a:\"1969\",t:\"Regreso del Apolo 11\"}],\r\n    \"0725\":[{a:\"306\",t:\"Constantino es proclamado emperador\"},{a:\"1593\",t:\"Enrique IV se convierte al catolicismo\"},{a:\"1978\",t:\"Nace el primer beb\u00e9 probeta\"}],\r\n    \"0726\":[{a:\"1775\",t:\"Se funda el servicio postal de EE.UU.\"},{a:\"1847\",t:\"Liberia declara su independencia\"},{a:\"1953\",t:\"Fidel Castro ataca el cuartel Moncada\"}],\r\n    \"0727\":[{a:\"1214\",t:\"Batalla de Bouvines\"},{a:\"1694\",t:\"Se funda el Banco de Inglaterra\"},{a:\"1953\",t:\"Fin de la Guerra de Corea\"}],\r\n    \"0728\":[{a:\"1540\",t:\"Thomas Cromwell es ejecutado\"},{a:\"1821\",t:\"Per\u00fa declara su independencia\"},{a:\"1914\",t:\"Comienza la Primera Guerra Mundial\"}],\r\n    \"0729\":[{a:\"1588\",t:\"Batalla de Gravelinas: derrota de la Armada Invencible\"},{a:\"1836\",t:\"Se inaugura el Arco de Triunfo\"},{a:\"1981\",t:\"Boda de Carlos y Diana\"}],\r\n    \"0730\":[{a:\"1619\",t:\"Primera asamblea representativa en Am\u00e9rica (Virginia)\"},{a:\"1898\",t:\"Bismarck muere\"},{a:\"1930\",t:\"Uruguay gana el primer Mundial de f\u00fatbol\"}],\r\n    \"0731\":[{a:\"1498\",t:\"Col\u00f3n descubre Trinidad\"},{a:\"1588\",t:\"La Armada Invencible es derrotada\"},{a:\"1971\",t:\"Los astronautas del Apolo 15 conducen en la Luna\"}],\r\n    \"0801\":[{a:\"30 a.C.\",t:\"Octavio entra en Alejandr\u00eda\"},{a:\"1774\",t:\"Priestley descubre el ox\u00edgeno\"},{a:\"1981\",t:\"MTV empieza a emitir\"}],\r\n    \"0802\":[{a:\"216 a.C.\",t:\"Batalla de Cannas\"},{a:\"1870\",t:\"Se inaugura el primer metro de Londres (Tower Subway)\"},{a:\"1990\",t:\"Irak invade Kuwait\"}],\r\n    \"0803\":[{a:\"1492\",t:\"Col\u00f3n zarpa del puerto de Palos\"},{a:\"1778\",t:\"Se inaugura el Teatro alla Scala de Mil\u00e1n\"},{a:\"1977\",t:\"Se presenta el TRS-80 (primer PC popular)\"}],\r\n    \"0804\":[{a:\"1265\",t:\"Batalla de Evesham\"},{a:\"1693\",t:\"Dom P\u00e9rignon inventa el champ\u00e1n (tradici\u00f3n)\"},{a:\"1944\",t:\"Ana Frank es descubierta y arrestada\"}],\r\n    \"0805\":[{a:\"1583\",t:\"Humphrey Gilbert reclama Terranova\"},{a:\"1858\",t:\"Se instala el primer cable transatl\u00e1ntico\"},{a:\"1962\",t:\"Muere Marilyn Monroe\"}],\r\n    \"0806\":[{a:\"1945\",t:\"Bomba at\u00f3mica sobre Hiroshima\"},{a:\"1965\",t:\"Se aprueba la Ley de Derecho al Voto en EE.UU.\"},{a:\"1991\",t:\"Tim Berners-Lee publica la primera p\u00e1gina web\"}],\r\n    \"0807\":[{a:\"1420\",t:\"Comienza la construcci\u00f3n de la c\u00fapula de Brunelleschi\"},{a:\"1942\",t:\"Comienza la batalla de Guadalcanal\"},{a:\"1964\",t:\"Resoluci\u00f3n del Golfo de Tonk\u00edn\"}],\r\n    \"0808\":[{a:\"1588\",t:\"Derrota definitiva de la Armada Invencible\"},{a:\"1876\",t:\"Edison patenta el mime\u00f3grafo\"},{a:\"1974\",t:\"Nixon anuncia su dimisi\u00f3n\"}],\r\n    \"0809\":[{a:\"48 a.C.\",t:\"Batalla de Farsalia\"},{a:\"1945\",t:\"Bomba at\u00f3mica sobre Nagasaki\"},{a:\"1969\",t:\"Asesinatos de la familia Manson\"}],\r\n    \"0810\":[{a:\"1519\",t:\"Magallanes zarpa de Sevilla\"},{a:\"1793\",t:\"Se abre el Museo del Louvre\"},{a:\"1846\",t:\"Se funda la Smithsonian Institution\"}],\r\n    \"0811\":[{a:\"1492\",t:\"Rodrigo Borgia se convierte en papa Alejandro VI\"},{a:\"1942\",t:\"Hedy Lamarr patenta el espectro ensanchado\"},{a:\"1999\",t:\"\u00daltimo eclipse total del milenio\"}],\r\n    \"0812\":[{a:\"30 a.C.\",t:\"Cleopatra se suicida\"},{a:\"1877\",t:\"Edison inventa el fon\u00f3grafo\"},{a:\"1981\",t:\"IBM presenta el PC\"}],\r\n    \"0813\":[{a:\"1521\",t:\"Cort\u00e9s conquista Tenochtitl\u00e1n\"},{a:\"1889\",t:\"Se patenta la caja registradora\"},{a:\"1961\",t:\"Comienza la construcci\u00f3n del Muro de Berl\u00edn\"}],\r\n    \"0814\":[{a:\"1385\",t:\"Batalla de Aljubarrota\"},{a:\"1893\",t:\"Francia: primera multa de tr\u00e1fico\"},{a:\"1945\",t:\"Jap\u00f3n se rinde, fin de la Segunda Guerra Mundial\"}],\r\n    \"0815\":[{a:\"778\",t:\"Batalla de Roncesvalles\"},{a:\"1914\",t:\"Se inaugura el Canal de Panam\u00e1\"},{a:\"1969\",t:\"Comienza el festival de Woodstock\"}],\r\n    \"0816\":[{a:\"1513\",t:\"Batalla de las Espuelas\"},{a:\"1858\",t:\"Primer telegrama transatl\u00e1ntico\"},{a:\"1977\",t:\"Muere Elvis Presley\"}],\r\n    \"0817\":[{a:\"1585\",t:\"Se funda la primera colonia inglesa en Am\u00e9rica\"},{a:\"1786\",t:\"Muere Federico el Grande\"},{a:\"1978\",t:\"Primer cruce en globo del Atl\u00e1ntico\"}],\r\n    \"0818\":[{a:\"1227\",t:\"Muere Gengis Kan\"},{a:\"1868\",t:\"Se descubre el helio\"},{a:\"1920\",t:\"Se ratifica la XIX Enmienda (voto femenino en EE.UU.)\"}],\r\n    \"0819\":[{a:\"43 a.C.\",t:\"Octavio se convierte en c\u00f3nsul\"},{a:\"1839\",t:\"Se presenta el daguerrotipo\"},{a:\"1960\",t:\"Sputnik 5: perros Belka y Strelka al espacio\"}],\r\n    \"0820\":[{a:\"636\",t:\"Batalla del Yarmuk\"},{a:\"1858\",t:\"Darwin publica su teor\u00eda de la evoluci\u00f3n\"},{a:\"1977\",t:\"Se lanza la Voyager 2\"}],\r\n    \"0821\":[{a:\"1770\",t:\"James Cook llega a Australia\"},{a:\"1911\",t:\"Robo de la Mona Lisa\"},{a:\"1959\",t:\"Haw\u00e1i se convierte en estado\"}],\r\n    \"0822\":[{a:\"1485\",t:\"Batalla de Bosworth: fin de la Guerra de las Rosas\"},{a:\"1864\",t:\"Primera Convenci\u00f3n de Ginebra\"},{a:\"1989\",t:\"Nolan Ryan poncha a su bateador 5.000\"}],\r\n    \"0823\":[{a:\"79\",t:\"Erupci\u00f3n del Vesubio (Pompeya)\"},{a:\"1305\",t:\"Ejecuci\u00f3n de William Wallace\"},{a:\"1839\",t:\"Los brit\u00e1nicos toman Hong Kong\"}],\r\n    \"0824\":[{a:\"79\",t:\"Pompeya es sepultada por el Vesubio\"},{a:\"1456\",t:\"Se completa la Biblia de Gutenberg\"},{a:\"2006\",t:\"Plut\u00f3n deja de ser planeta\"}],\r\n    \"0825\":[{a:\"1609\",t:\"Galileo presenta su telescopio\"},{a:\"1825\",t:\"Uruguay declara su independencia\"},{a:\"1989\",t:\"Voyager 2 sobrevuela Neptuno\"}],\r\n    \"0826\":[{a:\"55 a.C.\",t:\"Julio C\u00e9sar invade Britania\"},{a:\"1789\",t:\"Declaraci\u00f3n de los Derechos del Hombre\"},{a:\"1920\",t:\"Las mujeres obtienen el derecho al voto en EE.UU.\"}],\r\n    \"0827\":[{a:\"1660\",t:\"Primera actriz profesional en escena en Londres\"},{a:\"1883\",t:\"Erupci\u00f3n del Krakatoa\"},{a:\"1991\",t:\"Moldavia declara su independencia\"}],\r\n    \"0828\":[{a:\"475\",t:\"R\u00f3mulo Aug\u00fastulo, \u00faltimo emperador romano\"},{a:\"1749\",t:\"Nace Goethe\"},{a:\"1963\",t:\"Marcha sobre Washington (Luther King: 'I have a dream')\"}],\r\n    \"0829\":[{a:\"1498\",t:\"Vasco da Gama parte de la India\"},{a:\"1831\",t:\"Faraday descubre la inducci\u00f3n electromagn\u00e9tica\"},{a:\"2005\",t:\"El hurac\u00e1n Katrina golpea Nueva Orleans\"}],\r\n    \"0830\":[{a:\"30 a.C.\",t:\"Cleopatra muere\"},{a:\"1797\",t:\"Nace Mary Shelley\"},{a:\"1963\",t:\"Se establece el tel\u00e9fono rojo Mosc\u00fa-Washington\"}],\r\n    \"0831\":[{a:\"12 a.C.\",t:\"Nace Cal\u00edgula\"},{a:\"1888\",t:\"Jack el Destripador comete su primer asesinato\"},{a:\"1997\",t:\"Muere Diana de Gales\"}],\r\n    \"0901\":[{a:\"1715\",t:\"Muere Luis XIV, el Rey Sol\"},{a:\"1939\",t:\"Alemania invade Polonia (inicio de la IIGM)\"},{a:\"1983\",t:\"La URSS derriba el vuelo KAL 007\"}],\r\n    \"0902\":[{a:\"31 a.C.\",t:\"Batalla de Actium\"},{a:\"1666\",t:\"Gran Incendio de Londres\"},{a:\"1945\",t:\"Jap\u00f3n firma la rendici\u00f3n oficial\"}],\r\n    \"0903\":[{a:\"301\",t:\"Se funda San Marino\"},{a:\"1783\",t:\"Se firma el Tratado de Par\u00eds (independencia de EE.UU.)\"},{a:\"1939\",t:\"Francia y UK declaran la guerra a Alemania\"}],\r\n    \"0904\":[{a:\"476\",t:\"Ca\u00edda del Imperio Romano de Occidente\"},{a:\"1882\",t:\"Edison inaugura la primera central el\u00e9ctrica\"},{a:\"1998\",t:\"Se funda Google\"}],\r\n    \"0905\":[{a:\"1666\",t:\"Se apaga el Gran Incendio de Londres\"},{a:\"1774\",t:\"Primer Congreso Continental\"},{a:\"1972\",t:\"Masacre de M\u00fanich en los JJ.OO.\"}],\r\n    \"0906\":[{a:\"1522\",t:\"Victoria completa la primera vuelta al mundo\"},{a:\"1899\",t:\"EE.UU. propone la Puerta Abierta en China\"},{a:\"1997\",t:\"Funeral de Diana de Gales\"}],\r\n    \"0907\":[{a:\"1533\",t:\"Nace Isabel I de Inglaterra\"},{a:\"1822\",t:\"Brasil declara su independencia\"},{a:\"1940\",t:\"Comienza el Blitz de Londres\"}],\r\n    \"0908\":[{a:\"1504\",t:\"Se inaugura el David de Miguel \u00c1ngel\"},{a:\"1900\",t:\"Hurac\u00e1n de Galveston\"},{a:\"1966\",t:\"Star Trek se emite por primera vez\"}],\r\n    \"0909\":[{a:\"9\",t:\"Batalla del bosque de Teutoburgo\"},{a:\"1776\",t:\"Se adopta oficialmente el nombre 'Estados Unidos'\"},{a:\"2015\",t:\"Isabel II se convierte en la monarca m\u00e1s longeva\"}],\r\n    \"0910\":[{a:\"1547\",t:\"Batalla de Pinkie Cleugh\"},{a:\"1846\",t:\"Elias Howe patenta la m\u00e1quina de coser\"},{a:\"2008\",t:\"Se activa el Gran Colisionador de Hadrones\"}],\r\n    \"0911\":[{a:\"1609\",t:\"Henry Hudson explora Manhattan\"},{a:\"1714\",t:\"Sitio de Barcelona\"},{a:\"2001\",t:\"Atentados del 11-S\"}],\r\n    \"0912\":[{a:\"1609\",t:\"Henry Hudson entra en el r\u00edo Hudson\"},{a:\"1940\",t:\"Se descubre la cueva de Lascaux\"},{a:\"1959\",t:\"La URSS lanza la Luna 2\"}],\r\n    \"0913\":[{a:\"81\",t:\"Tito se convierte en emperador de Roma\"},{a:\"1515\",t:\"Batalla de Marignano\"},{a:\"1993\",t:\"Se firman los Acuerdos de Oslo\"}],\r\n    \"0914\":[{a:\"1752\",t:\"GB adopta el calendario gregoriano\"},{a:\"1812\",t:\"Napole\u00f3n entra en Mosc\u00fa\"},{a:\"1960\",t:\"Se funda la OPEP\"}],\r\n    \"0915\":[{a:\"1254\",t:\"Nace Marco Polo\"},{a:\"1821\",t:\"Am\u00e9rica Central declara su independencia\"},{a:\"1935\",t:\"Se aprueban las leyes de N\u00faremberg\"}],\r\n    \"0916\":[{a:\"1620\",t:\"El Mayflower zarpa de Plymouth\"},{a:\"1810\",t:\"Inicio de la independencia de M\u00e9xico\"},{a:\"1975\",t:\"Pap\u00faa Nueva Guinea se independiza\"}],\r\n    \"0917\":[{a:\"1787\",t:\"Se firma la Constituci\u00f3n de EE.UU.\"},{a:\"1862\",t:\"Batalla de Antietam\"},{a:\"2011\",t:\"Comienza el movimiento Occupy Wall Street\"}],\r\n    \"0918\":[{a:\"96\",t:\"Nerva se convierte en emperador\"},{a:\"1810\",t:\"Chile inicia su independencia\"},{a:\"1931\",t:\"Incidente de Mukden (Jap\u00f3n invade Manchuria)\"}],\r\n    \"0919\":[{a:\"1356\",t:\"Batalla de Poitiers\"},{a:\"1783\",t:\"Los Montgolfier vuelan ante Luis XVI\"},{a:\"1985\",t:\"Terremoto de M\u00e9xico\"}],\r\n    \"0920\":[{a:\"480 a.C.\",t:\"Batalla de las Term\u00f3pilas\"},{a:\"1519\",t:\"Magallanes inicia su circunnavegaci\u00f3n\"},{a:\"1973\",t:\"Billie Jean King vence a Bobby Riggs\"}],\r\n    \"0921\":[{a:\"19 a.C.\",t:\"Muere Virgilio\"},{a:\"1792\",t:\"Se proclama la Primera Rep\u00fablica Francesa\"},{a:\"1981\",t:\"Belice se independiza\"}],\r\n    \"0922\":[{a:\"1692\",t:\"\u00daltimas ejecuciones de las brujas de Salem\"},{a:\"1862\",t:\"Lincoln emite la Proclamaci\u00f3n de Emancipaci\u00f3n\"},{a:\"1980\",t:\"Comienza la guerra Ir\u00e1n-Irak\"}],\r\n    \"0923\":[{a:\"63 a.C.\",t:\"Nace Octavio (Augusto)\"},{a:\"1806\",t:\"Comienza la expedici\u00f3n de Lewis y Clark (retorno)\"},{a:\"1846\",t:\"Se descubre Neptuno\"}],\r\n    \"0924\":[{a:\"1789\",t:\"Se funda el Tribunal Supremo de EE.UU.\"},{a:\"1852\",t:\"Se presenta el primer dirigible\"},{a:\"1960\",t:\"Se bota el USS Enterprise (primer portaaviones nuclear)\"}],\r\n    \"0925\":[{a:\"1513\",t:\"Balboa avista el Oc\u00e9ano Pac\u00edfico\"},{a:\"1690\",t:\"Se publica el primer peri\u00f3dico en Am\u00e9rica\"},{a:\"1992\",t:\"Se lanza la Mars Observer\"}],\r\n    \"0926\":[{a:\"46 a.C.\",t:\"C\u00e9sar dedica el templo de Venus\"},{a:\"1580\",t:\"Drake completa la circunnavegaci\u00f3n\"},{a:\"1960\",t:\"Primer debate presidencial televisado (Kennedy-Nixon)\"}],\r\n    \"0927\":[{a:\"1540\",t:\"Se funda la Compa\u00f1\u00eda de Jes\u00fas\"},{a:\"1825\",t:\"George Stephenson inaugura el tren\"},{a:\"1905\",t:\"Einstein publica E=mc\u00b2\"}],\r\n    \"0928\":[{a:\"48 a.C.\",t:\"Asesinato de Pompeyo\"},{a:\"1542\",t:\"Juan Rodr\u00edguez Cabrillo llega a California\"},{a:\"1928\",t:\"Fleming descubre la penicilina\"}],\r\n    \"0929\":[{a:\"1364\",t:\"Batalla de Auray\"},{a:\"1829\",t:\"Robert Peel crea la polic\u00eda metropolitana de Londres\"},{a:\"1988\",t:\"La NASA relanza los vuelos del transbordador\"}],\r\n    \"0930\":[{a:\"1399\",t:\"Enrique IV se convierte en rey de Inglaterra\"},{a:\"1846\",t:\"Se extrae el primer diente con anestesia\"},{a:\"1955\",t:\"Muere James Dean\"}],\r\n    \"1001\":[{a:\"331 a.C.\",t:\"Alejandro Magno vence en Gaugamela\"},{a:\"1908\",t:\"Se lanza el Ford Model T\"},{a:\"1949\",t:\"Mao proclama la Rep\u00fablica Popular China\"}],\r\n    \"1002\":[{a:\"1187\",t:\"Saladino conquista Jerusal\u00e9n\"},{a:\"1835\",t:\"Comienza la revoluci\u00f3n de Texas\"},{a:\"1950\",t:\"Primera publicaci\u00f3n de Peanuts (Snoopy)\"}],\r\n    \"1003\":[{a:\"1226\",t:\"Muere San Francisco de As\u00eds\"},{a:\"1863\",t:\"Lincoln proclama Acci\u00f3n de Gracias\"},{a:\"1990\",t:\"Reunificaci\u00f3n de Alemania\"}],\r\n    \"1004\":[{a:\"1582\",t:\"Se adopta el calendario gregoriano\"},{a:\"1883\",t:\"Primer viaje del Orient Express\"},{a:\"1957\",t:\"La URSS lanza el Sputnik\"}],\r\n    \"1005\":[{a:\"1143\",t:\"Portugal se independiza\"},{a:\"1793\",t:\"Se establece el calendario republicano en Francia\"},{a:\"1962\",t:\"Se estrena Dr. No (primera pel\u00edcula de James Bond)\"}],\r\n    \"1006\":[{a:\"105 a.C.\",t:\"Batalla de Arausio\"},{a:\"1927\",t:\"Se estrena 'El cantor de jazz' (primer cine sonoro)\"},{a:\"1995\",t:\"Se descubre el primer exoplaneta (51 Pegasi b)\"}],\r\n    \"1007\":[{a:\"1571\",t:\"Batalla de Lepanto\"},{a:\"1806\",t:\"Se patenta el papel de calcar\"},{a:\"2001\",t:\"Comienza la guerra en Afganist\u00e1n\"}],\r\n    \"1008\":[{a:\"1871\",t:\"Gran Incendio de Chicago\"},{a:\"1967\",t:\"Captura del Che Guevara\"},{a:\"2019\",t:\"Extinction Rebellion bloquea Londres\"}],\r\n    \"1009\":[{a:\"768\",t:\"Carlomagno sube al trono\"},{a:\"1874\",t:\"Se funda la Uni\u00f3n Postal Universal\"},{a:\"2006\",t:\"Corea del Norte realiza su primera prueba nuclear\"}],\r\n    \"1010\":[{a:\"680\",t:\"Batalla de Kerbala\"},{a:\"1845\",t:\"Se funda la Academia Naval de EE.UU.\"},{a:\"1911\",t:\"Revoluci\u00f3n Xinhai en China\"}],\r\n    \"1011\":[{a:\"1531\",t:\"Muere Zuinglio\"},{a:\"1899\",t:\"Comienza la Guerra de los B\u00f3eres\"},{a:\"1968\",t:\"Lanzamiento del Apolo 7\"}],\r\n    \"1012\":[{a:\"1492\",t:\"Col\u00f3n llega a Am\u00e9rica\"},{a:\"1810\",t:\"Primera Oktoberfest en M\u00fanich\"},{a:\"1999\",t:\"La poblaci\u00f3n mundial llega a 6.000 millones\"}],\r\n    \"1013\":[{a:\"54\",t:\"Ner\u00f3n se convierte en emperador\"},{a:\"1307\",t:\"Arrestados los Caballeros Templarios (viernes 13)\"},{a:\"2010\",t:\"Rescate de los mineros chilenos\"}],\r\n    \"1014\":[{a:\"1066\",t:\"Batalla de Hastings\"},{a:\"1947\",t:\"Chuck Yeager rompe la barrera del sonido\"},{a:\"2012\",t:\"Felix Baumgartner salta desde la estratosfera\"}],\r\n    \"1015\":[{a:\"1582\",t:\"Entra en vigor el calendario gregoriano\"},{a:\"1815\",t:\"Napole\u00f3n llega a Santa Elena\"},{a:\"1917\",t:\"Mata Hari es fusilada\"}],\r\n    \"1016\":[{a:\"1793\",t:\"Mar\u00eda Antonieta es ejecutada\"},{a:\"1846\",t:\"Primera anestesia con \u00e9ter (Morton)\"},{a:\"1978\",t:\"Karol Wojty\u0142a es elegido papa Juan Pablo II\"}],\r\n    \"1017\":[{a:\"1346\",t:\"Batalla de Neville's Cross\"},{a:\"1781\",t:\"Rendici\u00f3n de Yorktown\"},{a:\"1989\",t:\"Terremoto de Loma Prieta\"}],\r\n    \"1018\":[{a:\"1356\",t:\"Terremoto de Basilea\"},{a:\"1867\",t:\"EE.UU. compra Alaska a Rusia\"},{a:\"1922\",t:\"Se funda la BBC\"}],\r\n    \"1019\":[{a:\"202 a.C.\",t:\"Batalla de Zama\"},{a:\"1781\",t:\"Rendici\u00f3n brit\u00e1nica en Yorktown\"},{a:\"1987\",t:\"Lunes Negro en Wall Street\"}],\r\n    \"1020\":[{a:\"1520\",t:\"Coronaci\u00f3n de Carlos V\"},{a:\"1827\",t:\"Batalla de Navarino\"},{a:\"2011\",t:\"Muere Muamar el Gadafi\"}],\r\n    \"1021\":[{a:\"1096\",t:\"Emboscada a los cruzados\"},{a:\"1805\",t:\"Batalla de Trafalgar\"},{a:\"1959\",t:\"Se inaugura el Museo Guggenheim de Nueva York\"}],\r\n    \"1022\":[{a:\"1797\",t:\"Primer salto en paraca\u00eddas\"},{a:\"1962\",t:\"Kennedy anuncia el bloqueo naval a Cuba\"},{a:\"1964\",t:\"Jean-Paul Sartre rechaza el Nobel\"}],\r\n    \"1023\":[{a:\"42 a.C.\",t:\"Batalla de Filipos\"},{a:\"1642\",t:\"Batalla de Edgehill (primera de la Guerra Civil Inglesa)\"},{a:\"2001\",t:\"Apple presenta el iPod\"}],\r\n    \"1024\":[{a:\"1648\",t:\"Se firma la Paz de Westfalia\"},{a:\"1861\",t:\"Se env\u00eda el primer telegrama transcontinental\"},{a:\"1945\",t:\"Entra en vigor la Carta de la ONU\"}],\r\n    \"1025\":[{a:\"1415\",t:\"Batalla de Agincourt\"},{a:\"1854\",t:\"Carga de la Brigada Ligera\"},{a:\"1971\",t:\"La ONU admite a China y expulsa a Taiw\u00e1n\"}],\r\n    \"1026\":[{a:\"1440\",t:\"Gilles de Rais es ejecutado\"},{a:\"1825\",t:\"Se inaugura el Canal de Erie\"},{a:\"1977\",t:\"Se erradica la viruela\"}],\r\n    \"1027\":[{a:\"312\",t:\"Constantino entra en Roma\"},{a:\"1904\",t:\"Se inaugura el metro de Nueva York\"},{a:\"1962\",t:\"Momento m\u00e1s tenso de la crisis de los misiles\"}],\r\n    \"1028\":[{a:\"312\",t:\"Batalla del Puente Milvio\"},{a:\"1636\",t:\"Se funda Harvard\"},{a:\"1886\",t:\"Se inaugura la Estatua de la Libertad\"}],\r\n    \"1029\":[{a:\"1618\",t:\"Ejecuci\u00f3n de Walter Raleigh\"},{a:\"1929\",t:\"Martes Negro: crac de Wall Street\"},{a:\"1969\",t:\"Se env\u00eda el primer mensaje de ARPANET\"}],\r\n    \"1030\":[{a:\"1485\",t:\"Coronaci\u00f3n de Enrique VII\"},{a:\"1938\",t:\"Orson Welles emite 'La guerra de los mundos'\"},{a:\"1961\",t:\"La URSS detona la Tsar Bomba\"}],\r\n    \"1031\":[{a:\"1517\",t:\"Lutero clava sus 95 tesis\"},{a:\"1922\",t:\"Mussolini llega al poder\"},{a:\"1984\",t:\"Asesinato de Indira Gandhi\"}],\r\n    \"1101\":[{a:\"1512\",t:\"Se exhibe el techo de la Capilla Sixtina\"},{a:\"1755\",t:\"Terremoto de Lisboa\"},{a:\"1993\",t:\"Entra en vigor el Tratado de Maastricht\"}],\r\n    \"1102\":[{a:\"1795\",t:\"Se crea el Directorio en Francia\"},{a:\"1889\",t:\"Dakota del Norte y del Sur se convierten en estados\"},{a:\"1963\",t:\"Asesinato de Ng\u00f4 \u0110\u00ecnh Di\u1ec7m\"}],\r\n    \"1103\":[{a:\"1493\",t:\"Col\u00f3n llega a Dominica\"},{a:\"1838\",t:\"Se publica el primer peri\u00f3dico en la India\"},{a:\"1957\",t:\"La URSS lanza el Sputnik 2 con Laika\"}],\r\n    \"1104\":[{a:\"1922\",t:\"Howard Carter descubre la tumba de Tutankam\u00f3n\"},{a:\"1956\",t:\"La URSS invade Hungr\u00eda\"},{a:\"2008\",t:\"Barack Obama gana las elecciones\"}],\r\n    \"1105\":[{a:\"1605\",t:\"Conspiraci\u00f3n de la p\u00f3lvora (Guy Fawkes)\"},{a:\"1895\",t:\"Se patenta la primera m\u00e1quina de rayos X\"},{a:\"1935\",t:\"Se lanza el Monopoly\"}],\r\n    \"1106\":[{a:\"1860\",t:\"Lincoln es elegido presidente\"},{a:\"1893\",t:\"Muere Chaikovski\"},{a:\"1999\",t:\"Australia vota no a la rep\u00fablica\"}],\r\n    \"1107\":[{a:\"1665\",t:\"Se publica la London Gazette\"},{a:\"1867\",t:\"Nace Marie Curie\"},{a:\"1917\",t:\"Revoluci\u00f3n de Octubre en Rusia\"}],\r\n    \"1108\":[{a:\"1519\",t:\"Cort\u00e9s entra en Tenochtitl\u00e1n\"},{a:\"1895\",t:\"R\u00f6ntgen descubre los rayos X\"},{a:\"1942\",t:\"Operaci\u00f3n Torch en el norte de \u00c1frica\"}],\r\n    \"1109\":[{a:\"1799\",t:\"Golpe del 18 de Brumario (Napole\u00f3n)\"},{a:\"1938\",t:\"Noche de los Cristales Rotos\"},{a:\"1989\",t:\"Ca\u00edda del Muro de Berl\u00edn\"}],\r\n    \"1110\":[{a:\"1483\",t:\"Nace Mart\u00edn Lutero\"},{a:\"1775\",t:\"Se funda el Cuerpo de Marines de EE.UU.\"},{a:\"2009\",t:\"Sesame Street cumple 40 a\u00f1os\"}],\r\n    \"1111\":[{a:\"1620\",t:\"Se firma el Pacto del Mayflower\"},{a:\"1918\",t:\"Fin de la Primera Guerra Mundial\"},{a:\"1975\",t:\"Angola se independiza de Portugal\"}],\r\n    \"1112\":[{a:\"1035\",t:\"Canuto el Grande muere\"},{a:\"1927\",t:\"Trotsky es expulsado del Partido Comunista\"},{a:\"1990\",t:\"Tim Berners-Lee publica la propuesta de la WWW\"}],\r\n    \"1113\":[{a:\"1002\",t:\"Masacre de San Bricio\"},{a:\"1775\",t:\"Los rebeldes capturan Montreal\"},{a:\"1985\",t:\"Erupci\u00f3n del Nevado del Ruiz, Colombia\"}],\r\n    \"1114\":[{a:\"1770\",t:\"James Bruce descubre las fuentes del Nilo Azul\"},{a:\"1851\",t:\"Se publica 'Moby Dick' de Melville\"},{a:\"1971\",t:\"Mariner 9 entra en \u00f3rbita de Marte\"}],\r\n    \"1115\":[{a:\"1533\",t:\"Pizarro entra en Cusco\"},{a:\"1917\",t:\"Clemenceau se convierte en primer ministro de Francia\"},{a:\"1971\",t:\"Intel lanza el 4004 (primer microprocesador)\"}],\r\n    \"1116\":[{a:\"1384\",t:\"La reina Jadwiga de Polonia es coronada\"},{a:\"1904\",t:\"Fleming inventa la v\u00e1lvula de vac\u00edo\"},{a:\"1945\",t:\"Se funda la UNESCO\"}],\r\n    \"1117\":[{a:\"1558\",t:\"Comienza el reinado de Isabel I\"},{a:\"1869\",t:\"Se inaugura el Canal de Suez\"},{a:\"1970\",t:\"Douglas Engelbart patenta el rat\u00f3n\"}],\r\n    \"1118\":[{a:\"1307\",t:\"Guillermo Tell (leyenda)\"},{a:\"1477\",t:\"William Caxton imprime 'The Dicts and Sayings'\"},{a:\"1928\",t:\"Se estrena Steamboat Willie (Mickey Mouse)\"}],\r\n    \"1119\":[{a:\"1493\",t:\"Col\u00f3n llega a Puerto Rico\"},{a:\"1863\",t:\"Discurso de Gettysburg (Lincoln)\"},{a:\"1998\",t:\"Microsoft lanza Windows 98 SE\"}],\r\n    \"1120\":[{a:\"1695\",t:\"Muere Zumbi dos Palmares\"},{a:\"1945\",t:\"Comienzan los juicios de N\u00faremberg\"},{a:\"1998\",t:\"Se lanza el primer m\u00f3dulo de la ISS\"}],\r\n    \"1121\":[{a:\"164 a.C.\",t:\"Se redica el Templo de Jerusal\u00e9n (Januc\u00e1)\"},{a:\"1783\",t:\"Primer vuelo tripulado en globo\"},{a:\"1905\",t:\"Einstein publica la teor\u00eda de la relatividad\"}],\r\n    \"1122\":[{a:\"1497\",t:\"Vasco da Gama rodea el Cabo de Buena Esperanza\"},{a:\"1718\",t:\"Muere Barbanegra\"},{a:\"1963\",t:\"Asesinato de John F. Kennedy\"}],\r\n    \"1123\":[{a:\"1499\",t:\"Perkin Warbeck es ejecutado\"},{a:\"1644\",t:\"Milton publica 'Areopag\u00edtica'\"},{a:\"1963\",t:\"Primera emisi\u00f3n de Doctor Who\"}],\r\n    \"1124\":[{a:\"1642\",t:\"Abel Tasman llega a Tasmania\"},{a:\"1859\",t:\"Darwin publica 'El origen de las especies'\"},{a:\"1963\",t:\"Jack Ruby mata a Oswald\"}],\r\n    \"1125\":[{a:\"1491\",t:\"Ca\u00edda del \u00faltimo basti\u00f3n isl\u00e1mico en Granada\"},{a:\"1867\",t:\"Nobel patenta la dinamita\"},{a:\"1970\",t:\"Mishima se suicida\"}],\r\n    \"1126\":[{a:\"1476\",t:\"Vlad el Empalador ataca a los otomanos\"},{a:\"1789\",t:\"D\u00eda de Acci\u00f3n de Gracias (proclamado por Washington)\"},{a:\"1922\",t:\"Howard Carter abre la tumba de Tutankam\u00f3n\"}],\r\n    \"1127\":[{a:\"8 a.C.\",t:\"Nace Horacio\"},{a:\"1895\",t:\"Alfred Nobel firma su testamento\"},{a:\"1971\",t:\"Mars 2 llega a Marte\"}],\r\n    \"1128\":[{a:\"1520\",t:\"Magallanes cruza el estrecho que lleva su nombre\"},{a:\"1893\",t:\"Las mujeres votan en Nueva Zelanda por primera vez\"},{a:\"1979\",t:\"Accidente del vuelo 901 de Air New Zealand en el Erebus\"}],\r\n    \"1129\":[{a:\"1226\",t:\"Honorio III corona emperador a Federico II\"},{a:\"1877\",t:\"Edison demuestra el fon\u00f3grafo\"},{a:\"1947\",t:\"La ONU aprueba la partici\u00f3n de Palestina\"}],\r\n    \"1130\":[{a:\"1609\",t:\"Galileo observa la Luna con telescopio\"},{a:\"1782\",t:\"Se firma el acuerdo preliminar de paz (independencia de EE.UU.)\"},{a:\"1999\",t:\"Protestas contra la OMC en Seattle\"}],\r\n    \"1201\":[{a:\"1640\",t:\"Portugal se independiza de Espa\u00f1a\"},{a:\"1913\",t:\"Ford introduce la cadena de montaje\"},{a:\"1955\",t:\"Rosa Parks se niega a ceder su asiento\"}],\r\n    \"1202\":[{a:\"1697\",t:\"Se inaugura la Catedral de San Pablo de Londres\"},{a:\"1804\",t:\"Napole\u00f3n se corona emperador\"},{a:\"1942\",t:\"Primer reactor nuclear controlado (Enrico Fermi)\"}],\r\n    \"1203\":[{a:\"1818\",t:\"Illinois se convierte en estado\"},{a:\"1910\",t:\"Se presenta la l\u00e1mpara de ne\u00f3n\"},{a:\"1984\",t:\"Desastre de Bhopal, India\"}],\r\n    \"1204\":[{a:\"771\",t:\"Carlomagno se convierte en rey de los francos\"},{a:\"1791\",t:\"Se publica The Observer (el dominical m\u00e1s antiguo)\"},{a:\"1996\",t:\"Se lanza la Mars Pathfinder\"}],\r\n    \"1205\":[{a:\"1492\",t:\"Col\u00f3n llega a la isla La Espa\u00f1ola\"},{a:\"1766\",t:\"Se funda Christie's\"},{a:\"1933\",t:\"Se deroga la Prohibici\u00f3n en EE.UU.\"}],\r\n    \"1206\":[{a:\"1768\",t:\"Se publica la primera edici\u00f3n de la Encyclopaedia Britannica\"},{a:\"1865\",t:\"Se ratifica la XIII Enmienda (abolici\u00f3n de la esclavitud)\"},{a:\"1917\",t:\"Finlandia declara su independencia\"}],\r\n    \"1207\":[{a:\"43 a.C.\",t:\"Asesinato de Cicer\u00f3n\"},{a:\"1787\",t:\"Delaware ratifica la Constituci\u00f3n de EE.UU.\"},{a:\"1941\",t:\"Ataque a Pearl Harbor\"}],\r\n    \"1208\":[{a:\"1609\",t:\"Se publica la Biblia Douay-Rheims\"},{a:\"1865\",t:\"Se crea el Ku Klux Klan\"},{a:\"1980\",t:\"Asesinato de John Lennon\"}],\r\n    \"1209\":[{a:\"1531\",t:\"Aparici\u00f3n de la Virgen de Guadalupe\"},{a:\"1742\",t:\"Se inaugura la primera \u00f3pera en Nueva York\"},{a:\"1979\",t:\"Se declara la erradicaci\u00f3n mundial de la viruela\"}],\r\n    \"1210\":[{a:\"1520\",t:\"Lutero quema la bula papal\"},{a:\"1868\",t:\"Se instala el primer sem\u00e1foro\"},{a:\"1901\",t:\"Primeros premios Nobel\"}],\r\n    \"1211\":[{a:\"1282\",t:\"Llywelyn el \u00daltimo muere\"},{a:\"1816\",t:\"Indiana se convierte en estado\"},{a:\"1946\",t:\"Se funda UNICEF\"}],\r\n    \"1212\":[{a:\"627\",t:\"Batalla de N\u00ednive\"},{a:\"1901\",t:\"Marconi env\u00eda la primera se\u00f1al transatl\u00e1ntica\"},{a:\"1979\",t:\"Se descubre la \u00f3rbita de Caronte\"}],\r\n    \"1213\":[{a:\"1545\",t:\"Comienza el Concilio de Trento\"},{a:\"1577\",t:\"Francis Drake comienza su circunnavegaci\u00f3n\"},{a:\"2003\",t:\"Saddam Hussein es capturado\"}],\r\n    \"1214\":[{a:\"1542\",t:\"Nace Mar\u00eda, Reina de Escocia\"},{a:\"1911\",t:\"Amundsen llega al Polo Sur\"},{a:\"1962\",t:\"Mariner 2 sobrevuela Venus\"}],\r\n    \"1215\":[{a:\"37\",t:\"Nace Ner\u00f3n\"},{a:\"1791\",t:\"Se ratifica la Carta de Derechos de EE.UU.\"},{a:\"2001\",t:\"Se inclina la Torre de Pisa (correcci\u00f3n)\"}],\r\n    \"1216\":[{a:\"755\",t:\"Comienza la rebeli\u00f3n de An Lushan\"},{a:\"1770\",t:\"Nace Beethoven\"},{a:\"1944\",t:\"Batalla de las Ardenas\"}],\r\n    \"1217\":[{a:\"1770\",t:\"Nace Beethoven (bautizo)\"},{a:\"1903\",t:\"Los Wright realizan el primer vuelo\"},{a:\"2010\",t:\"Comienza la Primavera \u00c1rabe\"}],\r\n    \"1218\":[{a:\"1271\",t:\"Kublai Kan funda la dinast\u00eda Yuan\"},{a:\"1865\",t:\"Se abole la esclavitud en EE.UU.\"},{a:\"1966\",t:\"Saturno supera a J\u00fapiter\"}],\r\n    \"1219\":[{a:\"1154\",t:\"Enrique II es coronado rey de Inglaterra\"},{a:\"1843\",t:\"Se publica 'Cuento de Navidad' de Dickens\"},{a:\"1972\",t:\"Regreso del Apolo 17 (\u00faltima misi\u00f3n lunar)\"}],\r\n    \"1220\":[{a:\"1606\",t:\"Zarpa el primer barco hacia Virginia\"},{a:\"1860\",t:\"Carolina del Sur se separa de la Uni\u00f3n\"},{a:\"1989\",t:\"Invasi\u00f3n de Panam\u00e1\"}],\r\n    \"1221\":[{a:\"1375\",t:\"Muere Giovanni Boccaccio\"},{a:\"1620\",t:\"Los Peregrinos desembarcan en Plymouth Rock\"},{a:\"1968\",t:\"Lanzamiento del Apolo 8\"}],\r\n    \"1222\":[{a:\"1216\",t:\"Honorio III aprueba la orden dominicana\"},{a:\"1894\",t:\"Comienza el caso Dreyfus\"},{a:\"2001\",t:\"Atentado del zapato bomba en un avi\u00f3n\"}],\r\n    \"1223\":[{a:\"962\",t:\"Mieszko I funda Polonia\"},{a:\"1783\",t:\"Washington dimite como comandante\"},{a:\"1986\",t:\"El Voyager completa la vuelta al mundo sin escalas\"}],\r\n    \"1224\":[{a:\"1814\",t:\"Se firma el Tratado de Gante\"},{a:\"1906\",t:\"Primera transmisi\u00f3n de radio\"},{a:\"1968\",t:\"El Apolo 8 orbita la Luna\"}],\r\n    \"1225\":[{a:\"336\",t:\"Primera celebraci\u00f3n registrada de la Navidad\"},{a:\"800\",t:\"Carlomagno es coronado emperador\"},{a:\"1991\",t:\"Gorbachov dimite: fin de la URSS\"}],\r\n    \"1226\":[{a:\"1606\",t:\"Se estrena 'El Rey Lear' de Shakespeare\"},{a:\"1862\",t:\"La mayor ejecuci\u00f3n masiva en EE.UU. (38 sioux)\"},{a:\"1991\",t:\"La URSS se disuelve oficialmente\"}],\r\n    \"1227\":[{a:\"537\",t:\"Se inaugura Santa Sof\u00eda\"},{a:\"1831\",t:\"Darwin zarpa en el HMS Beagle\"},{a:\"1979\",t:\"La URSS invade Afganist\u00e1n\"}],\r\n    \"1228\":[{a:\"1065\",t:\"Se consagra la Abad\u00eda de Westminster\"},{a:\"1612\",t:\"Galileo observa Neptuno sin saberlo\"},{a:\"1895\",t:\"Los Lumi\u00e8re proyectan la primera pel\u00edcula p\u00fablica\"}],\r\n    \"1229\":[{a:\"1170\",t:\"Asesinato de Thomas Becket\"},{a:\"1845\",t:\"Texas se convierte en estado\"},{a:\"1989\",t:\"Havel es elegido presidente de Checoslovaquia\"}],\r\n    \"1230\":[{a:\"1066\",t:\"Masacre de Granada\"},{a:\"1853\",t:\"Compra de La Mesilla (Gadsen Purchase)\"},{a:\"1922\",t:\"Se funda la URSS\"}],\r\n    \"1231\":[{a:\"192\",t:\"Asesinato de C\u00f3modo\"},{a:\"1600\",t:\"Se funda la Compa\u00f1\u00eda Brit\u00e1nica de las Indias Orientales\"},{a:\"1999\",t:\"Yeltsin dimite; Putin asume la presidencia\"}]\r\n  };\r\n\r\n  var frases=[\r\n    {t:\"El conocimiento es poder.\",a:\"Francis Bacon\"},\r\n    {t:\"Pienso, luego existo.\",a:\"Ren\u00e9 Descartes\"},\r\n    {t:\"Solo s\u00e9 que no s\u00e9 nada.\",a:\"S\u00f3crates\"},\r\n    {t:\"La vida sin examen no merece ser vivida.\",a:\"S\u00f3crates\"},\r\n    {t:\"El hombre es la medida de todas las cosas.\",a:\"Prot\u00e1goras\"},\r\n    {t:\"La imaginaci\u00f3n es m\u00e1s importante que el conocimiento.\",a:\"Albert Einstein\"},\r\n    {t:\"S\u00e9 el cambio que quieres ver en el mundo.\",a:\"Mahatma Gandhi\"},\r\n    {t:\"He fallado m\u00e1s de 9000 tiros en mi carrera. He perdido casi 300 partidos.\",a:\"Michael Jordan\"},\r\n    {t:\"La libertad no es nada m\u00e1s que una oportunidad para ser mejor.\",a:\"Albert Camus\"},\r\n    {t:\"El que no conoce su historia est\u00e1 condenado a repetirla.\",a:\"George Santayana\"},\r\n    {t:\"La educaci\u00f3n es el arma m\u00e1s poderosa para cambiar el mundo.\",a:\"Nelson Mandela\"},\r\n    {t:\"Vivir no es solo existir, sino existir y crear.\",a:\"Gregorio Mara\u00f1\u00f3n\"},\r\n    {t:\"En medio de la dificultad reside la oportunidad.\",a:\"Albert Einstein\"},\r\n    {t:\"No hay camino para la paz, la paz es el camino.\",a:\"Mahatma Gandhi\"},\r\n    {t:\"La raz\u00f3n es la \u00fanica cosa que nos hace humanos.\",a:\"Ren\u00e9 Descartes\"},\r\n    {t:\"Todo lo que puedas imaginar es real.\",a:\"Pablo Picasso\"},\r\n    {t:\"Donde hay educaci\u00f3n no hay distinci\u00f3n de clases.\",a:\"Confucio\"},\r\n    {t:\"El secreto de la libertad es la educaci\u00f3n.\",a:\"Ep\u00edcteto\"},\r\n    {t:\"El verdadero viaje de descubrimiento no consiste en buscar nuevos paisajes, sino en tener nuevos ojos.\",a:\"Marcel Proust\"},\r\n    {t:\"Nuestra mayor gloria no es no caer nunca, sino levantarnos cada vez que caemos.\",a:\"Confucio\"},\r\n    {t:\"La \u00fanica forma de hacer un gran trabajo es amar lo que haces.\",a:\"Steve Jobs\"},\r\n    {t:\"Nada es permanente excepto el cambio.\",a:\"Her\u00e1clito\"},\r\n    {t:\"El hombre que mueve monta\u00f1as comienza cargando peque\u00f1as piedras.\",a:\"Confucio\"},\r\n    {t:\"Ladran, luego cabalgamos.\",a:\"Miguel de Cervantes\"},\r\n    {t:\"Puedo no estar de acuerdo con lo que dices, pero defender\u00e9 con mi vida tu derecho a decirlo.\",a:\"Voltaire\"},\r\n    {t:\"La pluma es m\u00e1s poderosa que la espada.\",a:\"Edward Bulwer-Lytton\"},\r\n    {t:\"El que lee mucho y anda mucho, ve mucho y sabe mucho.\",a:\"Miguel de Cervantes\"},\r\n    {t:\"No se ve bien sino con el coraz\u00f3n. Lo esencial es invisible a los ojos.\",a:\"Antoine de Saint-Exup\u00e9ry\"},\r\n    {t:\"Si puedes so\u00f1arlo, puedes lograrlo.\",a:\"Walt Disney\"},\r\n    {t:\"Caminante, no hay camino, se hace camino al andar.\",a:\"Antonio Machado\"},\r\n    {t:\"El futuro pertenece a quienes creen en la belleza de sus sue\u00f1os.\",a:\"Eleanor Roosevelt\"}\r\n  ];\r\n\r\n  function hoy(){\r\n    var d=new Date();\r\n    var m=String(d.getMonth()+1).padStart(2,'0');\r\n    var dia=String(d.getDate()).padStart(2,'0');\r\n    return m+dia;\r\n  }\r\n\r\n  function fraseDelDia(){\r\n    var d=new Date();\r\n    var idx=(d.getFullYear()*1000+d.getMonth()*31+d.getDate())%frases.length;\r\n    return frases[idx];\r\n  }\r\n\r\n  function pintar(){\r\n    var clave=hoy();\r\n    var items=efemerides[clave];\r\n    var el=document.getElementById('tdhEfem');\r\n    if(items&&items.length){\r\n      var html='';\r\n      for(var i=0;i<items.length;i++){\r\n        html+='<div class=\"tdh-item\"><b>'+items[i].a+'<\/b> '+items[i].t+'<\/div>';\r\n      }\r\n      el.innerHTML=html;\r\n    }else{\r\n      el.innerHTML='<div class=\"tdh-item\">No hay efem\u00e9rides registradas para hoy<\/div>';\r\n    }\r\n    var f=fraseDelDia();\r\n    document.getElementById('tdhFrase').innerHTML='\"'+f.t+'\"<div class=\"tdh-autor\">\u2014 '+f.a+'<\/div>';\r\n  }\r\n\r\n  pintar();\r\n})();\r\n<\/script>\n<\/div>\n<\/div>\n\n\n\n<div class=\"wp-block-column is-layout-flow wp-block-column-is-layout-flow\" style=\"flex-basis:25%\">\n<p class=\"gb-text gb-text-83f0b1d3\">TRABAJO<\/p>\n\n\n\n<figure class=\"wp-block-image size-full is-resized has-custom-border\"><img loading=\"lazy\" decoding=\"async\" width=\"1755\" height=\"1143\" src=\"https:\/\/lightblue-gaur-229646.hostingersite.com\/wp-content\/uploads\/2026\/03\/IMG_4268.jpg\" alt=\"\" class=\"wp-image-13481\" style=\"border-style:none;border-width:0px;border-radius:8px;object-fit:cover;width:300px;height:200px\" srcset=\"https:\/\/asertivia.com\/wp-content\/uploads\/2026\/03\/IMG_4268.jpg 1755w, https:\/\/asertivia.com\/wp-content\/uploads\/2026\/03\/IMG_4268-600x391.jpg 600w, https:\/\/asertivia.com\/wp-content\/uploads\/2026\/03\/IMG_4268-1350x879.jpg 1350w, https:\/\/asertivia.com\/wp-content\/uploads\/2026\/03\/IMG_4268-768x500.jpg 768w, https:\/\/asertivia.com\/wp-content\/uploads\/2026\/03\/IMG_4268-1536x1000.jpg 1536w\" sizes=\"auto, (max-width: 1755px) 100vw, 1755px\" \/><\/figure>\n\n\n\n<div><div class=\"gb-looper-d4203a35\">\n<div class=\"gb-loop-item post-2554 trabajo type-trabajo status-publish format-standard hentry category-sin-categoria\"><h2 style=\"font-size:17px;font-style:italic;font-weight:600;\" class=\"has-link-color wp-elements-5792d4b2749eabaefa2a0ae1a187c1e8 wp-block-post-title has-text-color has-contrast-2-color\"><a href=\"https:\/\/asertivia.com\/index.php\/trabajo\/formacion-para-trabajadores-en-activo\/\" target=\"_self\" >Formaci\u00f3n para trabajadores en activo<\/a><\/h2>\n\n<div style=\"font-size:12px;\" class=\"has-link-color wp-elements-4b5b0f50c3cd03fee7cea755b447aa73 wp-block-post-excerpt has-text-color has-contrast-2-color\"><p class=\"wp-block-post-excerpt__excerpt\">Mantener un empleo ya no garantiza estabilidad a largo plazo. La formaci\u00f3n para trabajadores en activo se ha convertido en una herramienta esencial para adaptarse a los cambios, consolidar la posici\u00f3n profesional y abrir nuevas&hellip;<\/p><p class=\"wp-block-post-excerpt__more-text\"><a class=\"wp-block-post-excerpt__more-link\" href=\"https:\/\/asertivia.com\/index.php\/trabajo\/formacion-para-trabajadores-en-activo\/\">SEGUIR LEYENDO&#8230;<\/a><\/p><\/div><\/div>\n\n<div class=\"gb-loop-item post-2553 trabajo type-trabajo status-publish format-standard hentry category-sin-categoria\"><h2 style=\"font-size:17px;font-style:italic;font-weight:600;\" class=\"has-link-color wp-elements-5792d4b2749eabaefa2a0ae1a187c1e8 wp-block-post-title has-text-color has-contrast-2-color\"><a href=\"https:\/\/asertivia.com\/index.php\/trabajo\/cursos-gratuitos-para-personas-desempleadas\/\" target=\"_self\" >Cursos gratuitos para personas desempleadas<\/a><\/h2>\n\n<div style=\"font-size:12px;\" class=\"has-link-color wp-elements-4b5b0f50c3cd03fee7cea755b447aa73 wp-block-post-excerpt has-text-color has-contrast-2-color\"><p class=\"wp-block-post-excerpt__excerpt\">La oferta de cursos gratuitos para personas desempleadas es amplia, pero no siempre clara. Saber d\u00f3nde informarse y c\u00f3mo seleccionar la formaci\u00f3n adecuada es clave para que realmente aporte valor.<\/p><p class=\"wp-block-post-excerpt__more-text\"><a class=\"wp-block-post-excerpt__more-link\" href=\"https:\/\/asertivia.com\/index.php\/trabajo\/cursos-gratuitos-para-personas-desempleadas\/\">SEGUIR LEYENDO&#8230;<\/a><\/p><\/div><\/div>\n\n<div class=\"gb-loop-item post-2552 trabajo type-trabajo status-publish format-standard hentry category-sin-categoria\"><h2 style=\"font-size:17px;font-style:italic;font-weight:600;\" class=\"has-link-color wp-elements-5792d4b2749eabaefa2a0ae1a187c1e8 wp-block-post-title has-text-color has-contrast-2-color\"><a href=\"https:\/\/asertivia.com\/index.php\/trabajo\/formacion-durante-el-desempleo-que-opciones-existen\/\" target=\"_self\" >Formaci\u00f3n durante el desempleo: qu\u00e9 opciones existen<\/a><\/h2>\n\n<div style=\"font-size:12px;\" class=\"has-link-color wp-elements-4b5b0f50c3cd03fee7cea755b447aa73 wp-block-post-excerpt has-text-color has-contrast-2-color\"><p class=\"wp-block-post-excerpt__excerpt\">El desempleo no es solo un periodo de espera. Tambi\u00e9n puede convertirse en una etapa estrat\u00e9gica para adquirir competencias, redefinir objetivos y mejorar la posici\u00f3n profesional mediante la formaci\u00f3n.<\/p><p class=\"wp-block-post-excerpt__more-text\"><a class=\"wp-block-post-excerpt__more-link\" href=\"https:\/\/asertivia.com\/index.php\/trabajo\/formacion-durante-el-desempleo-que-opciones-existen\/\">SEGUIR LEYENDO&#8230;<\/a><\/p><\/div><\/div>\n\n<div class=\"gb-loop-item post-2551 trabajo type-trabajo status-publish format-standard hentry category-sin-categoria\"><h2 style=\"font-size:17px;font-style:italic;font-weight:600;\" class=\"has-link-color wp-elements-5792d4b2749eabaefa2a0ae1a187c1e8 wp-block-post-title has-text-color has-contrast-2-color\"><a href=\"https:\/\/asertivia.com\/index.php\/trabajo\/por-que-la-formacion-es-clave-para-encontrar-empleo\/\" target=\"_self\" >Por qu\u00e9 la formaci\u00f3n es clave para encontrar empleo<\/a><\/h2>\n\n<div style=\"font-size:12px;\" class=\"has-link-color wp-elements-4b5b0f50c3cd03fee7cea755b447aa73 wp-block-post-excerpt has-text-color has-contrast-2-color\"><p class=\"wp-block-post-excerpt__excerpt\">La formaci\u00f3n ha dejado de ser un complemento para convertirse en un eje central de la empleabilidad. En un entorno laboral cambiante, aprender no es una opci\u00f3n estrat\u00e9gica, sino una condici\u00f3n para permanecer activo.<\/p><p class=\"wp-block-post-excerpt__more-text\"><a class=\"wp-block-post-excerpt__more-link\" href=\"https:\/\/asertivia.com\/index.php\/trabajo\/por-que-la-formacion-es-clave-para-encontrar-empleo\/\">SEGUIR LEYENDO&#8230;<\/a><\/p><\/div><\/div>\n<\/div><\/div>\n<\/div>\n\n\n\n<div class=\"wp-block-column is-layout-flow wp-block-column-is-layout-flow\" style=\"flex-basis:25%\">\n<p class=\"gb-text gb-text-a457d706\">VIAJAR<\/p>\n\n\n\n<div><div class=\"gb-looper-55c805fd\">\n<div class=\"gb-loop-item post-4655 viajar type-viajar status-publish format-standard has-post-thumbnail hentry category-sin-categoria\"><figure class=\"wp-block-post-featured-image\"><img loading=\"lazy\" decoding=\"async\" width=\"1200\" height=\"800\" src=\"https:\/\/asertivia.com\/wp-content\/uploads\/2026\/08\/viajar-4655.jpg\" class=\"attachment-post-thumbnail size-post-thumbnail wp-post-image\" alt=\"Imagen ilustrativa - Londres, la distancia que tambi\u00e9n seduce\" style=\"object-fit:cover;\" srcset=\"https:\/\/asertivia.com\/wp-content\/uploads\/2026\/08\/viajar-4655.jpg 1200w, https:\/\/asertivia.com\/wp-content\/uploads\/2026\/08\/viajar-4655-600x400.jpg 600w, https:\/\/asertivia.com\/wp-content\/uploads\/2026\/08\/viajar-4655-768x512.jpg 768w\" sizes=\"auto, (max-width: 1200px) 100vw, 1200px\" \/><\/figure>\n\n<h2 style=\"font-size:17px;font-style:italic;font-weight:600;\" class=\"has-link-color wp-elements-5792d4b2749eabaefa2a0ae1a187c1e8 wp-block-post-title has-text-color has-contrast-2-color\"><a href=\"https:\/\/asertivia.com\/index.php\/viajar\/londres-la-distancia-que-tambien-seduce\/\" target=\"_self\" >Londres, la distancia que tambi\u00e9n seduce<\/a><\/h2>\n\n<div style=\"font-size:12px;\" class=\"has-link-color wp-elements-4b5b0f50c3cd03fee7cea755b447aa73 wp-block-post-excerpt has-text-color has-contrast-2-color\"><p class=\"wp-block-post-excerpt__excerpt\">Londres nunca se entrega del todo; siempre guarda una distancia elegante.<\/p><p class=\"wp-block-post-excerpt__more-text\"><a class=\"wp-block-post-excerpt__more-link\" href=\"https:\/\/asertivia.com\/index.php\/viajar\/londres-la-distancia-que-tambien-seduce\/\">SEGUIR LEYENDO&#8230;<\/a><\/p><\/div><\/div>\n\n<div class=\"gb-loop-item post-4654 viajar type-viajar status-publish format-standard has-post-thumbnail hentry category-sin-categoria\"><figure class=\"wp-block-post-featured-image\"><img loading=\"lazy\" decoding=\"async\" width=\"1200\" height=\"800\" src=\"https:\/\/asertivia.com\/wp-content\/uploads\/2026\/08\/viajar-4654.jpg\" class=\"attachment-post-thumbnail size-post-thumbnail wp-post-image\" alt=\"Imagen ilustrativa - Fez, el laberinto que no quiere respuestas\" style=\"object-fit:cover;\" srcset=\"https:\/\/asertivia.com\/wp-content\/uploads\/2026\/08\/viajar-4654.jpg 1200w, https:\/\/asertivia.com\/wp-content\/uploads\/2026\/08\/viajar-4654-600x400.jpg 600w, https:\/\/asertivia.com\/wp-content\/uploads\/2026\/08\/viajar-4654-768x512.jpg 768w\" sizes=\"auto, (max-width: 1200px) 100vw, 1200px\" \/><\/figure>\n\n<h2 style=\"font-size:17px;font-style:italic;font-weight:600;\" class=\"has-link-color wp-elements-5792d4b2749eabaefa2a0ae1a187c1e8 wp-block-post-title has-text-color has-contrast-2-color\"><a href=\"https:\/\/asertivia.com\/index.php\/viajar\/fez-el-laberinto-que-no-quiere-respuestas\/\" target=\"_self\" >Fez, el laberinto que no quiere respuestas<\/a><\/h2>\n\n<div style=\"font-size:12px;\" class=\"has-link-color wp-elements-4b5b0f50c3cd03fee7cea755b447aa73 wp-block-post-excerpt has-text-color has-contrast-2-color\"><p class=\"wp-block-post-excerpt__excerpt\">Fez no se recorre: se atraviesa como un laberinto que no quiere ser resuelto.<\/p><p class=\"wp-block-post-excerpt__more-text\"><a class=\"wp-block-post-excerpt__more-link\" href=\"https:\/\/asertivia.com\/index.php\/viajar\/fez-el-laberinto-que-no-quiere-respuestas\/\">SEGUIR LEYENDO&#8230;<\/a><\/p><\/div><\/div>\n<\/div><\/div>\n<\/div>\n<\/div>\n<\/div>\n<\/div><\/div>\n<\/div>\n<\/div>\n\n\n\n<hr class=\"wp-block-separator has-alpha-channel-opacity has-background is-style-wide\"\/>\n\n\n\n<h2 class=\"gb-text gb-text-5a1665c0\"><strong>TEXTOS OCULTOS, CREENCIAS Y  OTROS TIPOS DE F\u00c9<\/strong><\/h2>\n\n\n\n<div class=\"wp-block-columns is-layout-flex wp-container-core-columns-is-layout-9d6595d7 wp-block-columns-is-layout-flex\">\n<div class=\"wp-block-column is-vertically-aligned-top is-layout-flow wp-block-column-is-layout-flow\">\n<p class=\"gb-text gb-text-94ccbeb6\"><strong>TEXTOS EN EL UMBRAL<\/strong><\/p>\n\n\n\n<div class=\"gb-query-bdaae839\"><div class=\"gb-looper-4979fdbc\">\n<div class=\"gb-loop-item post-8093 misterios type-misterios status-publish format-standard has-post-thumbnail hentry category-sin-categoria\"><h2 style=\"color:#1f4068; font-size:15px;font-style:italic;font-weight:600;\" class=\"has-text-align-center has-link-color wp-elements-30f40bef603667378e96555bc2b7c02a wp-block-post-title has-text-color\"><a href=\"https:\/\/asertivia.com\/index.php\/misterios\/la-ultima-fecha-anotada\/\" target=\"_self\" >La \u00faltima fecha anotada<\/a><\/h2>\n\n<div style=\"font-size:12px;\" class=\"has-link-color wp-elements-f976ecd06e7dfc697316b7d0e62c14a9 wp-block-post-excerpt has-text-color has-contrast-2-color\"><p class=\"wp-block-post-excerpt__excerpt\">En muchos diarios redactados bajo persecuci\u00f3n, la \u00faltima fecha no se reconoce como tal en el momento de&hellip;<\/p><p class=\"wp-block-post-excerpt__more-text\"><a class=\"wp-block-post-excerpt__more-link\" href=\"https:\/\/asertivia.com\/index.php\/misterios\/la-ultima-fecha-anotada\/\">SEGUIR LEYENDO&#8230;<\/a><\/p><\/div><\/div>\n\n<div class=\"gb-loop-item post-8092 misterios type-misterios status-publish format-standard has-post-thumbnail hentry category-sin-categoria\"><h2 style=\"color:#1f4068; font-size:15px;font-style:italic;font-weight:600;\" class=\"has-text-align-center has-link-color wp-elements-30f40bef603667378e96555bc2b7c02a wp-block-post-title has-text-color\"><a href=\"https:\/\/asertivia.com\/index.php\/misterios\/la-mencion-de-ausencias\/\" target=\"_self\" >La menci\u00f3n de ausencias<\/a><\/h2>\n\n<div style=\"font-size:12px;\" class=\"has-link-color wp-elements-f976ecd06e7dfc697316b7d0e62c14a9 wp-block-post-excerpt has-text-color has-contrast-2-color\"><p class=\"wp-block-post-excerpt__excerpt\">En muchos diarios escritos bajo persecuci\u00f3n o encierro, las ausencias no se explican. Simplemente ocurren. Un nombre que&hellip;<\/p><p class=\"wp-block-post-excerpt__more-text\"><a class=\"wp-block-post-excerpt__more-link\" href=\"https:\/\/asertivia.com\/index.php\/misterios\/la-mencion-de-ausencias\/\">SEGUIR LEYENDO&#8230;<\/a><\/p><\/div><\/div>\n<\/div><\/div>\n<\/div>\n\n\n\n<div class=\"wp-block-column is-vertically-aligned-top is-layout-flow wp-block-column-is-layout-flow\">\n<p class=\"gb-text gb-text-5f2bc64c\"><strong>AP\u00d3CRIFOS<\/strong><\/p>\n\n\n\n<div class=\"gb-query-221731fe\"><div class=\"gb-looper-c2772e60\">\n<div class=\"gb-loop-item post-160 apocrifos type-apocrifos status-publish format-standard hentry category-sin-categoria\"><h2 style=\"color:#1f4068; font-size:15px;font-style:italic;font-weight:600;\" class=\"has-text-align-center has-link-color wp-elements-30f40bef603667378e96555bc2b7c02a wp-block-post-title has-text-color\"><a href=\"https:\/\/asertivia.com\/index.php\/apocrifos\/el-evangelio-de-judas-la-traicion-que-nunca-fue-contada\/\" target=\"_self\" >El Evangelio de Judas: la traici\u00f3n que nunca fue contada<\/a><\/h2>\n\n<div style=\"font-size:12px;\" class=\"has-link-color wp-elements-f976ecd06e7dfc697316b7d0e62c14a9 wp-block-post-excerpt has-text-color has-contrast-2-color\"><p class=\"wp-block-post-excerpt__excerpt\">Durante siglos, Judas Iscariote ha sido presentado como el arquetipo del traidor. Sin embargo, el Evangelio de Judas,&hellip;<\/p><p class=\"wp-block-post-excerpt__more-text\"><a class=\"wp-block-post-excerpt__more-link\" href=\"https:\/\/asertivia.com\/index.php\/apocrifos\/el-evangelio-de-judas-la-traicion-que-nunca-fue-contada\/\">SEGUIR LEYENDO&#8230;<\/a><\/p><\/div><\/div>\n\n<div class=\"gb-loop-item post-159 apocrifos type-apocrifos status-publish format-standard hentry category-sin-categoria\"><h2 style=\"color:#1f4068; font-size:15px;font-style:italic;font-weight:600;\" class=\"has-text-align-center has-link-color wp-elements-30f40bef603667378e96555bc2b7c02a wp-block-post-title has-text-color\"><a href=\"https:\/\/asertivia.com\/index.php\/apocrifos\/el-evangelio-de-felipe-misterios-del-amor-la-union-y-la-sabiduria-oculta\/\" target=\"_self\" >El Evangelio de Felipe: Misterios del amor, la uni\u00f3n y la sabidur\u00eda oculta<\/a><\/h2>\n\n<div style=\"font-size:12px;\" class=\"has-link-color wp-elements-f976ecd06e7dfc697316b7d0e62c14a9 wp-block-post-excerpt has-text-color has-contrast-2-color\"><p class=\"wp-block-post-excerpt__excerpt\">El Evangelio de Felipe es un texto ap\u00f3crifo que revela secretos sobre el amor, la uni\u00f3n espiritual y&hellip;<\/p><p class=\"wp-block-post-excerpt__more-text\"><a class=\"wp-block-post-excerpt__more-link\" href=\"https:\/\/asertivia.com\/index.php\/apocrifos\/el-evangelio-de-felipe-misterios-del-amor-la-union-y-la-sabiduria-oculta\/\">SEGUIR LEYENDO&#8230;<\/a><\/p><\/div><\/div>\n<\/div><\/div>\n<\/div>\n\n\n\n<div class=\"wp-block-column is-vertically-aligned-top is-layout-flow wp-block-column-is-layout-flow\">\n<p class=\"gb-text gb-text-f7c67059\"><strong>MITOLOG\u00cdA<\/strong><\/p>\n\n\n\n<div><div class=\"gb-looper-78449a06\">\n<div class=\"gb-loop-item post-431 mitologia type-mitologia status-publish format-standard hentry category-sin-categoria\"><h2 style=\"color:#1f4068; font-size:15px;font-style:italic;font-weight:600;\" class=\"has-text-align-center has-link-color wp-elements-30f40bef603667378e96555bc2b7c02a wp-block-post-title has-text-color\"><a href=\"https:\/\/asertivia.com\/index.php\/mitologia\/textos-sobre-misericordia-y-juicio-matices-historicos\/\" target=\"_self\" >Textos sobre misericordia y juicio: matices hist\u00f3ricos<\/a><\/h2>\n\n<div style=\"font-size:12px;\" class=\"has-link-color wp-elements-f976ecd06e7dfc697316b7d0e62c14a9 wp-block-post-excerpt has-text-color has-contrast-2-color\"><p class=\"wp-block-post-excerpt__excerpt\">Los textos sagrados incluyen pasajes que equilibran la misericordia con el juicio, generando reflexiones sobre \u00e9tica, justicia y&hellip;<\/p><p class=\"wp-block-post-excerpt__more-text\"><a class=\"wp-block-post-excerpt__more-link\" href=\"https:\/\/asertivia.com\/index.php\/mitologia\/textos-sobre-misericordia-y-juicio-matices-historicos\/\">SEGUIR LEYENDO&#8230;<\/a><\/p><\/div><\/div>\n\n<div class=\"gb-loop-item post-430 mitologia type-mitologia status-publish format-standard hentry category-sin-categoria\"><h2 style=\"color:#1f4068; font-size:15px;font-style:italic;font-weight:600;\" class=\"has-text-align-center has-link-color wp-elements-30f40bef603667378e96555bc2b7c02a wp-block-post-title has-text-color\"><a href=\"https:\/\/asertivia.com\/index.php\/mitologia\/versiculos-sobre-liderazgo-y-responsabilidad-interpretacion-cautelosa\/\" target=\"_self\" >Vers\u00edculos sobre liderazgo y responsabilidad: interpretaci\u00f3n cautelosa<\/a><\/h2>\n\n<div style=\"font-size:12px;\" class=\"has-link-color wp-elements-f976ecd06e7dfc697316b7d0e62c14a9 wp-block-post-excerpt has-text-color has-contrast-2-color\"><p class=\"wp-block-post-excerpt__excerpt\">Los textos sagrados presentan vers\u00edculos que abordan el liderazgo, la autoridad y la responsabilidad de quienes gu\u00edan a&hellip;<\/p><p class=\"wp-block-post-excerpt__more-text\"><a class=\"wp-block-post-excerpt__more-link\" href=\"https:\/\/asertivia.com\/index.php\/mitologia\/versiculos-sobre-liderazgo-y-responsabilidad-interpretacion-cautelosa\/\">SEGUIR LEYENDO&#8230;<\/a><\/p><\/div><\/div>\n<\/div><\/div>\n<\/div>\n\n\n\n<div class=\"wp-block-column is-vertically-aligned-top is-layout-flow wp-block-column-is-layout-flow\">\n<p class=\"gb-text gb-text-8709660e\"><strong>BESTIARIO<\/strong><\/p>\n\n\n\n<div><div class=\"gb-looper-b7f8a662\">\n<div class=\"gb-loop-item post-358 bestiario type-bestiario status-publish format-standard has-post-thumbnail hentry category-sin-categoria\"><h2 style=\"color:#1f4068; font-size:15px;font-style:italic;font-weight:600;\" class=\"has-text-align-center has-link-color wp-elements-30f40bef603667378e96555bc2b7c02a wp-block-post-title has-text-color\"><a href=\"https:\/\/asertivia.com\/index.php\/bestiario\/centauros-del-bosque-equilibrio-y-sabiduria-ancestral\/\" target=\"_self\" >Centauros del bosque: equilibrio y sabidur\u00eda ancestral<\/a><\/h2>\n\n<div style=\"font-size:12px;\" class=\"has-link-color wp-elements-f976ecd06e7dfc697316b7d0e62c14a9 wp-block-post-excerpt has-text-color has-contrast-2-color\"><p class=\"wp-block-post-excerpt__excerpt\">En los senderos donde el bosque se vuelve escuela y el tiempo camina despacio, los centauros del bosque&hellip;<\/p><p class=\"wp-block-post-excerpt__more-text\"><a class=\"wp-block-post-excerpt__more-link\" href=\"https:\/\/asertivia.com\/index.php\/bestiario\/centauros-del-bosque-equilibrio-y-sabiduria-ancestral\/\">SEGUIR LEYENDO&#8230;<\/a><\/p><\/div><\/div>\n\n<div class=\"gb-loop-item post-357 bestiario type-bestiario status-publish format-standard has-post-thumbnail hentry category-sin-categoria\"><h2 style=\"color:#1f4068; font-size:15px;font-style:italic;font-weight:600;\" class=\"has-text-align-center has-link-color wp-elements-30f40bef603667378e96555bc2b7c02a wp-block-post-title has-text-color\"><a href=\"https:\/\/asertivia.com\/index.php\/bestiario\/grifos-dorados-vigilancia-y-lecciones-de-coraje\/\" target=\"_self\" >Grifos dorados: vigilancia y lecciones de coraje<\/a><\/h2>\n\n<div style=\"font-size:12px;\" class=\"has-link-color wp-elements-f976ecd06e7dfc697316b7d0e62c14a9 wp-block-post-excerpt has-text-color has-contrast-2-color\"><p class=\"wp-block-post-excerpt__excerpt\">En las alturas donde el viento pule la piedra y el horizonte se abre sin concesiones, los grifos&hellip;<\/p><p class=\"wp-block-post-excerpt__more-text\"><a class=\"wp-block-post-excerpt__more-link\" href=\"https:\/\/asertivia.com\/index.php\/bestiario\/grifos-dorados-vigilancia-y-lecciones-de-coraje\/\">SEGUIR LEYENDO&#8230;<\/a><\/p><\/div><\/div>\n<\/div><\/div>\n<\/div>\n<\/div>\n\n\n\n<hr class=\"wp-block-separator has-alpha-channel-opacity has-background is-style-wide\"\/>\n","protected":false},"excerpt":{"rendered":"<p>\u00abUna mirada diferente sobre la realidad que vivimos\u00ab Somos un espacio editorial independiente que no pretende analizar la actualidad informativa. Pretende divulgar, entretener, promover y difundir contenidos eminentemente culturales y &#8230; <\/p>\n<p class=\"read-more-container\"><a title=\"PORTADA\" class=\"read-more button\" href=\"https:\/\/asertivia.com\/#more-16\" aria-label=\"Leer m\u00e1s sobre PORTADA\">Leer m\u00e1s<\/a><\/p>\n","protected":false},"author":1,"featured_media":0,"parent":0,"menu_order":1,"comment_status":"closed","ping_status":"closed","template":"","meta":{"_acf_changed":false,"_subtitulo":"","_autor":"","_entradilla":"","_cita_destacada":"","_contacto":"","_email":"","_web":"","_youtube":"","_instagram":"","_twitter":"","_facebook":"","_template_type":"","_template_name":"","_pipeline_version":"","_block_count":"","_design_tokens":"","_seo_title":"","_seo_description":"","footnotes":"","_cpt_subtitle":"","_cpt_featured_quote":"","_cpt_synopsis":"","_cpt_summary":""},"class_list":["post-16","page","type-page","status-publish"],"acf":[],"_hostinger_reach_plugin_has_subscription_block":false,"_hostinger_reach_plugin_is_elementor":false,"_links":{"self":[{"href":"https:\/\/asertivia.com\/index.php\/wp-json\/wp\/v2\/pages\/16","targetHints":{"allow":["GET"]}}],"collection":[{"href":"https:\/\/asertivia.com\/index.php\/wp-json\/wp\/v2\/pages"}],"about":[{"href":"https:\/\/asertivia.com\/index.php\/wp-json\/wp\/v2\/types\/page"}],"author":[{"embeddable":true,"href":"https:\/\/asertivia.com\/index.php\/wp-json\/wp\/v2\/users\/1"}],"replies":[{"embeddable":true,"href":"https:\/\/asertivia.com\/index.php\/wp-json\/wp\/v2\/comments?post=16"}],"version-history":[{"count":3,"href":"https:\/\/asertivia.com\/index.php\/wp-json\/wp\/v2\/pages\/16\/revisions"}],"predecessor-version":[{"id":25146,"href":"https:\/\/asertivia.com\/index.php\/wp-json\/wp\/v2\/pages\/16\/revisions\/25146"}],"wp:attachment":[{"href":"https:\/\/asertivia.com\/index.php\/wp-json\/wp\/v2\/media?parent=16"}],"curies":[{"name":"wp","href":"https:\/\/api.w.org\/{rel}","templated":true}]}}